{"id":3524,"date":"2023-10-06T00:19:24","date_gmt":"2023-10-05T22:19:24","guid":{"rendered":"https:\/\/warchildhood.org\/ba\/?page_id=3524"},"modified":"2025-01-15T11:57:04","modified_gmt":"2025-01-15T10:57:04","slug":"edukativni-resursni-centar-mrd","status":"publish","type":"page","link":"https:\/\/warchildhood.org\/ba\/edukativni-resursni-centar-mrd\/","title":{"rendered":"Edukativni resursni centar MRD-a"},"content":{"rendered":"[vc_row type=&#8221;full_width_content&#8221; full_screen_row_position=&#8221;middle&#8221; column_margin=&#8221;default&#8221; equal_height=&#8221;yes&#8221; content_placement=&#8221;middle&#8221; column_direction=&#8221;default&#8221; column_direction_tablet=&#8221;default&#8221; column_direction_phone=&#8221;default&#8221; scene_position=&#8221;center&#8221; text_color=&#8221;dark&#8221; text_align=&#8221;left&#8221; row_border_radius=&#8221;none&#8221; row_border_radius_applies=&#8221;bg&#8221; overlay_strength=&#8221;0.3&#8243; gradient_direction=&#8221;left_to_right&#8221; shape_divider_position=&#8221;bottom&#8221; bg_image_animation=&#8221;none&#8221; shape_type=&#8221;&#8221;][vc_column column_padding=&#8221;no-extra-padding&#8221; column_padding_tablet=&#8221;inherit&#8221; column_padding_phone=&#8221;inherit&#8221; column_padding_position=&#8221;all&#8221; column_element_spacing=&#8221;default&#8221; background_color_opacity=&#8221;1&#8243; background_hover_color_opacity=&#8221;1&#8243; column_shadow=&#8221;none&#8221; column_border_radius=&#8221;none&#8221; column_link_target=&#8221;_self&#8221; zindex=&#8221;100&#8243; gradient_direction=&#8221;left_to_right&#8221; overlay_strength=&#8221;0.3&#8243; width=&#8221;5\/12&#8243; tablet_width_inherit=&#8221;default&#8221; tablet_text_alignment=&#8221;default&#8221; phone_text_alignment=&#8221;default&#8221; bg_image_animation=&#8221;none&#8221; border_type=&#8221;simple&#8221; column_border_width=&#8221;none&#8221; column_border_style=&#8221;solid&#8221;][vc_row_inner column_margin=&#8221;default&#8221; column_direction=&#8221;default&#8221; column_direction_tablet=&#8221;default&#8221; column_direction_phone=&#8221;default&#8221; text_align=&#8221;left&#8221;][vc_column_inner column_padding=&#8221;no-extra-padding&#8221; column_padding_tablet=&#8221;inherit&#8221; column_padding_phone=&#8221;inherit&#8221; column_padding_position=&#8221;all&#8221; top_margin=&#8221;-100px&#8221; bottom_margin=&#8221;-100px&#8221; top_margin_tablet=&#8221;0&#8243; bottom_margin_tablet=&#8221;0&#8243; top_margin_phone=&#8221;0&#8243; bottom_margin_phone=&#8221;0&#8243; column_element_spacing=&#8221;default&#8221; background_color_opacity=&#8221;1&#8243; background_hover_color_opacity=&#8221;1&#8243; column_shadow=&#8221;none&#8221; column_border_radius=&#8221;none&#8221; column_link_target=&#8221;_self&#8221; gradient_direction=&#8221;left_to_right&#8221; overlay_strength=&#8221;0.3&#8243; width=&#8221;1\/1&#8243; tablet_width_inherit=&#8221;default&#8221; bg_image_animation=&#8221;none&#8221; border_type=&#8221;simple&#8221; column_border_width=&#8221;none&#8221; column_border_style=&#8221;solid&#8221;][image_with_animation image_url=&#8221;3529&#8243; animation=&#8221;ro-reveal-from-left&#8221; hover_animation=&#8221;none&#8221; alignment=&#8221;&#8221; border_radius=&#8221;none&#8221; image_loading=&#8221;default&#8221; max_width=&#8221;125%&#8221; max_width_mobile=&#8221;default&#8221; margin_top=&#8221;25%&#8221; margin_bottom=&#8221;25%&#8221; margin_top_tablet=&#8221;0px&#8221; margin_bottom_tablet=&#8221;0px&#8221; margin_top_phone=&#8221;0px&#8221; margin_bottom_phone=&#8221;0px&#8221;][\/vc_column_inner][\/vc_row_inner][\/vc_column][vc_column column_padding=&#8221;padding-12-percent&#8221; column_padding_tablet=&#8221;inherit&#8221; column_padding_phone=&#8221;inherit&#8221; column_padding_position=&#8221;all&#8221; column_element_spacing=&#8221;default&#8221; background_color_opacity=&#8221;1&#8243; background_hover_color_opacity=&#8221;1&#8243; column_shadow=&#8221;none&#8221; column_border_radius=&#8221;none&#8221; column_link_target=&#8221;_self&#8221; color_overlay=&#8221;rgba(235,186,239,0.24)&#8221; color_overlay_2=&#8221;rgba(136,57,214,0.42)&#8221; gradient_direction=&#8221;left_t_to_right_b&#8221; overlay_strength=&#8221;0.3&#8243; width=&#8221;7\/12&#8243; tablet_width_inherit=&#8221;default&#8221; tablet_text_alignment=&#8221;default&#8221; phone_text_alignment=&#8221;default&#8221; bg_image_animation=&#8221;none&#8221; border_type=&#8221;simple&#8221; column_border_width=&#8221;none&#8221; column_border_style=&#8221;solid&#8221; translate_y=&#8221;20px&#8221; translate_x=&#8221;10%&#8221; translate_y_tablet=&#8221;30px&#8221; translate_x_tablet=&#8221;0px&#8221; translate_x_phone=&#8221;nonw&#8221;][vc_row_inner column_margin=&#8221;default&#8221; column_direction=&#8221;default&#8221; column_direction_tablet=&#8221;default&#8221; column_direction_phone=&#8221;default&#8221; translate_x=&#8221;15%&#8221; translate_x_tablet=&#8221;0%&#8221; translate_x_phone=&#8221;0%&#8221; text_align=&#8221;left&#8221;][vc_column_inner column_padding=&#8221;no-extra-padding&#8221; column_padding_tablet=&#8221;inherit&#8221; column_padding_phone=&#8221;inherit&#8221; column_padding_position=&#8221;all&#8221; column_element_spacing=&#8221;default&#8221; background_color_opacity=&#8221;1&#8243; background_hover_color_opacity=&#8221;1&#8243; column_shadow=&#8221;none&#8221; column_border_radius=&#8221;none&#8221; column_link_target=&#8221;_self&#8221; gradient_direction=&#8221;left_to_right&#8221; overlay_strength=&#8221;0.3&#8243; width=&#8221;1\/1&#8243; tablet_width_inherit=&#8221;default&#8221; bg_image_animation=&#8221;none&#8221; border_type=&#8221;simple&#8221; column_border_width=&#8221;none&#8221; column_border_style=&#8221;solid&#8221;][vc_column_text css_animation=&#8221;none&#8221; css=&#8221;.vc_custom_1733824950433{margin-bottom: 40px !important;}&#8221; max_width=&#8221;550&#8243;]\n<h2>Dobro do\u0161li u Edukativni resursni centar Muzeja ratnog djetinjstva<\/h2>\n[\/vc_column_text][vc_column_text css_animation=&#8221;none&#8221; css=&#8221;.vc_custom_1696545801135{margin-bottom: 40px !important;}&#8221; max_width=&#8221;550&#8243;]\n<ol>\n<li>Pregledajte na\u0161e planove aktivnosti i na\u0111ite ne\u0161to \u0161to odgovara va\u0161im ciljevima i potrebama.<\/li>\n<li>Preuzmite sve potrebne materijale i vodi\u010d koji vas korak po korak vodi kroz implementaciju aktivnosti.<\/li>\n<li>Implementirajte aktivnosti samostalno ili uz podr\u0161ku edukatorica MRD.<\/li>\n<li>Javite nam kako je pro\u0161la implementacija i budite istaknuti na na\u0161im web-stranicama.<\/li>\n<\/ol>\n[\/vc_column_text][nectar_cta btn_style=&#8221;arrow-animation&#8221; heading_tag=&#8221;h5&#8243; text_color=&#8221;#000000&#8243; button_color=&#8221;default&#8221; link_type=&#8221;regular&#8221; alignment=&#8221;left&#8221; alignment_tablet=&#8221;default&#8221; alignment_phone=&#8221;default&#8221; display=&#8221;block&#8221; link_text=&#8221;\u0160ta mogu prona\u0107i u Edukativnom resursnom centru MRD-a?&#8221; url=&#8221;#123&#8243;][\/vc_column_inner][\/vc_row_inner][\/vc_column][\/vc_row][vc_row type=&#8221;full_width_background&#8221; full_screen_row_position=&#8221;middle&#8221; column_margin=&#8221;default&#8221; column_direction=&#8221;default&#8221; column_direction_tablet=&#8221;default&#8221; column_direction_phone=&#8221;default&#8221; scene_position=&#8221;center&#8221; top_padding=&#8221;20&#8243; bottom_padding=&#8221;30&#8243; text_color=&#8221;dark&#8221; text_align=&#8221;left&#8221; row_border_radius=&#8221;none&#8221; row_border_radius_applies=&#8221;bg&#8221; id=&#8221;123&#8243; enable_gradient=&#8221;true&#8221; color_overlay=&#8221;#ae5ebc&#8221; color_overlay_2=&#8221;#fff2f2&#8243; overlay_strength=&#8221;0.3&#8243; gradient_direction=&#8221;left_b_to_right_t&#8221; enable_shape_divider=&#8221;true&#8221; shape_divider_position=&#8221;bottom&#8221; bg_image_animation=&#8221;none&#8221; shape_type=&#8221;tilt_alt&#8221;][vc_column column_padding=&#8221;no-extra-padding&#8221; column_padding_tablet=&#8221;inherit&#8221; column_padding_phone=&#8221;inherit&#8221; column_padding_position=&#8221;all&#8221; column_element_spacing=&#8221;default&#8221; background_color_opacity=&#8221;1&#8243; background_hover_color_opacity=&#8221;1&#8243; column_shadow=&#8221;none&#8221; column_border_radius=&#8221;none&#8221; column_link_target=&#8221;_self&#8221; gradient_direction=&#8221;left_to_right&#8221; overlay_strength=&#8221;0.3&#8243; width=&#8221;1\/1&#8243; tablet_width_inherit=&#8221;default&#8221; tablet_text_alignment=&#8221;default&#8221; phone_text_alignment=&#8221;default&#8221; bg_image_animation=&#8221;none&#8221; border_type=&#8221;simple&#8221; column_border_width=&#8221;none&#8221; column_border_style=&#8221;solid&#8221;][toggles style=&#8221;minimal&#8221;][toggle color=&#8221;Extra-Color-3&#8243; title=&#8221;\u0160ta mogu prona\u0107i u Edukativnom resursnom centru MRD-a?&#8221;][vc_column_text]<span style=\"font-weight: 400;\">Pored nekih osnovnih informacija, ovaj edukativni centar sadr\u017ei eksponate koji su dio velike kolekcije eksponata i videosvjedo\u010denja Muzeja ratnog djetinjstva (MRD), ali i predlo\u017eene planove aktivnosti koji su temeljeni na ovim eksponatima. Odabrani eksponati su raznoliki, od dnevni\u010dkih zapisa, preko pisama, do predmeta koji su djeci pru\u017eali utjehu u ratu. Poput eksponata, i predlo\u017eeni planovi aktivnosti su raznoliki.<\/span><\/p>\n<p><span style=\"font-weight: 400;\">Ve\u0107inu planova aktivnosti kreirali su eksperti za obrazovanje povezani sa Muzejom ratnog djetinjstva i partneri Muzeja. Tu je tako\u0111er i odjeljak &#8220;edukatorice za edukatorice&#8221;, koji su skup planova aktivnosti koje su razvili edukatori i nastavnici iz cijelog svijeta za druge edukatorice i nastavnice.<\/span><\/p>\n<p><span style=\"font-weight: 400;\"><strong>Edukativni resursni centar MRD-a nije zami\u0161ljen kao gotov proizvod.<\/strong> Bi\u0107e konstantno a\u017euriran: novi planovi aktivnosti bit \u0107e pravljeni s vremena na vrijeme, na osnovu novih eksponata u kolekciji MRD-a, va\u0161ih utisaka o planovima aktivnosti i njihovom kori\u0161tenju, te doga\u0111aja u svijetu.<\/span>[\/vc_column_text][\/toggle][toggle color=&#8221;Extra-Color-3&#8243; title=&#8221;Kome su namijenjeni ovi materijali?&#8221;][vc_column_text]Edukativni resursni centar MRD-a primarno je namjenjen nastavnicima\/nicama i edukatorima\/icama u osnovnim i srednjim \u0161kolama, \u0161irom svijeta. Bilo da imaju mnogo iskustva ili ne, ovaj edukativni materijal \u0107e im pomo\u0107i kao izvor i prijedlog planova aktivnosti koje mogu realizovati sa u\u010denicima.<\/p>\n<p>Sadr\u017eaj Centra je sa\u017eet i pristupa\u010dan, te usmjeren na svakodnevnu praksu nastavnika\/ca i edukatora\/ica. Resursi koji se nalaze u centru za mirovnu edukaciju korisni su za nastavnike historije i gra\u0111anskog vaspitanja, ali i za nastavnike iz oblasti drugih humanisti\u010dkih i dru\u0161tevnih nauka, te umjetnosti i geografije.<\/p>\n<p>Edukativni materijali su bazirani na predmetima koji se ti\u010du konflikata \u0161irom svijeta, \u0161to ih pribli\u017eava svim u\u010desnicima\/cama, te ovim materijalima daje potencijal za globalni doseg. Predlo\u017eene aktivnosti su namijenjene svim edukatorima\/icama u formalnom ili neformalnom obrazovanju.<\/p>\n<p>Nadamo se da \u0107e planovi aktivnosti i materijali dostupni u Edukativnom resursnom centru MRD-a pomo\u0107i nastavnicama i edukatoricama iz razli\u010ditih oblasti da ostvare svoje ciljeve.[\/vc_column_text][\/toggle][toggle color=&#8221;Extra-Color-3&#8243; title=&#8221;Vrste aktivnosti&#8221;][vc_column_text]Iako je polazna ta\u010dka ovog obrazovnog alata u\u010denje bazirano na predmetima (eksponatima), aktivnosti predlo\u017eene na web stranici zna\u010dajno variraju. Ipak, sve su povezane s prakti\u010dnom nastavom u naj\u0161irem smislu te rije\u010di. Tu su, naprimjer, predlo\u017eene aktivnosti koje uklju\u010duju rad na izradi vremenskih linija, sprovo\u0111enje istra\u017eivanja od strane u\u010denika, vo\u0111enje dnevnika, dramsku pedagogiju, kooperativno u\u010denje, diskusiju i debatu, izradu video sadr\u017eaja, intervjuiranje roditelja i \u010dlanova zajednice, itd. Za one sa manje iskustva u ovakvim metodologijama, postoje linkovi za dodatno u\u010denje o njima.<\/p>\n<p>Nastavnici i edukatori mogu odabrati i koristiti ponu\u0111ene materijale i planove aktivnosti na na\u010din koji se uklapa u ono kako ve\u0107 predaju o ratu i sukobima. Svaki plan aktivnosti mo\u017ee se koristiti izolirano ili kao serija aktivnosti koje zajedno pru\u017eaju vi\u0161e uvida u sukob i rat, posebno iskustva djece u vezi sa sukobom i ratom.[\/vc_column_text][\/toggle][toggle color=&#8221;Extra-Color-3&#8243; title=&#8221;\u0160ta je u\u010denje temeljeno na predmetima?&#8221;][vc_column_text]U\u010denje temeljeno na predmetima (<em>object-based learning<\/em>) mo\u017ee se definirati kao oblik aktivnog i iskustvenog u\u010denja koji od u\u010denika tra\u017ei interakciju s umjetni\u010dkim djelima, artefaktima, arhivskim materijalima ili digitalnim prikazima jedinstvenih predmeta u svrhu obrazovanja. Ovaj tip u\u010denja nadma\u0161uje tradicionalne metode jer zahtijeva da u\u010denici promatraju prave ili virtualne predmete, rade s njima, i kroz ove interakcije razmatraju razli\u010dita pitanja.<\/p>\n<p>Prednosti u\u010denja temeljenog na predmetima:<\/p>\n<ol>\n<li>Pru\u017eanje direktnog vizualnog povezivanja sa temom ili historijskim doga\u0111ajima, \u0161to poma\u017ee u\u010denicima da dovedu u vezu predmete sa doga\u0111ajima, mislima i emocijama.<\/li>\n<li>Prezentiranje informacija koje su \u010desto manje apstraktne i shvatljivije u\u010denicima.<\/li>\n<li>Poticanje u\u010denika da uklju\u010de vi\u0161e \u010dula, posebno dodir, vid i miris, \u0161to rezultira sveobuhvatnijim iskustvom u\u010denja.<\/li>\n<li>Stimuliranje razli\u010ditih formi interaktivnog u\u010denja.<\/li>\n<li>Pomaganje u\u010denicima da se koncentri\u0161u na jedan ili vi\u0161e predmeta, omogu\u0107avanje dubljeg razumijevanje vi\u0161eslojnih pri\u010da povezanih sa predmetom, uklju\u010divanje kreatora, korisnika i vlasnika predmeta.<\/li>\n<li>Pru\u017eanje idealne prilike za podsticanje grupnih diskusija, ilustriraju\u0107i kako razli\u010dite osobe mogu interpretirati predmete iz razli\u010ditih perspektiva.<\/li>\n<\/ol>\n[\/vc_column_text][\/toggle][toggle color=&#8221;Extra-Color-3&#8243; title=&#8221;Nekoliko rije\u010di opreza&#8221;][vc_column_text]Svako obrazovanje o ratu i sukobu mo\u017ee izazvati razli\u010dite emocije. Iako je na\u0161 primarni cilj promovisati razumijevanje i empatiju, te su eksponati i aktivnosti u Edukativnom resursnom centru MRD-a odabrani tako da anga\u017euju mlade ljude na siguran na\u010din, tako\u0111er shvatamo da rad sa eskponatima povezanim s ratom i sukobom mo\u017ee izazvati negativne emocije poput anksioznosti i \u010dak bijesa. Stoga mo\u017ee biti korisno uklju\u010diti \u0161kolske psihologe i socijalne radnike gdje je to potrebno.[\/vc_column_text][\/toggle][toggle color=&#8221;Extra-Color-3&#8243; title=&#8221;Koga mogu kontaktirati ukoliko imam dodatnih pitanja?&#8221;][vc_column_text]Naravno, mogu\u0107e je da imate dodatnih pitanja o kori\u0161tenju ili nakon kori\u0161tenja ponu\u0111enih alata. I mi bismo \u017eeljeli \u010duti o va\u0161im iskustvima s ovim materijalima kako bismo ih mogli pobolj\u0161ati. Javite nam se na education@warchildhood.org.[\/vc_column_text][\/toggle][\/toggles][\/vc_column][\/vc_row][vc_row type=&#8221;in_container&#8221; full_screen_row_position=&#8221;middle&#8221; column_margin=&#8221;default&#8221; column_direction=&#8221;default&#8221; column_direction_tablet=&#8221;default&#8221; column_direction_phone=&#8221;default&#8221; scene_position=&#8221;center&#8221; top_padding=&#8221;4%&#8221; text_color=&#8221;dark&#8221; text_align=&#8221;left&#8221; row_border_radius=&#8221;none&#8221; row_border_radius_applies=&#8221;bg&#8221; overlay_strength=&#8221;0.3&#8243; gradient_direction=&#8221;left_to_right&#8221; shape_divider_position=&#8221;bottom&#8221; bg_image_animation=&#8221;none&#8221; shape_type=&#8221;&#8221;][vc_column column_padding=&#8221;no-extra-padding&#8221; column_padding_tablet=&#8221;inherit&#8221; column_padding_phone=&#8221;inherit&#8221; column_padding_position=&#8221;all&#8221; column_element_spacing=&#8221;default&#8221; background_color_opacity=&#8221;1&#8243; background_hover_color_opacity=&#8221;1&#8243; column_shadow=&#8221;none&#8221; column_border_radius=&#8221;none&#8221; column_link_target=&#8221;_self&#8221; gradient_direction=&#8221;left_to_right&#8221; overlay_strength=&#8221;0.3&#8243; width=&#8221;1\/1&#8243; tablet_width_inherit=&#8221;default&#8221; tablet_text_alignment=&#8221;default&#8221; phone_text_alignment=&#8221;default&#8221; bg_image_animation=&#8221;none&#8221; border_type=&#8221;simple&#8221; column_border_width=&#8221;none&#8221; column_border_style=&#8221;solid&#8221;][heading]BIBLIOTEKA PLANOVA AKTIVNOSTI[\/heading][\/vc_column][\/vc_row][vc_row type=&#8221;in_container&#8221; full_screen_row_position=&#8221;middle&#8221; column_margin=&#8221;default&#8221; column_direction=&#8221;default&#8221; column_direction_tablet=&#8221;default&#8221; column_direction_phone=&#8221;default&#8221; scene_position=&#8221;center&#8221; bottom_padding=&#8221;4%&#8221; text_color=&#8221;dark&#8221; text_align=&#8221;left&#8221; row_border_radius=&#8221;none&#8221; row_border_radius_applies=&#8221;bg&#8221; overlay_strength=&#8221;0.3&#8243; gradient_direction=&#8221;left_to_right&#8221; shape_divider_position=&#8221;bottom&#8221; bg_image_animation=&#8221;none&#8221; shape_type=&#8221;&#8221;][vc_column column_padding=&#8221;no-extra-padding&#8221; column_padding_tablet=&#8221;inherit&#8221; column_padding_phone=&#8221;inherit&#8221; column_padding_position=&#8221;all&#8221; column_element_spacing=&#8221;default&#8221; background_color_opacity=&#8221;1&#8243; background_hover_color_opacity=&#8221;1&#8243; column_shadow=&#8221;none&#8221; column_border_radius=&#8221;none&#8221; column_link_target=&#8221;_self&#8221; gradient_direction=&#8221;left_to_right&#8221; overlay_strength=&#8221;0.3&#8243; width=&#8221;1\/1&#8243; tablet_width_inherit=&#8221;default&#8221; tablet_text_alignment=&#8221;default&#8221; phone_text_alignment=&#8221;default&#8221; bg_image_animation=&#8221;none&#8221; border_type=&#8221;simple&#8221; column_border_width=&#8221;none&#8221; column_border_style=&#8221;solid&#8221;]\t\t\t\t<div class=\"portfolio-filters-inline full-width-section non-fw\" data-alignment=\"default\" data-color-scheme=\"default\">\n\t\t\t\t\t<div class=\"container \">\n\t\t\t\t\t\t <span id=\"current-category\">All<\/span> \t\t\t\t\t\t<ul>\n\t\t\t\t\t\t\t <li id=\"sort-label\">Odaberite:<\/li> \t\t\t\t\t\t\t\t<li><a href=\"#\" data-filter=\"*\">Sve<\/a><\/li>\n\t\t\t\t\t\t\t\t<li><a href=\"#\" data-filter=\".1-x-60\">1 x 60<\/a><\/li>\n<li><a href=\"#\" data-filter=\".edukatori-za-edukatore-2\">Edukatori za edukatore<\/a><\/li>\n<li><a href=\"#\" data-filter=\".general-section\">General Section<\/a><\/li>\n<li><a href=\"#\" data-filter=\".potrebno-vrijeme\">Potrebno vrijeme<\/a><ul class='children'>\n<li><a href=\"#\" data-filter=\".1-45\">1 x 45 minuta<\/a><\/li>\n<li><a href=\"#\" data-filter=\".2-45\">2 x 45 minuta<\/a><\/li>\n<li><a href=\"#\" data-filter=\".3-45\">3 x 45 minuta<\/a><\/li>\n<li><a href=\"#\" data-filter=\".4-45\">4 x 45 minuta<\/a><\/li>\n<li><a href=\"#\" data-filter=\".5-45\">5 x 45 minuta i vi\u0161e<\/a><\/li>\n<\/ul>\n<\/li>\n<li><a href=\"#\" data-filter=\".prema-uzrastu\">Prema Uzrastu <span>Prema Uzrastu<\/span><\/a><ul class='children'>\n<li><a href=\"#\" data-filter=\".10-14\">10-14 godina<\/a><\/li>\n<li><a href=\"#\" data-filter=\".15-18\">15-18 godina<\/a><\/li>\n<li><a href=\"#\" data-filter=\".6-9\">6-9 godina<\/a><\/li>\n<\/ul>\n<\/li>\n\t\t\t\t\t\t\t<\/ul>\n\t\t\t\t\t\t\t<div class=\"clear\"><\/div>\n\t\t\t\t\t\t<\/div>\n\t\t\t\t\t<\/div>\n\t\t\t\t\t\t\t\t\n\t\t\t\t\n\t\t\t\t\n\t\t\t\t<div class=\"portfolio-wrap \">\n\t\t\t\t\t\n\t\t\t\t\t\t\t\t\t\t\n\t\t\t\t\t<span class=\"portfolio-loading  none\">   <\/span>\n\t\t\t\t\t\n\t\t\t\t\t\t\t\t\t\t\n\t\t\t\t\t<div class=\"row portfolio-items no-masonry  \" data-rcp=\"false\" data-masonry-type=\"default\" data-ps=\"9\" data-starting-filter=\"default\" data-gutter=\"default\" data-categories-to-show=\"general-section\" data-bypass-cropping=\"\" data-lightbox-only=\"0\" data-col-num=\"cols-4\">\n\t\t\t\t\t\t\t\t\t\t\t\t\n\t\t\t\t\t\t\t\t\t\t\t\t\n\t\t\t\t\t\t<div class=\"col span_3  element 10-14 15-18 general-section \"  data-project-cat=\"10-14 15-18 general-section \" data-default-color=\"true\" data-title-color=\"\" data-subtitle-color=\"\">\n\t\t\t\t\t\t\t\n\t\t\t\t\t\t\t<div class=\"inner-wrap animated\" data-animation=\"none\">\n\t\t\t\t\t\t\t\t\n\t\t\t\t\t\t\t\t\t\t\t\t\t\t\t\t\t\n\t\t\t\t\t\t\t\t\t<div class=\"work-item style-1\" data-custom-content=\"off\">\n\t\t\t\t\t\t\t\t\t\t\n\t\t\t\t\t\t\t\t\t\t<img decoding=\"async\" class=\"size- skip-lazy\" src=\"https:\/\/warchildhood.org\/ba\/wp-content\/uploads\/2024\/04\/latinska-gramatika-600x403.jpg\" alt=\"\" height=\"403\" width=\"600\" srcset=\"https:\/\/warchildhood.org\/ba\/wp-content\/uploads\/2024\/04\/latinska-gramatika-900x604.jpg 900w, https:\/\/warchildhood.org\/ba\/wp-content\/uploads\/2024\/04\/latinska-gramatika-600x403.jpg 600w, https:\/\/warchildhood.org\/ba\/wp-content\/uploads\/2024\/04\/latinska-gramatika-400x269.jpg 400w\" sizes=\"(min-width: 1000px) 25vw, (min-width: 690px) 50vw, 100vw\" \/>\t\t\t\t\t\t\t\t\t\t\n\t\t\t\t\t\t\t\t\t\t\n\t\t\t\t\t\t\t\t\t\t<div class=\"work-info\"> \n\t\t\t\t\t\t\t\t\t\t\t\n\t\t\t\t\t\t\t\t\t\t\t\n\t\t\t\t\t\t\t\t\t\t\t\t\t\t\t\t\t\t\t\t\t\t\t\n\t\t\t\t\t\t\t\t\t\t\t\t<a href=\"https:\/\/warchildhood.org\/ba\/planovi-aktivnosti\/oziljci-planete-zemlje-ekocid-i-kako-se-s-njim-suociti\/\"><\/a>\n\t\t\t\t\t\t\t\t\t\t\t\t\n\t\t\t\t\t\t\t\t\t\t\t\t\t\t\t\t\t\t\t\t\t\t\n\t\t\t\t\t\t\t\t\t\t\t\n\t\t\t\t\t\t\t\t\t\t<\/div>\n\t\t\t\t\t\t\t\t\t\t\n\t\t\t\t\t\t\t\t\t<\/div><!--work-item-->\n\t\t\t\t\t\t\t\t\t\n\t\t\t\t\t\t\t\t\t<div class=\"work-meta\">\n\t\t\t\t\t\t\t\t\t\t<h4 class=\"title\">O\u017eiljci planete Zemlje: Ekocid i kako se s njim suo\u010diti<\/h4>\n\t\t\t\t\t\t\t\t\t\t\n\t\t\t\t\t\t\t\t\t\t<p><b>Glavna starosna grupa: 14-16<\/b><p><\/p>Fokus \u010dasa je na tragovima koje ljudsko djelovanje ostavlja na prirodi. Neki od njih uzrokuju nepopravljivu \u0161tetu koja je u rangu sa tzv. ekocidom. Nakon generalnog promi\u0161ljanja o ovom pitanju, aktivnosti su fokusirane na inspirisanje u\u010denika da aktivno djeluju za ekolo\u0161ku pravdu i identifikuju ljude i organizacije u njihovoj blizini koji rade na pitanjima \u017eivotne sredine kako bi se i oni mogli uklju\u010diti.<\/p>\t\t\t\t\t\t\t\t\t\t\n\t\t\t\t\t\t\t\t\t<\/div>\n\t\t\t\t\t\t\t\t\t\n\t\t\t\t\t\t\t\t\t\n\t\t\t\t\t\t\t\t\t\t\t\t\t\t\t\t\n\t\t\t\t\t\t\t\t\n\t\t\t\t\t\t\t<\/div><!--\/inner-wrap-->\n\t\t\t\t\t\t<\/div><!--\/col-->\n\t\t\t\t\t\t\n\t\t\t\t\t\t\t\t\t\t\t\n\t\t\t\t\t\t\t\t\t\t\t\t\n\t\t\t\t\t\t<div class=\"col span_3  element 15-18 general-section \"  data-project-cat=\"15-18 general-section \" data-default-color=\"true\" data-title-color=\"\" data-subtitle-color=\"\">\n\t\t\t\t\t\t\t\n\t\t\t\t\t\t\t<div class=\"inner-wrap animated\" data-animation=\"none\">\n\t\t\t\t\t\t\t\t\n\t\t\t\t\t\t\t\t\t\t\t\t\t\t\t\t\t\n\t\t\t\t\t\t\t\t\t<div class=\"work-item style-1\" data-custom-content=\"off\">\n\t\t\t\t\t\t\t\t\t\t\n\t\t\t\t\t\t\t\t\t\t<img decoding=\"async\" class=\"size- skip-lazy\" src=\"https:\/\/warchildhood.org\/ba\/wp-content\/uploads\/2024\/07\/I-Repair-Sashas-Home-Popravljam-Sashin-dom-e1721981600167-600x403.jpg\" alt=\"\" height=\"403\" width=\"600\" srcset=\"https:\/\/warchildhood.org\/ba\/wp-content\/uploads\/2024\/07\/I-Repair-Sashas-Home-Popravljam-Sashin-dom-e1721981600167-900x604.jpg 900w, https:\/\/warchildhood.org\/ba\/wp-content\/uploads\/2024\/07\/I-Repair-Sashas-Home-Popravljam-Sashin-dom-e1721981600167-600x403.jpg 600w, https:\/\/warchildhood.org\/ba\/wp-content\/uploads\/2024\/07\/I-Repair-Sashas-Home-Popravljam-Sashin-dom-e1721981600167-400x269.jpg 400w\" sizes=\"(min-width: 1000px) 25vw, (min-width: 690px) 50vw, 100vw\" \/>\t\t\t\t\t\t\t\t\t\t\n\t\t\t\t\t\t\t\t\t\t\n\t\t\t\t\t\t\t\t\t\t<div class=\"work-info\"> \n\t\t\t\t\t\t\t\t\t\t\t\n\t\t\t\t\t\t\t\t\t\t\t\n\t\t\t\t\t\t\t\t\t\t\t\t\t\t\t\t\t\t\t\t\t\t\t\n\t\t\t\t\t\t\t\t\t\t\t\t<a href=\"https:\/\/warchildhood.org\/ba\/planovi-aktivnosti\/nasa-kuca-u-plamenu-divlji-pozari-i-klimatske-promjene\/\"><\/a>\n\t\t\t\t\t\t\t\t\t\t\t\t\n\t\t\t\t\t\t\t\t\t\t\t\t\t\t\t\t\t\t\t\t\t\t\n\t\t\t\t\t\t\t\t\t\t\t\n\t\t\t\t\t\t\t\t\t\t<\/div>\n\t\t\t\t\t\t\t\t\t\t\n\t\t\t\t\t\t\t\t\t<\/div><!--work-item-->\n\t\t\t\t\t\t\t\t\t\n\t\t\t\t\t\t\t\t\t<div class=\"work-meta\">\n\t\t\t\t\t\t\t\t\t\t<h4 class=\"title\">Na\u0161a ku\u0107a u plamenu &#8211; Divlji po\u017eari i klimatske promjene<\/h4>\n\t\t\t\t\t\t\t\t\t\t\n\t\t\t\t\t\t\t\t\t\t<p><b>Glavna starosna grupa: 15-17<\/b><p><\/p>U\u010denici razmi\u0161ljaju o vezi izme\u0111u divljih po\u017eara, klimatskih promjena i ranjivosti ljudske populacije, flore i faune pogo\u0111ene ovim de\u0161avanjima.<\/p>\t\t\t\t\t\t\t\t\t\t\n\t\t\t\t\t\t\t\t\t<\/div>\n\t\t\t\t\t\t\t\t\t\n\t\t\t\t\t\t\t\t\t\n\t\t\t\t\t\t\t\t\t\t\t\t\t\t\t\t\n\t\t\t\t\t\t\t\t\n\t\t\t\t\t\t\t<\/div><!--\/inner-wrap-->\n\t\t\t\t\t\t<\/div><!--\/col-->\n\t\t\t\t\t\t\n\t\t\t\t\t\t\t\t\t\t\t\n\t\t\t\t\t\t\t\t\t\t\t\t\n\t\t\t\t\t\t<div class=\"col span_3  element 1-x-60 6-9 general-section potrebno-vrijeme \"  data-project-cat=\"1-x-60 6-9 general-section potrebno-vrijeme \" data-default-color=\"true\" data-title-color=\"\" data-subtitle-color=\"\">\n\t\t\t\t\t\t\t\n\t\t\t\t\t\t\t<div class=\"inner-wrap animated\" data-animation=\"none\">\n\t\t\t\t\t\t\t\t\n\t\t\t\t\t\t\t\t\t\t\t\t\t\t\t\t\t\n\t\t\t\t\t\t\t\t\t<div class=\"work-item style-1\" data-custom-content=\"off\">\n\t\t\t\t\t\t\t\t\t\t\n\t\t\t\t\t\t\t\t\t\t<img decoding=\"async\" class=\"size- skip-lazy\" src=\"https:\/\/warchildhood.org\/ba\/wp-content\/uploads\/2024\/12\/item-600x403.png\" alt=\"\" height=\"403\" width=\"600\" srcset=\"https:\/\/warchildhood.org\/ba\/wp-content\/uploads\/2024\/12\/item-600x403.png 600w, https:\/\/warchildhood.org\/ba\/wp-content\/uploads\/2024\/12\/item-400x269.png 400w\" sizes=\"(min-width: 1000px) 25vw, (min-width: 690px) 50vw, 100vw\" \/>\t\t\t\t\t\t\t\t\t\t\n\t\t\t\t\t\t\t\t\t\t\n\t\t\t\t\t\t\t\t\t\t<div class=\"work-info\"> \n\t\t\t\t\t\t\t\t\t\t\t\n\t\t\t\t\t\t\t\t\t\t\t\n\t\t\t\t\t\t\t\t\t\t\t\t\t\t\t\t\t\t\t\t\t\t\t\n\t\t\t\t\t\t\t\t\t\t\t\t<a href=\"https:\/\/warchildhood.org\/ba\/planovi-aktivnosti\/marwini-kljucevi\/\"><\/a>\n\t\t\t\t\t\t\t\t\t\t\t\t\n\t\t\t\t\t\t\t\t\t\t\t\t\t\t\t\t\t\t\t\t\t\t\n\t\t\t\t\t\t\t\t\t\t\t\n\t\t\t\t\t\t\t\t\t\t<\/div>\n\t\t\t\t\t\t\t\t\t\t\n\t\t\t\t\t\t\t\t\t<\/div><!--work-item-->\n\t\t\t\t\t\t\t\t\t\n\t\t\t\t\t\t\t\t\t<div class=\"work-meta\">\n\t\t\t\t\t\t\t\t\t\t<h4 class=\"title\">Marwini klju\u010devi<\/h4>\n\t\t\t\t\t\t\t\t\t\t\n\t\t\t\t\t\t\t\t\t\t<p><b>Glavna starosna grupa: 7-8 <\/b><p><\/p> U\u010denici saznaju pri\u010du o iskustvu djevoj\u010dice izbjeglice koja je izgubila dom i osje\u0107ala se nepo\u017eeljnom u novoj zemlji. Potom razmi\u0161ljaju o na\u010dinima da djetetu u sli\u010dnoj ili istoj poziciji koje bi se jednog dana moglo pridru\u017eiti njihovoj \u0161koli pomognu da se osje\u0107a prihva\u0107enije i dobrodo\u0161lo, te da identificiraju odrasle osobe koje bi mogle pru\u017eiti dalju podr\u0161ku tom djetetu i njegovoj porodici.<\/p>\t\t\t\t\t\t\t\t\t\t\n\t\t\t\t\t\t\t\t\t<\/div>\n\t\t\t\t\t\t\t\t\t\n\t\t\t\t\t\t\t\t\t\n\t\t\t\t\t\t\t\t\t\t\t\t\t\t\t\t\n\t\t\t\t\t\t\t\t\n\t\t\t\t\t\t\t<\/div><!--\/inner-wrap-->\n\t\t\t\t\t\t<\/div><!--\/col-->\n\t\t\t\t\t\t\n\t\t\t\t\t\t\t\t\t\t\t\n\t\t\t\t\t\t\t\t\t\t\t\t\n\t\t\t\t\t\t<div class=\"col span_3  element 1-x-60 6-9 general-section potrebno-vrijeme \"  data-project-cat=\"1-x-60 6-9 general-section potrebno-vrijeme \" data-default-color=\"true\" data-title-color=\"\" data-subtitle-color=\"\">\n\t\t\t\t\t\t\t\n\t\t\t\t\t\t\t<div class=\"inner-wrap animated\" data-animation=\"none\">\n\t\t\t\t\t\t\t\t\n\t\t\t\t\t\t\t\t\t\t\t\t\t\t\t\t\t\n\t\t\t\t\t\t\t\t\t<div class=\"work-item style-1\" data-custom-content=\"off\">\n\t\t\t\t\t\t\t\t\t\t\n\t\t\t\t\t\t\t\t\t\t<img decoding=\"async\" class=\"size- skip-lazy\" src=\"https:\/\/warchildhood.org\/ba\/wp-content\/uploads\/2024\/11\/apple.jpg\" alt=\"\" height=\"\" width=\"\" srcset=\"https:\/\/warchildhood.org\/ba\/wp-content\/uploads\/2024\/11\/apple.jpg 600w, https:\/\/warchildhood.org\/ba\/wp-content\/uploads\/2024\/11\/apple-400x269.jpg 400w\" sizes=\"(min-width: 1000px) 25vw, (min-width: 690px) 50vw, 100vw\" \/>\t\t\t\t\t\t\t\t\t\t\n\t\t\t\t\t\t\t\t\t\t\n\t\t\t\t\t\t\t\t\t\t<div class=\"work-info\"> \n\t\t\t\t\t\t\t\t\t\t\t\n\t\t\t\t\t\t\t\t\t\t\t\n\t\t\t\t\t\t\t\t\t\t\t\t\t\t\t\t\t\t\t\t\t\t\t\n\t\t\t\t\t\t\t\t\t\t\t\t<a href=\"https:\/\/warchildhood.org\/ba\/planovi-aktivnosti\/gladno-putovanje\/\"><\/a>\n\t\t\t\t\t\t\t\t\t\t\t\t\n\t\t\t\t\t\t\t\t\t\t\t\t\t\t\t\t\t\t\t\t\t\t\n\t\t\t\t\t\t\t\t\t\t\t\n\t\t\t\t\t\t\t\t\t\t<\/div>\n\t\t\t\t\t\t\t\t\t\t\n\t\t\t\t\t\t\t\t\t<\/div><!--work-item-->\n\t\t\t\t\t\t\t\t\t\n\t\t\t\t\t\t\t\t\t<div class=\"work-meta\">\n\t\t\t\t\t\t\t\t\t\t<h4 class=\"title\">Gladno putovanje<\/h4>\n\t\t\t\t\t\t\t\t\t\t\n\t\t\t\t\t\t\t\t\t\t<p><b>Glavna starosna grupa: 8-9 <\/b><p><\/p> Djeca u\u010de o broju odraslih i djece koja su pogo\u0111ena op\u0107om nesta\u0161icom hrane u svijetu. Nakon toga, igraju namjenski osmi\u0161ljenu igru koja je povezana sa temama siroma\u0161tva, op\u0107e nesta\u0161ice hrane, i rata.<\/p>\t\t\t\t\t\t\t\t\t\t\n\t\t\t\t\t\t\t\t\t<\/div>\n\t\t\t\t\t\t\t\t\t\n\t\t\t\t\t\t\t\t\t\n\t\t\t\t\t\t\t\t\t\t\t\t\t\t\t\t\n\t\t\t\t\t\t\t\t\n\t\t\t\t\t\t\t<\/div><!--\/inner-wrap-->\n\t\t\t\t\t\t<\/div><!--\/col-->\n\t\t\t\t\t\t\n\t\t\t\t\t\t\t\t\t\t\t\n\t\t\t\t\t\t\t\t\t\t\t\t\n\t\t\t\t\t\t<div class=\"col span_3  element 10-14 15-18 general-section potrebno-vrijeme \"  data-project-cat=\"10-14 15-18 general-section potrebno-vrijeme \" data-default-color=\"true\" data-title-color=\"\" data-subtitle-color=\"\">\n\t\t\t\t\t\t\t\n\t\t\t\t\t\t\t<div class=\"inner-wrap animated\" data-animation=\"none\">\n\t\t\t\t\t\t\t\t\n\t\t\t\t\t\t\t\t\t\t\t\t\t\t\t\t\t\n\t\t\t\t\t\t\t\t\t<div class=\"work-item style-1\" data-custom-content=\"off\">\n\t\t\t\t\t\t\t\t\t\t\n\t\t\t\t\t\t\t\t\t\t<img decoding=\"async\" class=\"size- skip-lazy\" src=\"https:\/\/warchildhood.org\/ba\/wp-content\/uploads\/2024\/07\/The-book-from-Vijecnica-1-600x403.jpg\" alt=\"\" height=\"403\" width=\"600\" srcset=\"https:\/\/warchildhood.org\/ba\/wp-content\/uploads\/2024\/07\/The-book-from-Vijecnica-1-900x604.jpg 900w, https:\/\/warchildhood.org\/ba\/wp-content\/uploads\/2024\/07\/The-book-from-Vijecnica-1-600x403.jpg 600w, https:\/\/warchildhood.org\/ba\/wp-content\/uploads\/2024\/07\/The-book-from-Vijecnica-1-400x269.jpg 400w\" sizes=\"(min-width: 1000px) 25vw, (min-width: 690px) 50vw, 100vw\" \/>\t\t\t\t\t\t\t\t\t\t\n\t\t\t\t\t\t\t\t\t\t\n\t\t\t\t\t\t\t\t\t\t<div class=\"work-info\"> \n\t\t\t\t\t\t\t\t\t\t\t\n\t\t\t\t\t\t\t\t\t\t\t\n\t\t\t\t\t\t\t\t\t\t\t\t\t\t\t\t\t\t\t\t\t\t\t\n\t\t\t\t\t\t\t\t\t\t\t\t<a href=\"https:\/\/warchildhood.org\/ba\/planovi-aktivnosti\/knjiga-koja-je-prezivjela\/\"><\/a>\n\t\t\t\t\t\t\t\t\t\t\t\t\n\t\t\t\t\t\t\t\t\t\t\t\t\t\t\t\t\t\t\t\t\t\t\n\t\t\t\t\t\t\t\t\t\t\t\n\t\t\t\t\t\t\t\t\t\t<\/div>\n\t\t\t\t\t\t\t\t\t\t\n\t\t\t\t\t\t\t\t\t<\/div><!--work-item-->\n\t\t\t\t\t\t\t\t\t\n\t\t\t\t\t\t\t\t\t<div class=\"work-meta\">\n\t\t\t\t\t\t\t\t\t\t<h4 class=\"title\">Knjiga koja je pre\u017eivjela<\/h4>\n\t\t\t\t\t\t\t\t\t\t\n\t\t\t\t\t\t\t\t\t\t<p><b>Glavna starosna grupa: 14-16 <\/b><p><\/p> Koriste\u0107i se razli\u010ditim dostupnim izvorima poput me\u0111unarodnih novinskih \u010dlanaka o ratu u Bosni i Hercegovini iz tog perioda, isje\u010dcima iz knjiga, kao i fotografijama, u\u010denici i u\u010denice u\u010de o \u010dinjenicama o ratu i opsadi Sarajeva i kreiraju sliku o tome kako je izgledao \u017eivot djece koja su odrastala u tom periodu. Tako\u0111er diskutuju o zna\u010daju memorijalizacije i prezervacije i u\u010destvuju u razli\u010ditim individualnim umjetni\u010dkim projektima kako bi izrazili svoje shvatanje opsade, ili \u0161irili svijest o posljedicama opsade Sarajeva.<\/p>\t\t\t\t\t\t\t\t\t\t\n\t\t\t\t\t\t\t\t\t<\/div>\n\t\t\t\t\t\t\t\t\t\n\t\t\t\t\t\t\t\t\t\n\t\t\t\t\t\t\t\t\t\t\t\t\t\t\t\t\n\t\t\t\t\t\t\t\t\n\t\t\t\t\t\t\t<\/div><!--\/inner-wrap-->\n\t\t\t\t\t\t<\/div><!--\/col-->\n\t\t\t\t\t\t\n\t\t\t\t\t\t\t\t\t\t\t\n\t\t\t\t\t\t\t\t\t\t\t\t\n\t\t\t\t\t\t<div class=\"col span_3  element 6-9 general-section potrebno-vrijeme \"  data-project-cat=\"6-9 general-section potrebno-vrijeme \" data-default-color=\"true\" data-title-color=\"\" data-subtitle-color=\"\">\n\t\t\t\t\t\t\t\n\t\t\t\t\t\t\t<div class=\"inner-wrap animated\" data-animation=\"none\">\n\t\t\t\t\t\t\t\t\n\t\t\t\t\t\t\t\t\t\t\t\t\t\t\t\t\t\n\t\t\t\t\t\t\t\t\t<div class=\"work-item style-1\" data-custom-content=\"off\">\n\t\t\t\t\t\t\t\t\t\t\n\t\t\t\t\t\t\t\t\t\t<img decoding=\"async\" class=\"size- skip-lazy\" src=\"https:\/\/warchildhood.org\/ba\/wp-content\/uploads\/2024\/10\/astrid-WCM-collection-600x403.jpg\" alt=\"\" height=\"403\" width=\"600\" srcset=\"https:\/\/warchildhood.org\/ba\/wp-content\/uploads\/2024\/10\/astrid-WCM-collection-600x403.jpg 600w, https:\/\/warchildhood.org\/ba\/wp-content\/uploads\/2024\/10\/astrid-WCM-collection-400x269.jpg 400w\" sizes=\"(min-width: 1000px) 25vw, (min-width: 690px) 50vw, 100vw\" \/>\t\t\t\t\t\t\t\t\t\t\n\t\t\t\t\t\t\t\t\t\t\n\t\t\t\t\t\t\t\t\t\t<div class=\"work-info\"> \n\t\t\t\t\t\t\t\t\t\t\t\n\t\t\t\t\t\t\t\t\t\t\t\n\t\t\t\t\t\t\t\t\t\t\t\t\t\t\t\t\t\t\t\t\t\t\t\n\t\t\t\t\t\t\t\t\t\t\t\t<a href=\"https:\/\/warchildhood.org\/ba\/planovi-aktivnosti\/astridinim-stopama\/\"><\/a>\n\t\t\t\t\t\t\t\t\t\t\t\t\n\t\t\t\t\t\t\t\t\t\t\t\t\t\t\t\t\t\t\t\t\t\t\n\t\t\t\t\t\t\t\t\t\t\t\n\t\t\t\t\t\t\t\t\t\t<\/div>\n\t\t\t\t\t\t\t\t\t\t\n\t\t\t\t\t\t\t\t\t<\/div><!--work-item-->\n\t\t\t\t\t\t\t\t\t\n\t\t\t\t\t\t\t\t\t<div class=\"work-meta\">\n\t\t\t\t\t\t\t\t\t\t<h4 class=\"title\">Astridinim stopama<\/h4>\n\t\t\t\t\t\t\t\t\t\t\n\t\t\t\t\t\t\t\t\t\t<p><b>Glavna starosna grupa: 8-9 <\/b><p><\/p> U\u010denici saznaju pri\u010du djevoj\u010dice koja je odrasla tokom rata u Bosni i Hercegovini i koja je dobila poklon paket humanitarne pomo\u0107i od djevoj\u010dice koja je istovremeno odrastala u Engleskoj. Lociraju gradove na mapi svijeta i razgovaraju o tome \u0161ta je poklon zna\u010dio za svaku od ove dvije djevoj\u010dice. Oni sami kreiraju i pakuju svoje poklon pakete za djecu na \u010dija djetinjstva uti\u010du oru\u017eani sukobi danas, u koje stavljaju i pisma prijateljstva i uz pomo\u0107 svojih u\u010diteljica ih \u0161alju djeci u pogo\u0111enim zonama.<\/p>\t\t\t\t\t\t\t\t\t\t\n\t\t\t\t\t\t\t\t\t<\/div>\n\t\t\t\t\t\t\t\t\t\n\t\t\t\t\t\t\t\t\t\n\t\t\t\t\t\t\t\t\t\t\t\t\t\t\t\t\n\t\t\t\t\t\t\t\t\n\t\t\t\t\t\t\t<\/div><!--\/inner-wrap-->\n\t\t\t\t\t\t<\/div><!--\/col-->\n\t\t\t\t\t\t\n\t\t\t\t\t\t\t\t\t\t\t\n\t\t\t\t\t\t\t\t\t\t\t\t\n\t\t\t\t\t\t<div class=\"col span_3  element 1-45 15-18 2-45 general-section \"  data-project-cat=\"1-45 15-18 2-45 general-section \" data-default-color=\"true\" data-title-color=\"\" data-subtitle-color=\"\">\n\t\t\t\t\t\t\t\n\t\t\t\t\t\t\t<div class=\"inner-wrap animated\" data-animation=\"none\">\n\t\t\t\t\t\t\t\t\n\t\t\t\t\t\t\t\t\t\t\t\t\t\t\t\t\t\n\t\t\t\t\t\t\t\t\t<div class=\"work-item style-1\" data-custom-content=\"off\">\n\t\t\t\t\t\t\t\t\t\t\n\t\t\t\t\t\t\t\t\t\t<img decoding=\"async\" class=\"size- skip-lazy\" src=\"https:\/\/warchildhood.org\/ba\/wp-content\/uploads\/2023\/10\/CreatingTheTimeline_PERC-600x403.jpg\" alt=\"\" height=\"403\" width=\"600\" srcset=\"https:\/\/warchildhood.org\/ba\/wp-content\/uploads\/2023\/10\/CreatingTheTimeline_PERC-900x604.jpg 900w, https:\/\/warchildhood.org\/ba\/wp-content\/uploads\/2023\/10\/CreatingTheTimeline_PERC-600x403.jpg 600w, https:\/\/warchildhood.org\/ba\/wp-content\/uploads\/2023\/10\/CreatingTheTimeline_PERC-400x269.jpg 400w\" sizes=\"(min-width: 1000px) 25vw, (min-width: 690px) 50vw, 100vw\" \/>\t\t\t\t\t\t\t\t\t\t\n\t\t\t\t\t\t\t\t\t\t\n\t\t\t\t\t\t\t\t\t\t<div class=\"work-info\"> \n\t\t\t\t\t\t\t\t\t\t\t\n\t\t\t\t\t\t\t\t\t\t\t\n\t\t\t\t\t\t\t\t\t\t\t\t\t\t\t\t\t\t\t\t\t\t\t\n\t\t\t\t\t\t\t\t\t\t\t\t<a href=\"https:\/\/warchildhood.org\/ba\/planovi-aktivnosti\/kreiranje-vremenske-linije\/\"><\/a>\n\t\t\t\t\t\t\t\t\t\t\t\t\n\t\t\t\t\t\t\t\t\t\t\t\t\t\t\t\t\t\t\t\t\t\t\n\t\t\t\t\t\t\t\t\t\t\t\n\t\t\t\t\t\t\t\t\t\t<\/div>\n\t\t\t\t\t\t\t\t\t\t\n\t\t\t\t\t\t\t\t\t<\/div><!--work-item-->\n\t\t\t\t\t\t\t\t\t\n\t\t\t\t\t\t\t\t\t<div class=\"work-meta\">\n\t\t\t\t\t\t\t\t\t\t<h4 class=\"title\">Kreiranje vremenske linije<\/h4>\n\t\t\t\t\t\t\t\t\t\t\n\t\t\t\t\t\t\t\t\t\t<p><b>Glavna starosna grupa: 15-18<\/b><p><\/p>U\u010denici \u0107e provesti internet istra\u017eivanje o detaljima vezanim za neki konflikt na osnovu dnevni\u010dkih zapisa. Zatim \u0107e napraviti vremensku liniju tog konflikta. Ova aktivnost pobolj\u0161ava razumijevanje konflikata, njihovih uzroka i posljedica.<\/p>\t\t\t\t\t\t\t\t\t\t\n\t\t\t\t\t\t\t\t\t<\/div>\n\t\t\t\t\t\t\t\t\t\n\t\t\t\t\t\t\t\t\t\n\t\t\t\t\t\t\t\t\t\t\t\t\t\t\t\t\n\t\t\t\t\t\t\t\t\n\t\t\t\t\t\t\t<\/div><!--\/inner-wrap-->\n\t\t\t\t\t\t<\/div><!--\/col-->\n\t\t\t\t\t\t\n\t\t\t\t\t\t\t\t\t\t\t\n\t\t\t\t\t\t\t\t\t\t\t\t\n\t\t\t\t\t\t<div class=\"col span_3  element 15-18 5-45 general-section \"  data-project-cat=\"15-18 5-45 general-section \" data-default-color=\"true\" data-title-color=\"\" data-subtitle-color=\"\">\n\t\t\t\t\t\t\t\n\t\t\t\t\t\t\t<div class=\"inner-wrap animated\" data-animation=\"none\">\n\t\t\t\t\t\t\t\t\n\t\t\t\t\t\t\t\t\t\t\t\t\t\t\t\t\t\n\t\t\t\t\t\t\t\t\t<div class=\"work-item style-1\" data-custom-content=\"off\">\n\t\t\t\t\t\t\t\t\t\t\n\t\t\t\t\t\t\t\t\t\t<img decoding=\"async\" class=\"size- skip-lazy\" src=\"https:\/\/warchildhood.org\/ba\/wp-content\/uploads\/2023\/10\/Refugees_PERC-600x403.jpg\" alt=\"\" height=\"403\" width=\"600\" srcset=\"https:\/\/warchildhood.org\/ba\/wp-content\/uploads\/2023\/10\/Refugees_PERC-900x604.jpg 900w, https:\/\/warchildhood.org\/ba\/wp-content\/uploads\/2023\/10\/Refugees_PERC-600x403.jpg 600w, https:\/\/warchildhood.org\/ba\/wp-content\/uploads\/2023\/10\/Refugees_PERC-400x269.jpg 400w\" sizes=\"(min-width: 1000px) 25vw, (min-width: 690px) 50vw, 100vw\" \/>\t\t\t\t\t\t\t\t\t\t\n\t\t\t\t\t\t\t\t\t\t\n\t\t\t\t\t\t\t\t\t\t<div class=\"work-info\"> \n\t\t\t\t\t\t\t\t\t\t\t\n\t\t\t\t\t\t\t\t\t\t\t\n\t\t\t\t\t\t\t\t\t\t\t\t\t\t\t\t\t\t\t\t\t\t\t\n\t\t\t\t\t\t\t\t\t\t\t\t<a href=\"https:\/\/warchildhood.org\/ba\/planovi-aktivnosti\/pitanje-izbjeglica\/\"><\/a>\n\t\t\t\t\t\t\t\t\t\t\t\t\n\t\t\t\t\t\t\t\t\t\t\t\t\t\t\t\t\t\t\t\t\t\t\n\t\t\t\t\t\t\t\t\t\t\t\n\t\t\t\t\t\t\t\t\t\t<\/div>\n\t\t\t\t\t\t\t\t\t\t\n\t\t\t\t\t\t\t\t\t<\/div><!--work-item-->\n\t\t\t\t\t\t\t\t\t\n\t\t\t\t\t\t\t\t\t<div class=\"work-meta\">\n\t\t\t\t\t\t\t\t\t\t<h4 class=\"title\">Pitanje izbjeglica<\/h4>\n\t\t\t\t\t\t\t\t\t\t\n\t\t\t\t\t\t\t\t\t\t<p><b>Glavna starosna grupa: 15-18<\/b><p><\/p>Kroz opisane aktivnosti u\u010denici i u\u010denice istra\u017euju i diskutuju o tome \u0161ta znaju i \u0161ta misle o izbjeglicama. U\u010denici \u0107e kroz aktivnost uraditi istra\u017eivanje o izbjeglicama na internetu i povezati istra\u017eene informacije sa svojom zemljom.<\/p>\t\t\t\t\t\t\t\t\t\t\n\t\t\t\t\t\t\t\t\t<\/div>\n\t\t\t\t\t\t\t\t\t\n\t\t\t\t\t\t\t\t\t\n\t\t\t\t\t\t\t\t\t\t\t\t\t\t\t\t\n\t\t\t\t\t\t\t\t\n\t\t\t\t\t\t\t<\/div><!--\/inner-wrap-->\n\t\t\t\t\t\t<\/div><!--\/col-->\n\t\t\t\t\t\t\n\t\t\t\t\t\t\t\t\t\t\t\n\t\t\t\t\t\t\t\t\t\t\t\t\n\t\t\t\t\t\t<div class=\"col span_3  element 10-14 15-18 5-45 general-section \"  data-project-cat=\"10-14 15-18 5-45 general-section \" data-default-color=\"true\" data-title-color=\"\" data-subtitle-color=\"\">\n\t\t\t\t\t\t\t\n\t\t\t\t\t\t\t<div class=\"inner-wrap animated\" data-animation=\"none\">\n\t\t\t\t\t\t\t\t\n\t\t\t\t\t\t\t\t\t\t\t\t\t\t\t\t\t\n\t\t\t\t\t\t\t\t\t<div class=\"work-item style-1\" data-custom-content=\"off\">\n\t\t\t\t\t\t\t\t\t\t\n\t\t\t\t\t\t\t\t\t\t<img decoding=\"async\" class=\"size- skip-lazy\" src=\"https:\/\/warchildhood.org\/ba\/wp-content\/uploads\/2023\/10\/Stereotypes_PERC-600x403.jpg\" alt=\"\" height=\"403\" width=\"600\" srcset=\"https:\/\/warchildhood.org\/ba\/wp-content\/uploads\/2023\/10\/Stereotypes_PERC-900x604.jpg 900w, https:\/\/warchildhood.org\/ba\/wp-content\/uploads\/2023\/10\/Stereotypes_PERC-600x403.jpg 600w, https:\/\/warchildhood.org\/ba\/wp-content\/uploads\/2023\/10\/Stereotypes_PERC-400x269.jpg 400w\" sizes=\"(min-width: 1000px) 25vw, (min-width: 690px) 50vw, 100vw\" \/>\t\t\t\t\t\t\t\t\t\t\n\t\t\t\t\t\t\t\t\t\t\n\t\t\t\t\t\t\t\t\t\t<div class=\"work-info\"> \n\t\t\t\t\t\t\t\t\t\t\t\n\t\t\t\t\t\t\t\t\t\t\t\n\t\t\t\t\t\t\t\t\t\t\t\t\t\t\t\t\t\t\t\t\t\t\t\n\t\t\t\t\t\t\t\t\t\t\t\t<a href=\"https:\/\/warchildhood.org\/ba\/planovi-aktivnosti\/propitivanje-stereotipa\/\"><\/a>\n\t\t\t\t\t\t\t\t\t\t\t\t\n\t\t\t\t\t\t\t\t\t\t\t\t\t\t\t\t\t\t\t\t\t\t\n\t\t\t\t\t\t\t\t\t\t\t\n\t\t\t\t\t\t\t\t\t\t<\/div>\n\t\t\t\t\t\t\t\t\t\t\n\t\t\t\t\t\t\t\t\t<\/div><!--work-item-->\n\t\t\t\t\t\t\t\t\t\n\t\t\t\t\t\t\t\t\t<div class=\"work-meta\">\n\t\t\t\t\t\t\t\t\t\t<h4 class=\"title\">Propitivanje stereotipa<\/h4>\n\t\t\t\t\t\t\t\t\t\t\n\t\t\t\t\t\t\t\t\t\t<p><b>Glavna starosna grupa: 13-18<\/b><p><\/p>Tema ove aktivnosti su stereotipi, kako nastaju i \u0161ta se mo\u017ee uraditi da se suo\u010dimo sa njihovim negativnim posljedicama. Samorefleksija se u ovoj aktivnosti koristi da se postigne uvid u to kako se stereotipi manifestuju.<\/p>\t\t\t\t\t\t\t\t\t\t\n\t\t\t\t\t\t\t\t\t<\/div>\n\t\t\t\t\t\t\t\t\t\n\t\t\t\t\t\t\t\t\t\n\t\t\t\t\t\t\t\t\t\t\t\t\t\t\t\t\n\t\t\t\t\t\t\t\t\n\t\t\t\t\t\t\t<\/div><!--\/inner-wrap-->\n\t\t\t\t\t\t<\/div><!--\/col-->\n\t\t\t\t\t\t\n\t\t\t\t\t\t\t\t\t\t\t\n\t\t\t\t\t\t\t\t\t\t\t\t\n\t\t\t\t\t\t<div class=\"col span_3  element 1-45 10-14 15-18 general-section \"  data-project-cat=\"1-45 10-14 15-18 general-section \" data-default-color=\"true\" data-title-color=\"\" data-subtitle-color=\"\">\n\t\t\t\t\t\t\t\n\t\t\t\t\t\t\t<div class=\"inner-wrap animated\" data-animation=\"none\">\n\t\t\t\t\t\t\t\t\n\t\t\t\t\t\t\t\t\t\t\t\t\t\t\t\t\t\n\t\t\t\t\t\t\t\t\t<div class=\"work-item style-1\" data-custom-content=\"off\">\n\t\t\t\t\t\t\t\t\t\t\n\t\t\t\t\t\t\t\t\t\t<img decoding=\"async\" class=\"size- skip-lazy\" src=\"https:\/\/warchildhood.org\/ba\/wp-content\/uploads\/2023\/10\/ThingsThatMatter_PERC-600x403.jpg\" alt=\"\" height=\"403\" width=\"600\" srcset=\"https:\/\/warchildhood.org\/ba\/wp-content\/uploads\/2023\/10\/ThingsThatMatter_PERC-900x604.jpg 900w, https:\/\/warchildhood.org\/ba\/wp-content\/uploads\/2023\/10\/ThingsThatMatter_PERC-600x403.jpg 600w, https:\/\/warchildhood.org\/ba\/wp-content\/uploads\/2023\/10\/ThingsThatMatter_PERC-400x269.jpg 400w\" sizes=\"(min-width: 1000px) 25vw, (min-width: 690px) 50vw, 100vw\" \/>\t\t\t\t\t\t\t\t\t\t\n\t\t\t\t\t\t\t\t\t\t\n\t\t\t\t\t\t\t\t\t\t<div class=\"work-info\"> \n\t\t\t\t\t\t\t\t\t\t\t\n\t\t\t\t\t\t\t\t\t\t\t\n\t\t\t\t\t\t\t\t\t\t\t\t\t\t\t\t\t\t\t\t\t\t\t\n\t\t\t\t\t\t\t\t\t\t\t\t<a href=\"https:\/\/warchildhood.org\/ba\/planovi-aktivnosti\/stvari-koje-su-vazne-pravljenje-izlozbe-u-ucionici\/\"><\/a>\n\t\t\t\t\t\t\t\t\t\t\t\t\n\t\t\t\t\t\t\t\t\t\t\t\t\t\t\t\t\t\t\t\t\t\t\n\t\t\t\t\t\t\t\t\t\t\t\n\t\t\t\t\t\t\t\t\t\t<\/div>\n\t\t\t\t\t\t\t\t\t\t\n\t\t\t\t\t\t\t\t\t<\/div><!--work-item-->\n\t\t\t\t\t\t\t\t\t\n\t\t\t\t\t\t\t\t\t<div class=\"work-meta\">\n\t\t\t\t\t\t\t\t\t\t<h4 class=\"title\">Stvari koje su va\u017ene \u2013 Pravljenje izlo\u017ebe u u\u010dionici<\/h4>\n\t\t\t\t\t\t\t\t\t\t\n\t\t\t\t\t\t\t\t\t\t<p><b>Glavna starosna grupa: 12-16 <\/b><p><\/p>  Nekoliko predmeta iz kolekcije Muzeja ratnog djetinjstva se koristi da potaknu u\u010denike na razmi\u0161ljanje o li\u010dnim predmetima i na\u010dinima na koje oni mogu pru\u017eiti utjehu i podr\u0161ku u te\u0161kim vremenima. U\u010denici i u\u010denice zajedni\u010dki prave izlo\u017ebu u u\u010dionici.<\/p>\t\t\t\t\t\t\t\t\t\t\n\t\t\t\t\t\t\t\t\t<\/div>\n\t\t\t\t\t\t\t\t\t\n\t\t\t\t\t\t\t\t\t\n\t\t\t\t\t\t\t\t\t\t\t\t\t\t\t\t\n\t\t\t\t\t\t\t\t\n\t\t\t\t\t\t\t<\/div><!--\/inner-wrap-->\n\t\t\t\t\t\t<\/div><!--\/col-->\n\t\t\t\t\t\t\n\t\t\t\t\t\t\t\t\t\t\t\n\t\t\t\t\t\t\t\t\t\t\t\t\n\t\t\t\t\t\t<div class=\"col span_3  element 1-45 15-18 2-45 general-section \"  data-project-cat=\"1-45 15-18 2-45 general-section \" data-default-color=\"true\" data-title-color=\"\" data-subtitle-color=\"\">\n\t\t\t\t\t\t\t\n\t\t\t\t\t\t\t<div class=\"inner-wrap animated\" data-animation=\"none\">\n\t\t\t\t\t\t\t\t\n\t\t\t\t\t\t\t\t\t\t\t\t\t\t\t\t\t\n\t\t\t\t\t\t\t\t\t<div class=\"work-item style-1\" data-custom-content=\"off\">\n\t\t\t\t\t\t\t\t\t\t\n\t\t\t\t\t\t\t\t\t\t<img decoding=\"async\" class=\"size- skip-lazy\" src=\"https:\/\/warchildhood.org\/ba\/wp-content\/uploads\/2023\/10\/Dillemmas_PERC-600x403.jpg\" alt=\"\" height=\"403\" width=\"600\" srcset=\"https:\/\/warchildhood.org\/ba\/wp-content\/uploads\/2023\/10\/Dillemmas_PERC-900x604.jpg 900w, https:\/\/warchildhood.org\/ba\/wp-content\/uploads\/2023\/10\/Dillemmas_PERC-600x403.jpg 600w, https:\/\/warchildhood.org\/ba\/wp-content\/uploads\/2023\/10\/Dillemmas_PERC-400x269.jpg 400w\" sizes=\"(min-width: 1000px) 25vw, (min-width: 690px) 50vw, 100vw\" \/>\t\t\t\t\t\t\t\t\t\t\n\t\t\t\t\t\t\t\t\t\t\n\t\t\t\t\t\t\t\t\t\t<div class=\"work-info\"> \n\t\t\t\t\t\t\t\t\t\t\t\n\t\t\t\t\t\t\t\t\t\t\t\n\t\t\t\t\t\t\t\t\t\t\t\t\t\t\t\t\t\t\t\t\t\t\t\n\t\t\t\t\t\t\t\t\t\t\t\t<a href=\"https:\/\/warchildhood.org\/ba\/planovi-aktivnosti\/rjesavanje-dilema\/\"><\/a>\n\t\t\t\t\t\t\t\t\t\t\t\t\n\t\t\t\t\t\t\t\t\t\t\t\t\t\t\t\t\t\t\t\t\t\t\n\t\t\t\t\t\t\t\t\t\t\t\n\t\t\t\t\t\t\t\t\t\t<\/div>\n\t\t\t\t\t\t\t\t\t\t\n\t\t\t\t\t\t\t\t\t<\/div><!--work-item-->\n\t\t\t\t\t\t\t\t\t\n\t\t\t\t\t\t\t\t\t<div class=\"work-meta\">\n\t\t\t\t\t\t\t\t\t\t<h4 class=\"title\">Rje\u0161avanje dilema<\/h4>\n\t\t\t\t\t\t\t\t\t\t\n\t\t\t\t\t\t\t\t\t\t<p><b>Glavna starosna grupa: 15-18 <\/b><p><\/p> U\u010denici rje\u0161avaju dileme sa kojima se suo\u010davaju u svom sopstvenom \u017eivotu, kako bi razvili razumijevanje za dileme sa kojima se mladi ljudi i njihove porodice suo\u010davaju tokom rata.<\/p>\t\t\t\t\t\t\t\t\t\t\n\t\t\t\t\t\t\t\t\t<\/div>\n\t\t\t\t\t\t\t\t\t\n\t\t\t\t\t\t\t\t\t\n\t\t\t\t\t\t\t\t\t\t\t\t\t\t\t\t\n\t\t\t\t\t\t\t\t\n\t\t\t\t\t\t\t<\/div><!--\/inner-wrap-->\n\t\t\t\t\t\t<\/div><!--\/col-->\n\t\t\t\t\t\t\n\t\t\t\t\t\t\t\t\t\t\t\n\t\t\t\t\t\t\t\t\t\t\t\t\n\t\t\t\t\t\t<div class=\"col span_3  element 15-18 2-45 3-45 4-45 5-45 general-section \"  data-project-cat=\"15-18 2-45 3-45 4-45 5-45 general-section \" data-default-color=\"true\" data-title-color=\"\" data-subtitle-color=\"\">\n\t\t\t\t\t\t\t\n\t\t\t\t\t\t\t<div class=\"inner-wrap animated\" data-animation=\"none\">\n\t\t\t\t\t\t\t\t\n\t\t\t\t\t\t\t\t\t\t\t\t\t\t\t\t\t\n\t\t\t\t\t\t\t\t\t<div class=\"work-item style-1\" data-custom-content=\"off\">\n\t\t\t\t\t\t\t\t\t\t\n\t\t\t\t\t\t\t\t\t\t<img decoding=\"async\" class=\"size- skip-lazy\" src=\"https:\/\/warchildhood.org\/ba\/wp-content\/uploads\/2023\/10\/MakingADifference_PERC-600x403.jpg\" alt=\"\" height=\"403\" width=\"600\" srcset=\"https:\/\/warchildhood.org\/ba\/wp-content\/uploads\/2023\/10\/MakingADifference_PERC-900x604.jpg 900w, https:\/\/warchildhood.org\/ba\/wp-content\/uploads\/2023\/10\/MakingADifference_PERC-600x403.jpg 600w, https:\/\/warchildhood.org\/ba\/wp-content\/uploads\/2023\/10\/MakingADifference_PERC-400x269.jpg 400w\" sizes=\"(min-width: 1000px) 25vw, (min-width: 690px) 50vw, 100vw\" \/>\t\t\t\t\t\t\t\t\t\t\n\t\t\t\t\t\t\t\t\t\t\n\t\t\t\t\t\t\t\t\t\t<div class=\"work-info\"> \n\t\t\t\t\t\t\t\t\t\t\t\n\t\t\t\t\t\t\t\t\t\t\t\n\t\t\t\t\t\t\t\t\t\t\t\t\t\t\t\t\t\t\t\t\t\t\t\n\t\t\t\t\t\t\t\t\t\t\t\t<a href=\"https:\/\/warchildhood.org\/ba\/planovi-aktivnosti\/stvaramo-promjene\/\"><\/a>\n\t\t\t\t\t\t\t\t\t\t\t\t\n\t\t\t\t\t\t\t\t\t\t\t\t\t\t\t\t\t\t\t\t\t\t\n\t\t\t\t\t\t\t\t\t\t\t\n\t\t\t\t\t\t\t\t\t\t<\/div>\n\t\t\t\t\t\t\t\t\t\t\n\t\t\t\t\t\t\t\t\t<\/div><!--work-item-->\n\t\t\t\t\t\t\t\t\t\n\t\t\t\t\t\t\t\t\t<div class=\"work-meta\">\n\t\t\t\t\t\t\t\t\t\t<h4 class=\"title\">Stvaramo promjene<\/h4>\n\t\t\t\t\t\t\t\t\t\t\n\t\t\t\t\t\t\t\t\t\t<p><b>Glavna starosna grupa: 15-18 <\/b><p><\/p>  Aktivnosti su usmjerene na mlade ljude koji uzimaju u\u010de\u0161\u0107e u gra\u0111anskom aktivizmu kako bi kreirali promjene u dru\u0161tvu. U sklopu aktivnosti u\u010denici istra\u017euju \u0161ta su drugi mladi ljudi prije njih radili, a potom poduzimaju potrebne korake da se i sami uklju\u010de u gra\u0111anski aktivizam.<\/p>\t\t\t\t\t\t\t\t\t\t\n\t\t\t\t\t\t\t\t\t<\/div>\n\t\t\t\t\t\t\t\t\t\n\t\t\t\t\t\t\t\t\t\n\t\t\t\t\t\t\t\t\t\t\t\t\t\t\t\t\n\t\t\t\t\t\t\t\t\n\t\t\t\t\t\t\t<\/div><!--\/inner-wrap-->\n\t\t\t\t\t\t<\/div><!--\/col-->\n\t\t\t\t\t\t\n\t\t\t\t\t\t\t\t\t\t\t\n\t\t\t\t\t\t\t\t\t\t\t\t\n\t\t\t\t\t\t<div class=\"col span_3  element 15-18 2-45 general-section \"  data-project-cat=\"15-18 2-45 general-section \" data-default-color=\"true\" data-title-color=\"\" data-subtitle-color=\"\">\n\t\t\t\t\t\t\t\n\t\t\t\t\t\t\t<div class=\"inner-wrap animated\" data-animation=\"none\">\n\t\t\t\t\t\t\t\t\n\t\t\t\t\t\t\t\t\t\t\t\t\t\t\t\t\t\n\t\t\t\t\t\t\t\t\t<div class=\"work-item style-1\" data-custom-content=\"off\">\n\t\t\t\t\t\t\t\t\t\t\n\t\t\t\t\t\t\t\t\t\t<img decoding=\"async\" class=\"size- skip-lazy\" src=\"https:\/\/warchildhood.org\/ba\/wp-content\/uploads\/2023\/10\/ArtForChange_PERC-600x403.jpg\" alt=\"\" height=\"403\" width=\"600\" srcset=\"https:\/\/warchildhood.org\/ba\/wp-content\/uploads\/2023\/10\/ArtForChange_PERC-900x604.jpg 900w, https:\/\/warchildhood.org\/ba\/wp-content\/uploads\/2023\/10\/ArtForChange_PERC-600x403.jpg 600w, https:\/\/warchildhood.org\/ba\/wp-content\/uploads\/2023\/10\/ArtForChange_PERC-400x269.jpg 400w\" sizes=\"(min-width: 1000px) 25vw, (min-width: 690px) 50vw, 100vw\" \/>\t\t\t\t\t\t\t\t\t\t\n\t\t\t\t\t\t\t\t\t\t\n\t\t\t\t\t\t\t\t\t\t<div class=\"work-info\"> \n\t\t\t\t\t\t\t\t\t\t\t\n\t\t\t\t\t\t\t\t\t\t\t\n\t\t\t\t\t\t\t\t\t\t\t\t\t\t\t\t\t\t\t\t\t\t\t\n\t\t\t\t\t\t\t\t\t\t\t\t<a href=\"https:\/\/warchildhood.org\/ba\/planovi-aktivnosti\/umjetnoscu-do-refleksije-i-promjene\/\"><\/a>\n\t\t\t\t\t\t\t\t\t\t\t\t\n\t\t\t\t\t\t\t\t\t\t\t\t\t\t\t\t\t\t\t\t\t\t\n\t\t\t\t\t\t\t\t\t\t\t\n\t\t\t\t\t\t\t\t\t\t<\/div>\n\t\t\t\t\t\t\t\t\t\t\n\t\t\t\t\t\t\t\t\t<\/div><!--work-item-->\n\t\t\t\t\t\t\t\t\t\n\t\t\t\t\t\t\t\t\t<div class=\"work-meta\">\n\t\t\t\t\t\t\t\t\t\t<h4 class=\"title\">Umjetnost kao alat za promi\u0161ljanje i kreiranje promjene<\/h4>\n\t\t\t\t\t\t\t\t\t\t\n\t\t\t\t\t\t\t\t\t\t<p><b>Glavna starosna grupa: 15-18 <\/b><p><\/p>U ovoj aktivnosti koristit c\u0301e se dva crtez\u030ca djece nacrtana tokom rata u Ukrajini za razvijanje empatije. Umjetnost u vidu slikanja, poezije ili pisanja c\u0301e se koristiti kao sredstvo za refleksiju o iskustavima drugih ljudi, kao i sredstvo za refleksiju o lic\u030cnim osjec\u0301anjima.<\/p>\t\t\t\t\t\t\t\t\t\t\n\t\t\t\t\t\t\t\t\t<\/div>\n\t\t\t\t\t\t\t\t\t\n\t\t\t\t\t\t\t\t\t\n\t\t\t\t\t\t\t\t\t\t\t\t\t\t\t\t\n\t\t\t\t\t\t\t\t\n\t\t\t\t\t\t\t<\/div><!--\/inner-wrap-->\n\t\t\t\t\t\t<\/div><!--\/col-->\n\t\t\t\t\t\t\n\t\t\t\t\t\t\t\t\t\t\n\t\t\t\t<\/div><!--\/portfolio-->\n\t\t\t<\/div><!--\/portfolio wrap-->\n\t\t\t\n\t\t\t[\/vc_column][\/vc_row][vc_row type=&#8221;in_container&#8221; full_screen_row_position=&#8221;middle&#8221; column_margin=&#8221;default&#8221; column_direction=&#8221;default&#8221; column_direction_tablet=&#8221;default&#8221; column_direction_phone=&#8221;default&#8221; scene_position=&#8221;center&#8221; top_padding=&#8221;4%&#8221; text_color=&#8221;dark&#8221; text_align=&#8221;left&#8221; row_border_radius=&#8221;none&#8221; row_border_radius_applies=&#8221;bg&#8221; overlay_strength=&#8221;0.3&#8243; gradient_direction=&#8221;left_to_right&#8221; shape_divider_position=&#8221;bottom&#8221; bg_image_animation=&#8221;none&#8221; shape_type=&#8221;&#8221;][vc_column column_padding=&#8221;no-extra-padding&#8221; column_padding_tablet=&#8221;inherit&#8221; column_padding_phone=&#8221;inherit&#8221; column_padding_position=&#8221;all&#8221; column_element_spacing=&#8221;default&#8221; background_color_opacity=&#8221;1&#8243; background_hover_color_opacity=&#8221;1&#8243; column_shadow=&#8221;none&#8221; column_border_radius=&#8221;none&#8221; column_link_target=&#8221;_self&#8221; gradient_direction=&#8221;left_to_right&#8221; overlay_strength=&#8221;0.3&#8243; width=&#8221;1\/1&#8243; tablet_width_inherit=&#8221;default&#8221; tablet_text_alignment=&#8221;default&#8221; phone_text_alignment=&#8221;default&#8221; bg_image_animation=&#8221;none&#8221; border_type=&#8221;simple&#8221; column_border_width=&#8221;none&#8221; column_border_style=&#8221;solid&#8221;][heading]<strong>EDUKATORI ZA EDUKATORE<\/strong><\/p>\n<p>&nbsp;<\/p>\n<p style=\"text-align: center;\">Planovi aktivnosti razvijeni od strane edukatorica i edukatora koji sara\u0111uju s Muzejom ratnog djetinjstva, a koje je muzejski tim odobrio za publikaciju u Edukativnom resursnom centru MRD-a.<\/p>\n<p>&nbsp;<\/p>\n<p style=\"text-align: center;\">Podr\u017eano od strane programa Erasmus+.<\/p>\n<p>&nbsp;<\/p>\n<p style=\"text-align: center;\"><img decoding=\"async\" class=\"alignnone wp-image-21951\" src=\"https:\/\/warchildhood.org\/wp-content\/uploads\/2024\/02\/logo-ce-horizontal-en-quadri-lr-300x79.png\" alt=\"\" width=\"156\" height=\"34\" \/><\/p>\n[\/heading][\/vc_column][\/vc_row][vc_row type=&#8221;in_container&#8221; full_screen_row_position=&#8221;middle&#8221; column_margin=&#8221;default&#8221; column_direction=&#8221;default&#8221; column_direction_tablet=&#8221;default&#8221; column_direction_phone=&#8221;default&#8221; scene_position=&#8221;center&#8221; bottom_padding=&#8221;4%&#8221; text_color=&#8221;dark&#8221; text_align=&#8221;left&#8221; row_border_radius=&#8221;none&#8221; row_border_radius_applies=&#8221;bg&#8221; overlay_strength=&#8221;0.3&#8243; gradient_direction=&#8221;left_to_right&#8221; shape_divider_position=&#8221;bottom&#8221; bg_image_animation=&#8221;none&#8221; shape_type=&#8221;&#8221;][vc_column column_padding=&#8221;no-extra-padding&#8221; column_padding_tablet=&#8221;inherit&#8221; column_padding_phone=&#8221;inherit&#8221; column_padding_position=&#8221;all&#8221; column_element_spacing=&#8221;default&#8221; background_color_opacity=&#8221;1&#8243; background_hover_color_opacity=&#8221;1&#8243; column_shadow=&#8221;none&#8221; column_border_radius=&#8221;none&#8221; column_link_target=&#8221;_self&#8221; gradient_direction=&#8221;left_to_right&#8221; overlay_strength=&#8221;0.3&#8243; width=&#8221;1\/1&#8243; tablet_width_inherit=&#8221;default&#8221; tablet_text_alignment=&#8221;default&#8221; phone_text_alignment=&#8221;default&#8221; bg_image_animation=&#8221;none&#8221; border_type=&#8221;simple&#8221; column_border_width=&#8221;none&#8221; column_border_style=&#8221;solid&#8221;]\t\t\t\t<div class=\"portfolio-filters-inline full-width-section non-fw\" data-alignment=\"default\" data-color-scheme=\"default\">\n\t\t\t\t\t<div class=\"container \">\n\t\t\t\t\t\t <span id=\"current-category\">All<\/span> \t\t\t\t\t\t<ul>\n\t\t\t\t\t\t\t <li id=\"sort-label\">Odaberite:<\/li> \t\t\t\t\t\t\t\t<li><a href=\"#\" data-filter=\"*\">Sve<\/a><\/li>\n\t\t\t\t\t\t\t\t<li><a href=\"#\" data-filter=\".1-x-60\">1 x 60<\/a><\/li>\n<li><a href=\"#\" data-filter=\".edukatori-za-edukatore-2\">Edukatori za edukatore<\/a><\/li>\n<li><a href=\"#\" data-filter=\".general-section\">General Section<\/a><\/li>\n<li><a href=\"#\" data-filter=\".potrebno-vrijeme\">Potrebno vrijeme<\/a><ul class='children'>\n<li><a href=\"#\" data-filter=\".1-45\">1 x 45 minuta<\/a><\/li>\n<li><a href=\"#\" data-filter=\".2-45\">2 x 45 minuta<\/a><\/li>\n<li><a href=\"#\" data-filter=\".3-45\">3 x 45 minuta<\/a><\/li>\n<li><a href=\"#\" data-filter=\".4-45\">4 x 45 minuta<\/a><\/li>\n<li><a href=\"#\" data-filter=\".5-45\">5 x 45 minuta i vi\u0161e<\/a><\/li>\n<\/ul>\n<\/li>\n<li><a href=\"#\" data-filter=\".prema-uzrastu\">Prema Uzrastu <span>Prema Uzrastu<\/span><\/a><ul class='children'>\n<li><a href=\"#\" data-filter=\".10-14\">10-14 godina<\/a><\/li>\n<li><a href=\"#\" data-filter=\".15-18\">15-18 godina<\/a><\/li>\n<li><a href=\"#\" data-filter=\".6-9\">6-9 godina<\/a><\/li>\n<\/ul>\n<\/li>\n\t\t\t\t\t\t\t<\/ul>\n\t\t\t\t\t\t\t<div class=\"clear\"><\/div>\n\t\t\t\t\t\t<\/div>\n\t\t\t\t\t<\/div>\n\t\t\t\t\t\t\t\t\n\t\t\t\t\n\t\t\t\t\n\t\t\t\t<div class=\"portfolio-wrap \">\n\t\t\t\t\t\n\t\t\t\t\t\t\t\t\t\t\n\t\t\t\t\t<span class=\"portfolio-loading  none\">   <\/span>\n\t\t\t\t\t\n\t\t\t\t\t\t\t\t\t\t\n\t\t\t\t\t<div class=\"row portfolio-items no-masonry  \" data-rcp=\"false\" data-masonry-type=\"default\" data-ps=\"9\" data-starting-filter=\"default\" data-gutter=\"default\" data-categories-to-show=\"edukatori-za-edukatore-2\" data-bypass-cropping=\"\" data-lightbox-only=\"0\" data-col-num=\"cols-4\">\n\t\t\t\t\t\t\t\t\t\t\t\t\n\t\t\t\t\t\t\t\t\t\t\t\t\n\t\t\t\t\t\t<div class=\"col span_3  element 6-9 edukatori-za-edukatore-2 \"  data-project-cat=\"6-9 edukatori-za-edukatore-2 \" data-default-color=\"true\" data-title-color=\"\" data-subtitle-color=\"\">\n\t\t\t\t\t\t\t\n\t\t\t\t\t\t\t<div class=\"inner-wrap animated\" data-animation=\"none\">\n\t\t\t\t\t\t\t\t\n\t\t\t\t\t\t\t\t\t\t\t\t\t\t\t\t\t\n\t\t\t\t\t\t\t\t\t<div class=\"work-item style-1\" data-custom-content=\"off\">\n\t\t\t\t\t\t\t\t\t\t\n\t\t\t\t\t\t\t\t\t\t<img decoding=\"async\" class=\"size- skip-lazy\" src=\"https:\/\/warchildhood.org\/ba\/wp-content\/uploads\/2024\/09\/item-teachers-for-teachers-600x403.jpg\" alt=\"\" height=\"403\" width=\"600\" srcset=\"https:\/\/warchildhood.org\/ba\/wp-content\/uploads\/2024\/09\/item-teachers-for-teachers-900x604.jpg 900w, https:\/\/warchildhood.org\/ba\/wp-content\/uploads\/2024\/09\/item-teachers-for-teachers-600x403.jpg 600w, https:\/\/warchildhood.org\/ba\/wp-content\/uploads\/2024\/09\/item-teachers-for-teachers-400x269.jpg 400w\" sizes=\"(min-width: 1000px) 25vw, (min-width: 690px) 50vw, 100vw\" \/>\t\t\t\t\t\t\t\t\t\t\n\t\t\t\t\t\t\t\t\t\t\n\t\t\t\t\t\t\t\t\t\t<div class=\"work-info\"> \n\t\t\t\t\t\t\t\t\t\t\t\n\t\t\t\t\t\t\t\t\t\t\t\n\t\t\t\t\t\t\t\t\t\t\t\t\t\t\t\t\t\t\t\t\t\t\t\n\t\t\t\t\t\t\t\t\t\t\t\t<a href=\"https:\/\/warchildhood.org\/ba\/planovi-aktivnosti\/oblak-snova\/\"><\/a>\n\t\t\t\t\t\t\t\t\t\t\t\t\n\t\t\t\t\t\t\t\t\t\t\t\t\t\t\t\t\t\t\t\t\t\t\n\t\t\t\t\t\t\t\t\t\t\t\n\t\t\t\t\t\t\t\t\t\t<\/div>\n\t\t\t\t\t\t\t\t\t\t\n\t\t\t\t\t\t\t\t\t<\/div><!--work-item-->\n\t\t\t\t\t\t\t\t\t\n\t\t\t\t\t\t\t\t\t<div class=\"work-meta\">\n\t\t\t\t\t\t\t\t\t\t<h4 class=\"title\">Oblak snova<\/h4>\n\t\t\t\t\t\t\t\t\t\t\n\t\t\t\t\t\t\t\t\t\t<p><b>Glavna starosna grupa: 6-9 <\/b><p><\/p> U\u010denici i u\u010denice razmi\u0161ljaju o vlastitim snovima i \u017eeljama i zajedni\u010dki kreiraju razredni \u201eOblak snova\u201c koji naknadno upore\u0111uju sa snovima djeteta koje \u017eivi u izbjegli\u010dkom kampu.<\/p>\t\t\t\t\t\t\t\t\t\t\n\t\t\t\t\t\t\t\t\t<\/div>\n\t\t\t\t\t\t\t\t\t\n\t\t\t\t\t\t\t\t\t\n\t\t\t\t\t\t\t\t\t\t\t\t\t\t\t\t\n\t\t\t\t\t\t\t\t\n\t\t\t\t\t\t\t<\/div><!--\/inner-wrap-->\n\t\t\t\t\t\t<\/div><!--\/col-->\n\t\t\t\t\t\t\n\t\t\t\t\t\t\t\t\t\t\t\n\t\t\t\t\t\t\t\t\t\t\t\t\n\t\t\t\t\t\t<div class=\"col span_3  element 15-18 edukatori-za-edukatore-2 \"  data-project-cat=\"15-18 edukatori-za-edukatore-2 \" data-default-color=\"true\" data-title-color=\"\" data-subtitle-color=\"\">\n\t\t\t\t\t\t\t\n\t\t\t\t\t\t\t<div class=\"inner-wrap animated\" data-animation=\"none\">\n\t\t\t\t\t\t\t\t\n\t\t\t\t\t\t\t\t\t\t\t\t\t\t\t\t\t\n\t\t\t\t\t\t\t\t\t<div class=\"work-item style-1\" data-custom-content=\"off\">\n\t\t\t\t\t\t\t\t\t\t\n\t\t\t\t\t\t\t\t\t\t<img decoding=\"async\" class=\"size- skip-lazy\" src=\"https:\/\/warchildhood.org\/ba\/wp-content\/uploads\/2024\/07\/levis-e1721990890318-600x403.jpg\" alt=\"\" height=\"403\" width=\"600\" srcset=\"https:\/\/warchildhood.org\/ba\/wp-content\/uploads\/2024\/07\/levis-e1721990890318-820x604.jpg 900w, https:\/\/warchildhood.org\/ba\/wp-content\/uploads\/2024\/07\/levis-e1721990890318-600x403.jpg 600w, https:\/\/warchildhood.org\/ba\/wp-content\/uploads\/2024\/07\/levis-e1721990890318-400x269.jpg 400w\" sizes=\"(min-width: 1000px) 25vw, (min-width: 690px) 50vw, 100vw\" \/>\t\t\t\t\t\t\t\t\t\t\n\t\t\t\t\t\t\t\t\t\t\n\t\t\t\t\t\t\t\t\t\t<div class=\"work-info\"> \n\t\t\t\t\t\t\t\t\t\t\t\n\t\t\t\t\t\t\t\t\t\t\t\n\t\t\t\t\t\t\t\t\t\t\t\t\t\t\t\t\t\t\t\t\t\t\t\n\t\t\t\t\t\t\t\t\t\t\t\t<a href=\"https:\/\/warchildhood.org\/ba\/planovi-aktivnosti\/snalazljivost-i-otpornost\/\"><\/a>\n\t\t\t\t\t\t\t\t\t\t\t\t\n\t\t\t\t\t\t\t\t\t\t\t\t\t\t\t\t\t\t\t\t\t\t\n\t\t\t\t\t\t\t\t\t\t\t\n\t\t\t\t\t\t\t\t\t\t<\/div>\n\t\t\t\t\t\t\t\t\t\t\n\t\t\t\t\t\t\t\t\t<\/div><!--work-item-->\n\t\t\t\t\t\t\t\t\t\n\t\t\t\t\t\t\t\t\t<div class=\"work-meta\">\n\t\t\t\t\t\t\t\t\t\t<h4 class=\"title\">Snala\u017eljivost i otpornost<\/h4>\n\t\t\t\t\t\t\t\t\t\t\n\t\t\t\t\t\t\t\t\t\t<p><b>Glavna starosna grupa: 15-18<\/b><p><\/p> Opremljeni solidnim razumijevanjem historijskog konteksta, u\u010denici razmi\u0161ljaju i raspravljaju o pitanjima koja se odnose na snala\u017eljivost i otpornost. U\u010denici imaju priliku da izraze svoju kreativnost u\u010destvovanjem u aktivnostima kao \u0161to su pri\u010danje pri\u010da, pisanje, stvaranje umjetni\u010dkih djela, istra\u017euju\u0107i svoje li\u010dne predmete ili iskustva koja predstavljaju snala\u017eljivost i otpornost.<\/p>\t\t\t\t\t\t\t\t\t\t\n\t\t\t\t\t\t\t\t\t<\/div>\n\t\t\t\t\t\t\t\t\t\n\t\t\t\t\t\t\t\t\t\n\t\t\t\t\t\t\t\t\t\t\t\t\t\t\t\t\n\t\t\t\t\t\t\t\t\n\t\t\t\t\t\t\t<\/div><!--\/inner-wrap-->\n\t\t\t\t\t\t<\/div><!--\/col-->\n\t\t\t\t\t\t\n\t\t\t\t\t\t\t\t\t\t\t\n\t\t\t\t\t\t\t\t\t\t\t\t\n\t\t\t\t\t\t<div class=\"col span_3  element 10-14 edukatori-za-edukatore-2 \"  data-project-cat=\"10-14 edukatori-za-edukatore-2 \" data-default-color=\"true\" data-title-color=\"\" data-subtitle-color=\"\">\n\t\t\t\t\t\t\t\n\t\t\t\t\t\t\t<div class=\"inner-wrap animated\" data-animation=\"none\">\n\t\t\t\t\t\t\t\t\n\t\t\t\t\t\t\t\t\t\t\t\t\t\t\t\t\t\n\t\t\t\t\t\t\t\t\t<div class=\"work-item style-1\" data-custom-content=\"off\">\n\t\t\t\t\t\t\t\t\t\t\n\t\t\t\t\t\t\t\t\t\t<img decoding=\"async\" class=\"size- skip-lazy\" src=\"https:\/\/warchildhood.org\/ba\/wp-content\/uploads\/2024\/07\/prezivjeli-smo-600x403.jpg\" alt=\"\" height=\"403\" width=\"600\" srcset=\"https:\/\/warchildhood.org\/ba\/wp-content\/uploads\/2024\/07\/prezivjeli-smo-850x604.jpg 900w, https:\/\/warchildhood.org\/ba\/wp-content\/uploads\/2024\/07\/prezivjeli-smo-600x403.jpg 600w, https:\/\/warchildhood.org\/ba\/wp-content\/uploads\/2024\/07\/prezivjeli-smo-400x269.jpg 400w\" sizes=\"(min-width: 1000px) 25vw, (min-width: 690px) 50vw, 100vw\" \/>\t\t\t\t\t\t\t\t\t\t\n\t\t\t\t\t\t\t\t\t\t\n\t\t\t\t\t\t\t\t\t\t<div class=\"work-info\"> \n\t\t\t\t\t\t\t\t\t\t\t\n\t\t\t\t\t\t\t\t\t\t\t\n\t\t\t\t\t\t\t\t\t\t\t\t\t\t\t\t\t\t\t\t\t\t\t\n\t\t\t\t\t\t\t\t\t\t\t\t<a href=\"https:\/\/warchildhood.org\/ba\/planovi-aktivnosti\/prezivjeli-smo-uspomene-i-sjecanja\/\"><\/a>\n\t\t\t\t\t\t\t\t\t\t\t\t\n\t\t\t\t\t\t\t\t\t\t\t\t\t\t\t\t\t\t\t\t\t\t\n\t\t\t\t\t\t\t\t\t\t\t\n\t\t\t\t\t\t\t\t\t\t<\/div>\n\t\t\t\t\t\t\t\t\t\t\n\t\t\t\t\t\t\t\t\t<\/div><!--work-item-->\n\t\t\t\t\t\t\t\t\t\n\t\t\t\t\t\t\t\t\t<div class=\"work-meta\">\n\t\t\t\t\t\t\t\t\t\t<h4 class=\"title\">Pre\u017eivjeli smo \u2013 uspomene i sje\u0107anja<\/h4>\n\t\t\t\t\t\t\t\t\t\t\n\t\t\t\t\t\t\t\t\t\t<p><b>Glavna starosna grupa: 13-14<\/b><p><\/p>Podijeljeni u manje grupe, u\u010denici \u010ditaju isje\u010dke iz dnevnika iz kolekcije Muzeja ratnog djetinjstva i prepoznaju \u017eivotne uslove u kojima su \u017eivjela djeca u ratu, njihovo mentalno stanje, osje\u0107anja i emocije, kao i dijelove teksta koji na njih ostavljaju poseban utisak. Na kraju, diskutuju o razli\u010ditostima i sli\u010dnostima izme\u0111u razli\u010ditih isje\u010daka iz dnevnika.<\/p>\t\t\t\t\t\t\t\t\t\t\n\t\t\t\t\t\t\t\t\t<\/div>\n\t\t\t\t\t\t\t\t\t\n\t\t\t\t\t\t\t\t\t\n\t\t\t\t\t\t\t\t\t\t\t\t\t\t\t\t\n\t\t\t\t\t\t\t\t\n\t\t\t\t\t\t\t<\/div><!--\/inner-wrap-->\n\t\t\t\t\t\t<\/div><!--\/col-->\n\t\t\t\t\t\t\n\t\t\t\t\t\t\t\t\t\t\t\n\t\t\t\t\t\t\t\t\t\t\t\t\n\t\t\t\t\t\t<div class=\"col span_3  element 15-18 edukatori-za-edukatore-2 \"  data-project-cat=\"15-18 edukatori-za-edukatore-2 \" data-default-color=\"true\" data-title-color=\"\" data-subtitle-color=\"\">\n\t\t\t\t\t\t\t\n\t\t\t\t\t\t\t<div class=\"inner-wrap animated\" data-animation=\"none\">\n\t\t\t\t\t\t\t\t\n\t\t\t\t\t\t\t\t\t\t\t\t\t\t\t\t\t\n\t\t\t\t\t\t\t\t\t<div class=\"work-item style-1\" data-custom-content=\"off\">\n\t\t\t\t\t\t\t\t\t\t\n\t\t\t\t\t\t\t\t\t\t<img decoding=\"async\" class=\"size- skip-lazy\" src=\"https:\/\/warchildhood.org\/ba\/wp-content\/uploads\/2024\/07\/Dear-Friend-A-letter-to-you-Dragi-prijatelju-pismo-tebi-600x403.jpg\" alt=\"\" height=\"403\" width=\"600\" srcset=\"https:\/\/warchildhood.org\/ba\/wp-content\/uploads\/2024\/07\/Dear-Friend-A-letter-to-you-Dragi-prijatelju-pismo-tebi-900x604.jpg 900w, https:\/\/warchildhood.org\/ba\/wp-content\/uploads\/2024\/07\/Dear-Friend-A-letter-to-you-Dragi-prijatelju-pismo-tebi-600x403.jpg 600w, https:\/\/warchildhood.org\/ba\/wp-content\/uploads\/2024\/07\/Dear-Friend-A-letter-to-you-Dragi-prijatelju-pismo-tebi-400x269.jpg 400w\" sizes=\"(min-width: 1000px) 25vw, (min-width: 690px) 50vw, 100vw\" \/>\t\t\t\t\t\t\t\t\t\t\n\t\t\t\t\t\t\t\t\t\t\n\t\t\t\t\t\t\t\t\t\t<div class=\"work-info\"> \n\t\t\t\t\t\t\t\t\t\t\t\n\t\t\t\t\t\t\t\t\t\t\t\n\t\t\t\t\t\t\t\t\t\t\t\t\t\t\t\t\t\t\t\t\t\t\t\n\t\t\t\t\t\t\t\t\t\t\t\t<a href=\"https:\/\/warchildhood.org\/ba\/planovi-aktivnosti\/poredjenje-dnevnika\/\"><\/a>\n\t\t\t\t\t\t\t\t\t\t\t\t\n\t\t\t\t\t\t\t\t\t\t\t\t\t\t\t\t\t\t\t\t\t\t\n\t\t\t\t\t\t\t\t\t\t\t\n\t\t\t\t\t\t\t\t\t\t<\/div>\n\t\t\t\t\t\t\t\t\t\t\n\t\t\t\t\t\t\t\t\t<\/div><!--work-item-->\n\t\t\t\t\t\t\t\t\t\n\t\t\t\t\t\t\t\t\t<div class=\"work-meta\">\n\t\t\t\t\t\t\t\t\t\t<h4 class=\"title\">Pore\u0111enje dnevnika<\/h4>\n\t\t\t\t\t\t\t\t\t\t\n\t\t\t\t\t\t\t\t\t\t<p><b>Glavna starosna grupa: 15-18<\/b><p><\/p>U ovom planu aktivnosti u\u010denici \u0107e imati priliku da rade na svojim kao i na dnevnicima iz kolekcije Muzeja ratnog djetinjstva. Osnovni cilj je razvijanje razumijevanja li\u010dne dimenzije \u017eivota u ratu.<\/p>\t\t\t\t\t\t\t\t\t\t\n\t\t\t\t\t\t\t\t\t<\/div>\n\t\t\t\t\t\t\t\t\t\n\t\t\t\t\t\t\t\t\t\n\t\t\t\t\t\t\t\t\t\t\t\t\t\t\t\t\n\t\t\t\t\t\t\t\t\n\t\t\t\t\t\t\t<\/div><!--\/inner-wrap-->\n\t\t\t\t\t\t<\/div><!--\/col-->\n\t\t\t\t\t\t\n\t\t\t\t\t\t\t\t\t\t\t\n\t\t\t\t\t\t\t\t\t\t\t\t\n\t\t\t\t\t\t<div class=\"col span_3  element 10-14 15-18 edukatori-za-edukatore-2 \"  data-project-cat=\"10-14 15-18 edukatori-za-edukatore-2 \" data-default-color=\"true\" data-title-color=\"\" data-subtitle-color=\"\">\n\t\t\t\t\t\t\t\n\t\t\t\t\t\t\t<div class=\"inner-wrap animated\" data-animation=\"none\">\n\t\t\t\t\t\t\t\t\n\t\t\t\t\t\t\t\t\t\t\t\t\t\t\t\t\t\n\t\t\t\t\t\t\t\t\t<div class=\"work-item style-1\" data-custom-content=\"off\">\n\t\t\t\t\t\t\t\t\t\t\n\t\t\t\t\t\t\t\t\t\t<img decoding=\"async\" class=\"size- skip-lazy\" src=\"https:\/\/warchildhood.org\/ba\/wp-content\/uploads\/2024\/07\/levis-e1721990890318-600x403.jpg\" alt=\"\" height=\"403\" width=\"600\" srcset=\"https:\/\/warchildhood.org\/ba\/wp-content\/uploads\/2024\/07\/levis-e1721990890318-820x604.jpg 900w, https:\/\/warchildhood.org\/ba\/wp-content\/uploads\/2024\/07\/levis-e1721990890318-600x403.jpg 600w, https:\/\/warchildhood.org\/ba\/wp-content\/uploads\/2024\/07\/levis-e1721990890318-400x269.jpg 400w\" sizes=\"(min-width: 1000px) 25vw, (min-width: 690px) 50vw, 100vw\" \/>\t\t\t\t\t\t\t\t\t\t\n\t\t\t\t\t\t\t\t\t\t\n\t\t\t\t\t\t\t\t\t\t<div class=\"work-info\"> \n\t\t\t\t\t\t\t\t\t\t\t\n\t\t\t\t\t\t\t\t\t\t\t\n\t\t\t\t\t\t\t\t\t\t\t\t\t\t\t\t\t\t\t\t\t\t\t\n\t\t\t\t\t\t\t\t\t\t\t\t<a href=\"https:\/\/warchildhood.org\/ba\/planovi-aktivnosti\/ma-daj-obuci-levisice\/\"><\/a>\n\t\t\t\t\t\t\t\t\t\t\t\t\n\t\t\t\t\t\t\t\t\t\t\t\t\t\t\t\t\t\t\t\t\t\t\n\t\t\t\t\t\t\t\t\t\t\t\n\t\t\t\t\t\t\t\t\t\t<\/div>\n\t\t\t\t\t\t\t\t\t\t\n\t\t\t\t\t\t\t\t\t<\/div><!--work-item-->\n\t\t\t\t\t\t\t\t\t\n\t\t\t\t\t\t\t\t\t<div class=\"work-meta\">\n\t\t\t\t\t\t\t\t\t\t<h4 class=\"title\">Ma daj, obuci Levisice!<\/h4>\n\t\t\t\t\t\t\t\t\t\t\n\t\t\t\t\t\t\t\t\t\t<p><b>Glavna starosna grupa: 13-16<\/b><p><\/p>U\u010denici prepoznaju va\u017enost snala\u017eljivoti, hrabrosti i otpornosti kroz jedan od predmeta iz kolekcije Muzeja ratnog djetinjstva i li\u010dnu pri\u010du s njim povezanu. Nakon toga kreiraju zajedni\u010dku umjetni\u010dku instalaciju od starih farmerica tako \u0161to na\u0161ivaju na njih svoje simbole hrabrosti napravljene od farmer materijala i raznobojnih niti.<\/p>\t\t\t\t\t\t\t\t\t\t\n\t\t\t\t\t\t\t\t\t<\/div>\n\t\t\t\t\t\t\t\t\t\n\t\t\t\t\t\t\t\t\t\n\t\t\t\t\t\t\t\t\t\t\t\t\t\t\t\t\n\t\t\t\t\t\t\t\t\n\t\t\t\t\t\t\t<\/div><!--\/inner-wrap-->\n\t\t\t\t\t\t<\/div><!--\/col-->\n\t\t\t\t\t\t\n\t\t\t\t\t\t\t\t\t\t\t\n\t\t\t\t\t\t\t\t\t\t\t\t\n\t\t\t\t\t\t<div class=\"col span_3  element 10-14 15-18 edukatori-za-edukatore-2 \"  data-project-cat=\"10-14 15-18 edukatori-za-edukatore-2 \" data-default-color=\"true\" data-title-color=\"\" data-subtitle-color=\"\">\n\t\t\t\t\t\t\t\n\t\t\t\t\t\t\t<div class=\"inner-wrap animated\" data-animation=\"none\">\n\t\t\t\t\t\t\t\t\n\t\t\t\t\t\t\t\t\t\t\t\t\t\t\t\t\t\n\t\t\t\t\t\t\t\t\t<div class=\"work-item style-1\" data-custom-content=\"off\">\n\t\t\t\t\t\t\t\t\t\t\n\t\t\t\t\t\t\t\t\t\t<img decoding=\"async\" class=\"size- skip-lazy\" src=\"https:\/\/warchildhood.org\/ba\/wp-content\/uploads\/2024\/07\/jelena-e1721990125162-600x403.jpg\" alt=\"\" height=\"403\" width=\"600\" srcset=\"https:\/\/warchildhood.org\/ba\/wp-content\/uploads\/2024\/07\/jelena-e1721990125162-866x604.jpg 900w, https:\/\/warchildhood.org\/ba\/wp-content\/uploads\/2024\/07\/jelena-e1721990125162-600x403.jpg 600w, https:\/\/warchildhood.org\/ba\/wp-content\/uploads\/2024\/07\/jelena-e1721990125162-400x269.jpg 400w\" sizes=\"(min-width: 1000px) 25vw, (min-width: 690px) 50vw, 100vw\" \/>\t\t\t\t\t\t\t\t\t\t\n\t\t\t\t\t\t\t\t\t\t\n\t\t\t\t\t\t\t\t\t\t<div class=\"work-info\"> \n\t\t\t\t\t\t\t\t\t\t\t\n\t\t\t\t\t\t\t\t\t\t\t\n\t\t\t\t\t\t\t\t\t\t\t\t\t\t\t\t\t\t\t\t\t\t\t\n\t\t\t\t\t\t\t\t\t\t\t\t<a href=\"https:\/\/warchildhood.org\/ba\/planovi-aktivnosti\/jelenin-frajer-sa-gitarom\/\"><\/a>\n\t\t\t\t\t\t\t\t\t\t\t\t\n\t\t\t\t\t\t\t\t\t\t\t\t\t\t\t\t\t\t\t\t\t\t\n\t\t\t\t\t\t\t\t\t\t\t\n\t\t\t\t\t\t\t\t\t\t<\/div>\n\t\t\t\t\t\t\t\t\t\t\n\t\t\t\t\t\t\t\t\t<\/div><!--work-item-->\n\t\t\t\t\t\t\t\t\t\n\t\t\t\t\t\t\t\t\t<div class=\"work-meta\">\n\t\t\t\t\t\t\t\t\t\t<h4 class=\"title\">Jelenin frajer sa gitarom<\/h4>\n\t\t\t\t\t\t\t\t\t\t\n\t\t\t\t\t\t\t\t\t\t<p><b>Glavna starosna grupa: 13-15<\/b><p><\/p>U\u010denice \u0107e prepoznati simbole ratnog djetinjstva, i kroz upoznavanje sa pri\u010dom iz kolekcije Muzeja ratnog djetinjstva imat \u0107e priliku za refleksiju i diskusiju i posljedicama oru\u017eanih sukoba na djecu.<\/p>\t\t\t\t\t\t\t\t\t\t\n\t\t\t\t\t\t\t\t\t<\/div>\n\t\t\t\t\t\t\t\t\t\n\t\t\t\t\t\t\t\t\t\n\t\t\t\t\t\t\t\t\t\t\t\t\t\t\t\t\n\t\t\t\t\t\t\t\t\n\t\t\t\t\t\t\t<\/div><!--\/inner-wrap-->\n\t\t\t\t\t\t<\/div><!--\/col-->\n\t\t\t\t\t\t\n\t\t\t\t\t\t\t\t\t\t\t\n\t\t\t\t\t\t\t\t\t\t\t\t\n\t\t\t\t\t\t<div class=\"col span_3  element 10-14 15-18 edukatori-za-edukatore-2 \"  data-project-cat=\"10-14 15-18 edukatori-za-edukatore-2 \" data-default-color=\"true\" data-title-color=\"\" data-subtitle-color=\"\">\n\t\t\t\t\t\t\t\n\t\t\t\t\t\t\t<div class=\"inner-wrap animated\" data-animation=\"none\">\n\t\t\t\t\t\t\t\t\n\t\t\t\t\t\t\t\t\t\t\t\t\t\t\t\t\t\n\t\t\t\t\t\t\t\t\t<div class=\"work-item style-1\" data-custom-content=\"off\">\n\t\t\t\t\t\t\t\t\t\t\n\t\t\t\t\t\t\t\t\t\t<img decoding=\"async\" class=\"size- skip-lazy\" src=\"https:\/\/warchildhood.org\/ba\/wp-content\/uploads\/2024\/07\/vojska-600x403.jpg\" alt=\"\" height=\"403\" width=\"600\" srcset=\"https:\/\/warchildhood.org\/ba\/wp-content\/uploads\/2024\/07\/vojska-850x604.jpg 900w, https:\/\/warchildhood.org\/ba\/wp-content\/uploads\/2024\/07\/vojska-600x403.jpg 600w, https:\/\/warchildhood.org\/ba\/wp-content\/uploads\/2024\/07\/vojska-400x269.jpg 400w\" sizes=\"(min-width: 1000px) 25vw, (min-width: 690px) 50vw, 100vw\" \/>\t\t\t\t\t\t\t\t\t\t\n\t\t\t\t\t\t\t\t\t\t\n\t\t\t\t\t\t\t\t\t\t<div class=\"work-info\"> \n\t\t\t\t\t\t\t\t\t\t\t\n\t\t\t\t\t\t\t\t\t\t\t\n\t\t\t\t\t\t\t\t\t\t\t\t\t\t\t\t\t\t\t\t\t\t\t\n\t\t\t\t\t\t\t\t\t\t\t\t<a href=\"https:\/\/warchildhood.org\/ba\/planovi-aktivnosti\/djeca-u-vojsci-historijsko-istrazivanje\/\"><\/a>\n\t\t\t\t\t\t\t\t\t\t\t\t\n\t\t\t\t\t\t\t\t\t\t\t\t\t\t\t\t\t\t\t\t\t\t\n\t\t\t\t\t\t\t\t\t\t\t\n\t\t\t\t\t\t\t\t\t\t<\/div>\n\t\t\t\t\t\t\t\t\t\t\n\t\t\t\t\t\t\t\t\t<\/div><!--work-item-->\n\t\t\t\t\t\t\t\t\t\n\t\t\t\t\t\t\t\t\t<div class=\"work-meta\">\n\t\t\t\t\t\t\t\t\t\t<h4 class=\"title\">Djeca u vojsci\u2013 historijsko istra\u017eivanje<\/h4>\n\t\t\t\t\t\t\t\t\t\t\n\t\t\t\t\t\t\t\t\t\t<p><b>Glavna starosna grupa: 13-15<\/b><p><\/p>Koriste\u0107i se internetskim izvorima za provo\u0111enje istra\u017eivanja o pojedina\u010dnim studijama slu\u010daja maloljetnih boraca kroz historiju, u\u010denici i u\u010denice \u0107e izgraditi osnovno znanje o njima, te imati priliku da kroz zadatak kreativnog pisanja artikuli\u0161u svoje refleksije o njihovim iskustvima.<\/p>\t\t\t\t\t\t\t\t\t\t\n\t\t\t\t\t\t\t\t\t<\/div>\n\t\t\t\t\t\t\t\t\t\n\t\t\t\t\t\t\t\t\t\n\t\t\t\t\t\t\t\t\t\t\t\t\t\t\t\t\n\t\t\t\t\t\t\t\t\n\t\t\t\t\t\t\t<\/div><!--\/inner-wrap-->\n\t\t\t\t\t\t<\/div><!--\/col-->\n\t\t\t\t\t\t\n\t\t\t\t\t\t\t\t\t\t\t\n\t\t\t\t\t\t\t\t\t\t\t\t\n\t\t\t\t\t\t<div class=\"col span_3  element 10-14 edukatori-za-edukatore-2 \"  data-project-cat=\"10-14 edukatori-za-edukatore-2 \" data-default-color=\"true\" data-title-color=\"\" data-subtitle-color=\"\">\n\t\t\t\t\t\t\t\n\t\t\t\t\t\t\t<div class=\"inner-wrap animated\" data-animation=\"none\">\n\t\t\t\t\t\t\t\t\n\t\t\t\t\t\t\t\t\t\t\t\t\t\t\t\t\t\n\t\t\t\t\t\t\t\t\t<div class=\"work-item style-1\" data-custom-content=\"off\">\n\t\t\t\t\t\t\t\t\t\t\n\t\t\t\t\t\t\t\t\t\t<img decoding=\"async\" class=\"size- skip-lazy\" src=\"https:\/\/warchildhood.org\/ba\/wp-content\/uploads\/2024\/07\/How-life-was-is-and-will-be-Zivot-kakav-je-bio-kakav-jeste-i-kakav-ce-biti-e1721983528646-600x403.jpg\" alt=\"\" height=\"403\" width=\"600\" srcset=\"https:\/\/warchildhood.org\/ba\/wp-content\/uploads\/2024\/07\/How-life-was-is-and-will-be-Zivot-kakav-je-bio-kakav-jeste-i-kakav-ce-biti-e1721983528646-890x604.jpg 900w, https:\/\/warchildhood.org\/ba\/wp-content\/uploads\/2024\/07\/How-life-was-is-and-will-be-Zivot-kakav-je-bio-kakav-jeste-i-kakav-ce-biti-e1721983528646-600x403.jpg 600w, https:\/\/warchildhood.org\/ba\/wp-content\/uploads\/2024\/07\/How-life-was-is-and-will-be-Zivot-kakav-je-bio-kakav-jeste-i-kakav-ce-biti-e1721983528646-400x269.jpg 400w\" sizes=\"(min-width: 1000px) 25vw, (min-width: 690px) 50vw, 100vw\" \/>\t\t\t\t\t\t\t\t\t\t\n\t\t\t\t\t\t\t\t\t\t\n\t\t\t\t\t\t\t\t\t\t<div class=\"work-info\"> \n\t\t\t\t\t\t\t\t\t\t\t\n\t\t\t\t\t\t\t\t\t\t\t\n\t\t\t\t\t\t\t\t\t\t\t\t\t\t\t\t\t\t\t\t\t\t\t\n\t\t\t\t\t\t\t\t\t\t\t\t<a href=\"https:\/\/warchildhood.org\/ba\/planovi-aktivnosti\/zivot-kakav-je-bio-kakav-jeste-i-kakav-ce-biti-snalazenje-u-promjenama-za-vrijeme-krize\/\"><\/a>\n\t\t\t\t\t\t\t\t\t\t\t\t\n\t\t\t\t\t\t\t\t\t\t\t\t\t\t\t\t\t\t\t\t\t\t\n\t\t\t\t\t\t\t\t\t\t\t\n\t\t\t\t\t\t\t\t\t\t<\/div>\n\t\t\t\t\t\t\t\t\t\t\n\t\t\t\t\t\t\t\t\t<\/div><!--work-item-->\n\t\t\t\t\t\t\t\t\t\n\t\t\t\t\t\t\t\t\t<div class=\"work-meta\">\n\t\t\t\t\t\t\t\t\t\t<h4 class=\"title\">\u017divot kakav je bio, kakav jeste i kakav \u0107e biti: snala\u017eenje u promjenama za vrijeme krize<\/h4>\n\t\t\t\t\t\t\t\t\t\t\n\t\t\t\t\t\t\t\t\t\t<p><b>Glavna starosna grupa: 10-12<\/b><p><\/p>U\u010denici u\u010de o li\u010dnom iskustvu djeteta izbjeglice po imenu Ali, \u010dime se otvara diskusija o zna\u010dajnim odraslim osobama u njihovom \u017eivotu, njihovoj ulozi i osobinama koje ih \u010dine va\u017enima. U\u010denici se upoznaju sa Konvencijom o pravima djeteta i u grupama razgovaraju o zna\u010daju i va\u017enosti pojedinih prava za Alijev \u017eivot.<\/p>\t\t\t\t\t\t\t\t\t\t\n\t\t\t\t\t\t\t\t\t<\/div>\n\t\t\t\t\t\t\t\t\t\n\t\t\t\t\t\t\t\t\t\n\t\t\t\t\t\t\t\t\t\t\t\t\t\t\t\t\n\t\t\t\t\t\t\t\t\n\t\t\t\t\t\t\t<\/div><!--\/inner-wrap-->\n\t\t\t\t\t\t<\/div><!--\/col-->\n\t\t\t\t\t\t\n\t\t\t\t\t\t\t\t\t\t\t\n\t\t\t\t\t\t\t\t\t\t\t\t\n\t\t\t\t\t\t<div class=\"col span_3  element 10-14 6-9 edukatori-za-edukatore-2 \"  data-project-cat=\"10-14 6-9 edukatori-za-edukatore-2 \" data-default-color=\"true\" data-title-color=\"\" data-subtitle-color=\"\">\n\t\t\t\t\t\t\t\n\t\t\t\t\t\t\t<div class=\"inner-wrap animated\" data-animation=\"none\">\n\t\t\t\t\t\t\t\t\n\t\t\t\t\t\t\t\t\t\t\t\t\t\t\t\t\t\n\t\t\t\t\t\t\t\t\t<div class=\"work-item style-1\" data-custom-content=\"off\">\n\t\t\t\t\t\t\t\t\t\t\n\t\t\t\t\t\t\t\t\t\t<img decoding=\"async\" class=\"size- skip-lazy\" src=\"https:\/\/warchildhood.org\/ba\/wp-content\/uploads\/2024\/07\/I-Repair-Sashas-Home-Popravljam-Sashin-dom-e1721981600167-600x403.jpg\" alt=\"\" height=\"403\" width=\"600\" srcset=\"https:\/\/warchildhood.org\/ba\/wp-content\/uploads\/2024\/07\/I-Repair-Sashas-Home-Popravljam-Sashin-dom-e1721981600167-900x604.jpg 900w, https:\/\/warchildhood.org\/ba\/wp-content\/uploads\/2024\/07\/I-Repair-Sashas-Home-Popravljam-Sashin-dom-e1721981600167-600x403.jpg 600w, https:\/\/warchildhood.org\/ba\/wp-content\/uploads\/2024\/07\/I-Repair-Sashas-Home-Popravljam-Sashin-dom-e1721981600167-400x269.jpg 400w\" sizes=\"(min-width: 1000px) 25vw, (min-width: 690px) 50vw, 100vw\" \/>\t\t\t\t\t\t\t\t\t\t\n\t\t\t\t\t\t\t\t\t\t\n\t\t\t\t\t\t\t\t\t\t<div class=\"work-info\"> \n\t\t\t\t\t\t\t\t\t\t\t\n\t\t\t\t\t\t\t\t\t\t\t\n\t\t\t\t\t\t\t\t\t\t\t\t\t\t\t\t\t\t\t\t\t\t\t\n\t\t\t\t\t\t\t\t\t\t\t\t<a href=\"https:\/\/warchildhood.org\/ba\/planovi-aktivnosti\/vreca-brige\/\"><\/a>\n\t\t\t\t\t\t\t\t\t\t\t\t\n\t\t\t\t\t\t\t\t\t\t\t\t\t\t\t\t\t\t\t\t\t\t\n\t\t\t\t\t\t\t\t\t\t\t\n\t\t\t\t\t\t\t\t\t\t<\/div>\n\t\t\t\t\t\t\t\t\t\t\n\t\t\t\t\t\t\t\t\t<\/div><!--work-item-->\n\t\t\t\t\t\t\t\t\t\n\t\t\t\t\t\t\t\t\t<div class=\"work-meta\">\n\t\t\t\t\t\t\t\t\t\t<h4 class=\"title\">Vre\u0107a brige<\/h4>\n\t\t\t\t\t\t\t\t\t\t\n\t\t\t\t\t\t\t\t\t\t<p><b>Glavna starosna grupa: 8-10 <\/b><p><\/p> U\u010denici i u\u010denice \u0107e dekonstruisati, tj. razgraditi ku\u0107u napravljenu od pjenaste cigle prepoznaju\u0107i negativne posljedice oru\u017eanog sukoba na djecu prikazane u pri\u010di iz kolekcije Muzeja ratnog djetinjstva, a potom \u0107e je iznova izgraditi prepoznaju\u0107i razli\u010dite na\u010dine pru\u017eanja podr\u0161ke i pomo\u0107i ovoj djeci. Koristit \u0107e teatar slika kako bi utjelovili razli\u010dite na\u010dine na koje i sami mogu podr\u017eati djecu koja odrastaju u ratu stvaraju\u0107i individualne i grupne zamrznute (tj. mirne) slike razli\u010ditih oblika pomo\u0107i.<\/p>\t\t\t\t\t\t\t\t\t\t\n\t\t\t\t\t\t\t\t\t<\/div>\n\t\t\t\t\t\t\t\t\t\n\t\t\t\t\t\t\t\t\t\n\t\t\t\t\t\t\t\t\t\t\t\t\t\t\t\t\n\t\t\t\t\t\t\t\t\n\t\t\t\t\t\t\t<\/div><!--\/inner-wrap-->\n\t\t\t\t\t\t<\/div><!--\/col-->\n\t\t\t\t\t\t\n\t\t\t\t\t\t\t\t\t\t\t\n\t\t\t\t\t\t\t\t\t\t\t\t\n\t\t\t\t\t\t<div class=\"col span_3  element 10-14 edukatori-za-edukatore-2 \"  data-project-cat=\"10-14 edukatori-za-edukatore-2 \" data-default-color=\"true\" data-title-color=\"\" data-subtitle-color=\"\">\n\t\t\t\t\t\t\t\n\t\t\t\t\t\t\t<div class=\"inner-wrap animated\" data-animation=\"none\">\n\t\t\t\t\t\t\t\t\n\t\t\t\t\t\t\t\t\t\t\t\t\t\t\t\t\t\n\t\t\t\t\t\t\t\t\t<div class=\"work-item style-1\" data-custom-content=\"off\">\n\t\t\t\t\t\t\t\t\t\t\n\t\t\t\t\t\t\t\t\t\t<img decoding=\"async\" class=\"size- skip-lazy\" src=\"https:\/\/warchildhood.org\/ba\/wp-content\/uploads\/2024\/07\/The-Kindness-Jar-Staklenka-dobrote-600x403.jpg\" alt=\"\" height=\"403\" width=\"600\" srcset=\"https:\/\/warchildhood.org\/ba\/wp-content\/uploads\/2024\/07\/The-Kindness-Jar-Staklenka-dobrote-900x604.jpg 900w, https:\/\/warchildhood.org\/ba\/wp-content\/uploads\/2024\/07\/The-Kindness-Jar-Staklenka-dobrote-600x403.jpg 600w, https:\/\/warchildhood.org\/ba\/wp-content\/uploads\/2024\/07\/The-Kindness-Jar-Staklenka-dobrote-400x269.jpg 400w\" sizes=\"(min-width: 1000px) 25vw, (min-width: 690px) 50vw, 100vw\" \/>\t\t\t\t\t\t\t\t\t\t\n\t\t\t\t\t\t\t\t\t\t\n\t\t\t\t\t\t\t\t\t\t<div class=\"work-info\"> \n\t\t\t\t\t\t\t\t\t\t\t\n\t\t\t\t\t\t\t\t\t\t\t\n\t\t\t\t\t\t\t\t\t\t\t\t\t\t\t\t\t\t\t\t\t\t\t\n\t\t\t\t\t\t\t\t\t\t\t\t<a href=\"https:\/\/warchildhood.org\/ba\/planovi-aktivnosti\/staklenka-dobrote\/\"><\/a>\n\t\t\t\t\t\t\t\t\t\t\t\t\n\t\t\t\t\t\t\t\t\t\t\t\t\t\t\t\t\t\t\t\t\t\t\n\t\t\t\t\t\t\t\t\t\t\t\n\t\t\t\t\t\t\t\t\t\t<\/div>\n\t\t\t\t\t\t\t\t\t\t\n\t\t\t\t\t\t\t\t\t<\/div><!--work-item-->\n\t\t\t\t\t\t\t\t\t\n\t\t\t\t\t\t\t\t\t<div class=\"work-meta\">\n\t\t\t\t\t\t\t\t\t\t<h4 class=\"title\">Staklenka dobrote<\/h4>\n\t\t\t\t\t\t\t\t\t\t\n\t\t\t\t\t\t\t\t\t\t<p><b>Glavna starosna grupa: 10-12<\/b><p><\/p>U\u010denici \u0107e ozna\u010diti lokacije na mapi, razgovarati o kulturnoj raznolikosti i analizirati statistiku Visokog povjerenika UN-a za izbjeglice (u nastavku UNHCR). Istra\u017eit \u0107e nekoliko klju\u010dnih koncepata kao \u0161to su strah i nacionalizam te \u0107e se osvrnuti na uzroke raseljavanja. Li\u010dna pri\u010da iz kolekcije WCM-a potaknut \u0107e raspravu o empatiji i diskriminaciji. Razmi\u0161ljaju\u0107i o rje\u0161enjima, u\u010denici predla\u017eu na\u010dine za podr\u0161ku onima kojima je pomo\u0107 potrebna.<\/p>\t\t\t\t\t\t\t\t\t\t\n\t\t\t\t\t\t\t\t\t<\/div>\n\t\t\t\t\t\t\t\t\t\n\t\t\t\t\t\t\t\t\t\n\t\t\t\t\t\t\t\t\t\t\t\t\t\t\t\t\n\t\t\t\t\t\t\t\t\n\t\t\t\t\t\t\t<\/div><!--\/inner-wrap-->\n\t\t\t\t\t\t<\/div><!--\/col-->\n\t\t\t\t\t\t\n\t\t\t\t\t\t\t\t\t\t\t\n\t\t\t\t\t\t\t\t\t\t\t\t\n\t\t\t\t\t\t<div class=\"col span_3  element 10-14 6-9 edukatori-za-edukatore-2 \"  data-project-cat=\"10-14 6-9 edukatori-za-edukatore-2 \" data-default-color=\"true\" data-title-color=\"\" data-subtitle-color=\"\">\n\t\t\t\t\t\t\t\n\t\t\t\t\t\t\t<div class=\"inner-wrap animated\" data-animation=\"none\">\n\t\t\t\t\t\t\t\t\n\t\t\t\t\t\t\t\t\t\t\t\t\t\t\t\t\t\n\t\t\t\t\t\t\t\t\t<div class=\"work-item style-1\" data-custom-content=\"off\">\n\t\t\t\t\t\t\t\t\t\t\n\t\t\t\t\t\t\t\t\t\t<img decoding=\"async\" class=\"size- skip-lazy\" src=\"https:\/\/warchildhood.org\/ba\/wp-content\/uploads\/2024\/07\/Koji-je-tvoj-omiljeni-predmet-600x403.jpg\" alt=\"\" height=\"403\" width=\"600\" srcset=\"https:\/\/warchildhood.org\/ba\/wp-content\/uploads\/2024\/07\/Koji-je-tvoj-omiljeni-predmet-900x604.jpg 900w, https:\/\/warchildhood.org\/ba\/wp-content\/uploads\/2024\/07\/Koji-je-tvoj-omiljeni-predmet-600x403.jpg 600w, https:\/\/warchildhood.org\/ba\/wp-content\/uploads\/2024\/07\/Koji-je-tvoj-omiljeni-predmet-400x269.jpg 400w\" sizes=\"(min-width: 1000px) 25vw, (min-width: 690px) 50vw, 100vw\" \/>\t\t\t\t\t\t\t\t\t\t\n\t\t\t\t\t\t\t\t\t\t\n\t\t\t\t\t\t\t\t\t\t<div class=\"work-info\"> \n\t\t\t\t\t\t\t\t\t\t\t\n\t\t\t\t\t\t\t\t\t\t\t\n\t\t\t\t\t\t\t\t\t\t\t\t\t\t\t\t\t\t\t\t\t\t\t\n\t\t\t\t\t\t\t\t\t\t\t\t<a href=\"https:\/\/warchildhood.org\/ba\/planovi-aktivnosti\/sta-zelis-biti-kada-porastes\/\"><\/a>\n\t\t\t\t\t\t\t\t\t\t\t\t\n\t\t\t\t\t\t\t\t\t\t\t\t\t\t\t\t\t\t\t\t\t\t\n\t\t\t\t\t\t\t\t\t\t\t\n\t\t\t\t\t\t\t\t\t\t<\/div>\n\t\t\t\t\t\t\t\t\t\t\n\t\t\t\t\t\t\t\t\t<\/div><!--work-item-->\n\t\t\t\t\t\t\t\t\t\n\t\t\t\t\t\t\t\t\t<div class=\"work-meta\">\n\t\t\t\t\t\t\t\t\t\t<h4 class=\"title\">\u0160ta \u017eeli\u0161 biti kada poraste\u0161?<\/h4>\n\t\t\t\t\t\t\t\t\t\t\n\t\t\t\t\t\t\t\t\t\t<p><b>Glavna starosna grupa: 8-10<\/b><p><\/p>U\u010denici u\u010de o pravima izbjeglica i upoznaju se sa li\u010dnom pri\u010dom djeteta izbjeglice po imenu Mohammad koji je svoj li\u010dni predmet poklonio Muzeju ratnog djetinjstva. Inspirisani njegovom pri\u010dom i njegovim snovima u\u010denici zajedni\u010dki kreiraju video u kojem govore o svojim snovima i zala\u017eu se za to da sva djeca imaju odgovaraju\u0107u podr\u0161ku da se njihovi snovi ostvare.<\/p>\t\t\t\t\t\t\t\t\t\t\n\t\t\t\t\t\t\t\t\t<\/div>\n\t\t\t\t\t\t\t\t\t\n\t\t\t\t\t\t\t\t\t\n\t\t\t\t\t\t\t\t\t\t\t\t\t\t\t\t\n\t\t\t\t\t\t\t\t\n\t\t\t\t\t\t\t<\/div><!--\/inner-wrap-->\n\t\t\t\t\t\t<\/div><!--\/col-->\n\t\t\t\t\t\t\n\t\t\t\t\t\t\t\t\t\t\t\n\t\t\t\t\t\t\t\t\t\t\t\t\n\t\t\t\t\t\t<div class=\"col span_3  element 10-14 edukatori-za-edukatore-2 \"  data-project-cat=\"10-14 edukatori-za-edukatore-2 \" data-default-color=\"true\" data-title-color=\"\" data-subtitle-color=\"\">\n\t\t\t\t\t\t\t\n\t\t\t\t\t\t\t<div class=\"inner-wrap animated\" data-animation=\"none\">\n\t\t\t\t\t\t\t\t\n\t\t\t\t\t\t\t\t\t\t\t\t\t\t\t\t\t\n\t\t\t\t\t\t\t\t\t<div class=\"work-item style-1\" data-custom-content=\"off\">\n\t\t\t\t\t\t\t\t\t\t\n\t\t\t\t\t\t\t\t\t\t<img decoding=\"async\" class=\"size- skip-lazy\" src=\"https:\/\/warchildhood.org\/ba\/wp-content\/uploads\/2024\/07\/Stories-that-connect-Price-koje-spajaju-600x403.jpg\" alt=\"\" height=\"403\" width=\"600\" srcset=\"https:\/\/warchildhood.org\/ba\/wp-content\/uploads\/2024\/07\/Stories-that-connect-Price-koje-spajaju-900x604.jpg 900w, https:\/\/warchildhood.org\/ba\/wp-content\/uploads\/2024\/07\/Stories-that-connect-Price-koje-spajaju-600x403.jpg 600w, https:\/\/warchildhood.org\/ba\/wp-content\/uploads\/2024\/07\/Stories-that-connect-Price-koje-spajaju-400x269.jpg 400w\" sizes=\"(min-width: 1000px) 25vw, (min-width: 690px) 50vw, 100vw\" \/>\t\t\t\t\t\t\t\t\t\t\n\t\t\t\t\t\t\t\t\t\t\n\t\t\t\t\t\t\t\t\t\t<div class=\"work-info\"> \n\t\t\t\t\t\t\t\t\t\t\t\n\t\t\t\t\t\t\t\t\t\t\t\n\t\t\t\t\t\t\t\t\t\t\t\t\t\t\t\t\t\t\t\t\t\t\t\n\t\t\t\t\t\t\t\t\t\t\t\t<a href=\"https:\/\/warchildhood.org\/ba\/planovi-aktivnosti\/price-koje-spajaju\/\"><\/a>\n\t\t\t\t\t\t\t\t\t\t\t\t\n\t\t\t\t\t\t\t\t\t\t\t\t\t\t\t\t\t\t\t\t\t\t\n\t\t\t\t\t\t\t\t\t\t\t\n\t\t\t\t\t\t\t\t\t\t<\/div>\n\t\t\t\t\t\t\t\t\t\t\n\t\t\t\t\t\t\t\t\t<\/div><!--work-item-->\n\t\t\t\t\t\t\t\t\t\n\t\t\t\t\t\t\t\t\t<div class=\"work-meta\">\n\t\t\t\t\t\t\t\t\t\t<h4 class=\"title\">Pri\u010de koje spajaju<\/h4>\n\t\t\t\t\t\t\t\t\t\t\n\t\t\t\t\t\t\t\t\t\t<p><b>Glavna starosna grupa: 13-14<\/b><p><\/p>U\u010denici \u0107e kroz diskusije, refleksiju i kreativno pisanje imati priliku da u\u010de o posljedicama koje sukobi imaju na svakodnevni \u017eivot djece i mladih.<\/p>\t\t\t\t\t\t\t\t\t\t\n\t\t\t\t\t\t\t\t\t<\/div>\n\t\t\t\t\t\t\t\t\t\n\t\t\t\t\t\t\t\t\t\n\t\t\t\t\t\t\t\t\t\t\t\t\t\t\t\t\n\t\t\t\t\t\t\t\t\n\t\t\t\t\t\t\t<\/div><!--\/inner-wrap-->\n\t\t\t\t\t\t<\/div><!--\/col-->\n\t\t\t\t\t\t\n\t\t\t\t\t\t\t\t\t\t\t\n\t\t\t\t\t\t\t\t\t\t\t\t\n\t\t\t\t\t\t<div class=\"col span_3  element 10-14 edukatori-za-edukatore-2 \"  data-project-cat=\"10-14 edukatori-za-edukatore-2 \" data-default-color=\"true\" data-title-color=\"\" data-subtitle-color=\"\">\n\t\t\t\t\t\t\t\n\t\t\t\t\t\t\t<div class=\"inner-wrap animated\" data-animation=\"none\">\n\t\t\t\t\t\t\t\t\n\t\t\t\t\t\t\t\t\t\t\t\t\t\t\t\t\t\n\t\t\t\t\t\t\t\t\t<div class=\"work-item style-1\" data-custom-content=\"off\">\n\t\t\t\t\t\t\t\t\t\t\n\t\t\t\t\t\t\t\t\t\t<img decoding=\"async\" class=\"size- skip-lazy\" src=\"https:\/\/warchildhood.org\/ba\/wp-content\/uploads\/2024\/07\/I-Repair-Sashas-Home-Popravljam-Sashin-dom-e1721981600167-600x403.jpg\" alt=\"\" height=\"403\" width=\"600\" srcset=\"https:\/\/warchildhood.org\/ba\/wp-content\/uploads\/2024\/07\/I-Repair-Sashas-Home-Popravljam-Sashin-dom-e1721981600167-900x604.jpg 900w, https:\/\/warchildhood.org\/ba\/wp-content\/uploads\/2024\/07\/I-Repair-Sashas-Home-Popravljam-Sashin-dom-e1721981600167-600x403.jpg 600w, https:\/\/warchildhood.org\/ba\/wp-content\/uploads\/2024\/07\/I-Repair-Sashas-Home-Popravljam-Sashin-dom-e1721981600167-400x269.jpg 400w\" sizes=\"(min-width: 1000px) 25vw, (min-width: 690px) 50vw, 100vw\" \/>\t\t\t\t\t\t\t\t\t\t\n\t\t\t\t\t\t\t\t\t\t\n\t\t\t\t\t\t\t\t\t\t<div class=\"work-info\"> \n\t\t\t\t\t\t\t\t\t\t\t\n\t\t\t\t\t\t\t\t\t\t\t\n\t\t\t\t\t\t\t\t\t\t\t\t\t\t\t\t\t\t\t\t\t\t\t\n\t\t\t\t\t\t\t\t\t\t\t\t<a href=\"https:\/\/warchildhood.org\/ba\/planovi-aktivnosti\/popravljam-sashin-dom\/\"><\/a>\n\t\t\t\t\t\t\t\t\t\t\t\t\n\t\t\t\t\t\t\t\t\t\t\t\t\t\t\t\t\t\t\t\t\t\t\n\t\t\t\t\t\t\t\t\t\t\t\n\t\t\t\t\t\t\t\t\t\t<\/div>\n\t\t\t\t\t\t\t\t\t\t\n\t\t\t\t\t\t\t\t\t<\/div><!--work-item-->\n\t\t\t\t\t\t\t\t\t\n\t\t\t\t\t\t\t\t\t<div class=\"work-meta\">\n\t\t\t\t\t\t\t\t\t\t<h4 class=\"title\">Popravljam Sashin dom<\/h4>\n\t\t\t\t\t\t\t\t\t\t\n\t\t\t\t\t\t\t\t\t\t<p><b>Glavna starosna grupa: 10-12<\/b><p><\/p>U\u010denici i u\u010denice \u0107e nacrtati dom koji je za sobom ostavio neko pogo\u0111en oru\u017eanim sukobom ili svoju vlastitu ku\u0107u i razmi\u0161ljat \u0107e o na\u010dinima na koje mogu popraviti odabrani dom i\/ili ga u\u010diniti sretnijim mjestom za \u017eivot. U\u010denici \u0107e koristiti naljepnice i bojice za crtanje ili dodavanje predmeta, ku\u0107nih ljubimaca, biljaka i ljudi koji pokazuju odre\u0111ena pona\u0161anja u domu kako bi ga u\u010dinili boljim mjestom za \u017eivot. Pisat \u0107e poruke podr\u0161ke djeci koja su morala napustiti svoje domove ili jedni drugima (tj. djeci iz svog razreda\/grupe).<\/p>\t\t\t\t\t\t\t\t\t\t\n\t\t\t\t\t\t\t\t\t<\/div>\n\t\t\t\t\t\t\t\t\t\n\t\t\t\t\t\t\t\t\t\n\t\t\t\t\t\t\t\t\t\t\t\t\t\t\t\t\n\t\t\t\t\t\t\t\t\n\t\t\t\t\t\t\t<\/div><!--\/inner-wrap-->\n\t\t\t\t\t\t<\/div><!--\/col-->\n\t\t\t\t\t\t\n\t\t\t\t\t\t\t\t\t\t\t\n\t\t\t\t\t\t\t\t\t\t\t\t\n\t\t\t\t\t\t<div class=\"col span_3  element 10-14 edukatori-za-edukatore-2 \"  data-project-cat=\"10-14 edukatori-za-edukatore-2 \" data-default-color=\"true\" data-title-color=\"\" data-subtitle-color=\"\">\n\t\t\t\t\t\t\t\n\t\t\t\t\t\t\t<div class=\"inner-wrap animated\" data-animation=\"none\">\n\t\t\t\t\t\t\t\t\n\t\t\t\t\t\t\t\t\t\t\t\t\t\t\t\t\t\n\t\t\t\t\t\t\t\t\t<div class=\"work-item style-1\" data-custom-content=\"off\">\n\t\t\t\t\t\t\t\t\t\t\n\t\t\t\t\t\t\t\t\t\t<img decoding=\"async\" class=\"size- skip-lazy\" src=\"https:\/\/warchildhood.org\/ba\/wp-content\/uploads\/2024\/07\/Nesto-sto-cuvam-i-na-sta-se-mogu-osloniti-e1721981236474-600x403.jpg\" alt=\"\" height=\"403\" width=\"600\" srcset=\"https:\/\/warchildhood.org\/ba\/wp-content\/uploads\/2024\/07\/Nesto-sto-cuvam-i-na-sta-se-mogu-osloniti-e1721981236474-868x604.jpg 900w, https:\/\/warchildhood.org\/ba\/wp-content\/uploads\/2024\/07\/Nesto-sto-cuvam-i-na-sta-se-mogu-osloniti-e1721981236474-600x403.jpg 600w, https:\/\/warchildhood.org\/ba\/wp-content\/uploads\/2024\/07\/Nesto-sto-cuvam-i-na-sta-se-mogu-osloniti-e1721981236474-400x269.jpg 400w\" sizes=\"(min-width: 1000px) 25vw, (min-width: 690px) 50vw, 100vw\" \/>\t\t\t\t\t\t\t\t\t\t\n\t\t\t\t\t\t\t\t\t\t\n\t\t\t\t\t\t\t\t\t\t<div class=\"work-info\"> \n\t\t\t\t\t\t\t\t\t\t\t\n\t\t\t\t\t\t\t\t\t\t\t\n\t\t\t\t\t\t\t\t\t\t\t\t\t\t\t\t\t\t\t\t\t\t\t\n\t\t\t\t\t\t\t\t\t\t\t\t<a href=\"https:\/\/warchildhood.org\/ba\/planovi-aktivnosti\/nesto-sto-cuvam-i-na-sta-se-mogu-osloniti\/\"><\/a>\n\t\t\t\t\t\t\t\t\t\t\t\t\n\t\t\t\t\t\t\t\t\t\t\t\t\t\t\t\t\t\t\t\t\t\t\n\t\t\t\t\t\t\t\t\t\t\t\n\t\t\t\t\t\t\t\t\t\t<\/div>\n\t\t\t\t\t\t\t\t\t\t\n\t\t\t\t\t\t\t\t\t<\/div><!--work-item-->\n\t\t\t\t\t\t\t\t\t\n\t\t\t\t\t\t\t\t\t<div class=\"work-meta\">\n\t\t\t\t\t\t\t\t\t\t<h4 class=\"title\">Ne\u0161to \u0161to \u010duvam i na \u0161ta se mogu osloniti<\/h4>\n\t\t\t\t\t\t\t\t\t\t\n\t\t\t\t\t\t\t\t\t\t<p><b>Glavna starosna grupa: 10-12<\/b><p><\/p>U\u010denici i u\u010denice se koriste tehnikom opona\u0161anja\/imitiranja kako bi ispri\u010dali drugim osobama u grupi\/razredu o predmetu koji im je va\u017ean, te da kako bi im prenijeli koje vrste emocija povezuju s tim predmetom. Razgovarat \u0107e o va\u017enosti li\u010dnih predmeta i njihovom potencijalu da pru\u017ee podr\u0161ku i utjehu. Podijelit \u0107e jedni s drugima pri\u010de vezane za njihove li\u010dne predmete i razgovarati o njihovoj vrijednosti i va\u017enosti u njihovim \u017eivotima.<\/p>\t\t\t\t\t\t\t\t\t\t\n\t\t\t\t\t\t\t\t\t<\/div>\n\t\t\t\t\t\t\t\t\t\n\t\t\t\t\t\t\t\t\t\n\t\t\t\t\t\t\t\t\t\t\t\t\t\t\t\t\n\t\t\t\t\t\t\t\t\n\t\t\t\t\t\t\t<\/div><!--\/inner-wrap-->\n\t\t\t\t\t\t<\/div><!--\/col-->\n\t\t\t\t\t\t\n\t\t\t\t\t\t\t\t\t\t\t\n\t\t\t\t\t\t\t\t\t\t\t\t\n\t\t\t\t\t\t<div class=\"col span_3  element 10-14 6-9 edukatori-za-edukatore-2 \"  data-project-cat=\"10-14 6-9 edukatori-za-edukatore-2 \" data-default-color=\"true\" data-title-color=\"\" data-subtitle-color=\"\">\n\t\t\t\t\t\t\t\n\t\t\t\t\t\t\t<div class=\"inner-wrap animated\" data-animation=\"none\">\n\t\t\t\t\t\t\t\t\n\t\t\t\t\t\t\t\t\t\t\t\t\t\t\t\t\t\n\t\t\t\t\t\t\t\t\t<div class=\"work-item style-1\" data-custom-content=\"off\">\n\t\t\t\t\t\t\t\t\t\t\n\t\t\t\t\t\t\t\t\t\t<img decoding=\"async\" class=\"size- skip-lazy\" src=\"https:\/\/warchildhood.org\/ba\/wp-content\/uploads\/2024\/07\/Koji-je-tvoj-omiljeni-predmet-600x403.jpg\" alt=\"\" height=\"403\" width=\"600\" srcset=\"https:\/\/warchildhood.org\/ba\/wp-content\/uploads\/2024\/07\/Koji-je-tvoj-omiljeni-predmet-900x604.jpg 900w, https:\/\/warchildhood.org\/ba\/wp-content\/uploads\/2024\/07\/Koji-je-tvoj-omiljeni-predmet-600x403.jpg 600w, https:\/\/warchildhood.org\/ba\/wp-content\/uploads\/2024\/07\/Koji-je-tvoj-omiljeni-predmet-400x269.jpg 400w\" sizes=\"(min-width: 1000px) 25vw, (min-width: 690px) 50vw, 100vw\" \/>\t\t\t\t\t\t\t\t\t\t\n\t\t\t\t\t\t\t\t\t\t\n\t\t\t\t\t\t\t\t\t\t<div class=\"work-info\"> \n\t\t\t\t\t\t\t\t\t\t\t\n\t\t\t\t\t\t\t\t\t\t\t\n\t\t\t\t\t\t\t\t\t\t\t\t\t\t\t\t\t\t\t\t\t\t\t\n\t\t\t\t\t\t\t\t\t\t\t\t<a href=\"https:\/\/warchildhood.org\/ba\/planovi-aktivnosti\/koji-je-tvoj-omiljeni-predmet\/\"><\/a>\n\t\t\t\t\t\t\t\t\t\t\t\t\n\t\t\t\t\t\t\t\t\t\t\t\t\t\t\t\t\t\t\t\t\t\t\n\t\t\t\t\t\t\t\t\t\t\t\n\t\t\t\t\t\t\t\t\t\t<\/div>\n\t\t\t\t\t\t\t\t\t\t\n\t\t\t\t\t\t\t\t\t<\/div><!--work-item-->\n\t\t\t\t\t\t\t\t\t\n\t\t\t\t\t\t\t\t\t<div class=\"work-meta\">\n\t\t\t\t\t\t\t\t\t\t<h4 class=\"title\">Koji je tvoj omiljeni predmet?<\/h4>\n\t\t\t\t\t\t\t\t\t\t\n\t\t\t\t\t\t\t\t\t\t<p><b>Glavna starosna grupa: 8-10<\/b><p><\/p>U\u010denici \u0107e kreirati izlo\u017ebu u u\u010dionici koja se sastoji od li\u010dnih predmeta i vlastitih li\u010dnih pri\u010da i uspomena povezanih s njim, a koja \u0107e biti u obliku zajedni\u010dkog kola\u017ea sa fotografijama njihovih li\u010dnih predmeta i li\u010dnih uspomena koje su sami napisali.<\/p>\t\t\t\t\t\t\t\t\t\t\n\t\t\t\t\t\t\t\t\t<\/div>\n\t\t\t\t\t\t\t\t\t\n\t\t\t\t\t\t\t\t\t\n\t\t\t\t\t\t\t\t\t\t\t\t\t\t\t\t\n\t\t\t\t\t\t\t\t\n\t\t\t\t\t\t\t<\/div><!--\/inner-wrap-->\n\t\t\t\t\t\t<\/div><!--\/col-->\n\t\t\t\t\t\t\n\t\t\t\t\t\t\t\t\t\t\t\n\t\t\t\t\t\t\t\t\t\t\t\t\n\t\t\t\t\t\t<div class=\"col span_3  element 10-14 15-18 edukatori-za-edukatore-2 \"  data-project-cat=\"10-14 15-18 edukatori-za-edukatore-2 \" data-default-color=\"true\" data-title-color=\"\" data-subtitle-color=\"\">\n\t\t\t\t\t\t\t\n\t\t\t\t\t\t\t<div class=\"inner-wrap animated\" data-animation=\"none\">\n\t\t\t\t\t\t\t\t\n\t\t\t\t\t\t\t\t\t\t\t\t\t\t\t\t\t\n\t\t\t\t\t\t\t\t\t<div class=\"work-item style-1\" data-custom-content=\"off\">\n\t\t\t\t\t\t\t\t\t\t\n\t\t\t\t\t\t\t\t\t\t<img decoding=\"async\" class=\"size- skip-lazy\" src=\"https:\/\/warchildhood.org\/ba\/wp-content\/uploads\/2024\/07\/Dear-Friend-A-letter-to-you-Dragi-prijatelju-pismo-tebi-600x403.jpg\" alt=\"\" height=\"403\" width=\"600\" srcset=\"https:\/\/warchildhood.org\/ba\/wp-content\/uploads\/2024\/07\/Dear-Friend-A-letter-to-you-Dragi-prijatelju-pismo-tebi-900x604.jpg 900w, https:\/\/warchildhood.org\/ba\/wp-content\/uploads\/2024\/07\/Dear-Friend-A-letter-to-you-Dragi-prijatelju-pismo-tebi-600x403.jpg 600w, https:\/\/warchildhood.org\/ba\/wp-content\/uploads\/2024\/07\/Dear-Friend-A-letter-to-you-Dragi-prijatelju-pismo-tebi-400x269.jpg 400w\" sizes=\"(min-width: 1000px) 25vw, (min-width: 690px) 50vw, 100vw\" \/>\t\t\t\t\t\t\t\t\t\t\n\t\t\t\t\t\t\t\t\t\t\n\t\t\t\t\t\t\t\t\t\t<div class=\"work-info\"> \n\t\t\t\t\t\t\t\t\t\t\t\n\t\t\t\t\t\t\t\t\t\t\t\n\t\t\t\t\t\t\t\t\t\t\t\t\t\t\t\t\t\t\t\t\t\t\t\n\t\t\t\t\t\t\t\t\t\t\t\t<a href=\"https:\/\/warchildhood.org\/ba\/planovi-aktivnosti\/dragi-prijatelju-%cc%b6-pismo-tebi\/\"><\/a>\n\t\t\t\t\t\t\t\t\t\t\t\t\n\t\t\t\t\t\t\t\t\t\t\t\t\t\t\t\t\t\t\t\t\t\t\n\t\t\t\t\t\t\t\t\t\t\t\n\t\t\t\t\t\t\t\t\t\t<\/div>\n\t\t\t\t\t\t\t\t\t\t\n\t\t\t\t\t\t\t\t\t<\/div><!--work-item-->\n\t\t\t\t\t\t\t\t\t\n\t\t\t\t\t\t\t\t\t<div class=\"work-meta\">\n\t\t\t\t\t\t\t\t\t\t<h4 class=\"title\">Dragi prijatelju  \u0336  pismo tebi<\/h4>\n\t\t\t\t\t\t\t\t\t\t\n\t\t\t\t\t\t\t\t\t\t<p><b>Glavna starosna grupa: 13-18<\/b><p><\/p>U\u010denici u\u010destvuju u nizu interaktivnih aktivnosti u okviru kojih pi\u0161u pismo utjehe\/podr\u0161ke vlasniku ratnog dnevnika. Klju\u010dni cilj je podsticanje empatije i razumijevanja procesa odrastanja u te\u0161kim uslovima kao \u0161to je rat.<\/p>\t\t\t\t\t\t\t\t\t\t\n\t\t\t\t\t\t\t\t\t<\/div>\n\t\t\t\t\t\t\t\t\t\n\t\t\t\t\t\t\t\t\t\n\t\t\t\t\t\t\t\t\t\t\t\t\t\t\t\t\n\t\t\t\t\t\t\t\t\n\t\t\t\t\t\t\t<\/div><!--\/inner-wrap-->\n\t\t\t\t\t\t<\/div><!--\/col-->\n\t\t\t\t\t\t\n\t\t\t\t\t\t\t\t\t\t\t\n\t\t\t\t\t\t\t\t\t\t\t\t\n\t\t\t\t\t\t<div class=\"col span_3  element 1-45 10-14 15-18 edukatori-za-edukatore-2 \"  data-project-cat=\"1-45 10-14 15-18 edukatori-za-edukatore-2 \" data-default-color=\"true\" data-title-color=\"\" data-subtitle-color=\"\">\n\t\t\t\t\t\t\t\n\t\t\t\t\t\t\t<div class=\"inner-wrap animated\" data-animation=\"none\">\n\t\t\t\t\t\t\t\t\n\t\t\t\t\t\t\t\t\t\t\t\t\t\t\t\t\t\n\t\t\t\t\t\t\t\t\t<div class=\"work-item style-1\" data-custom-content=\"off\">\n\t\t\t\t\t\t\t\t\t\t\n\t\t\t\t\t\t\t\t\t\t<img decoding=\"async\" class=\"size- skip-lazy\" src=\"https:\/\/warchildhood.org\/ba\/wp-content\/uploads\/2023\/10\/DearDiaryDearFriend_PERC-600x403.jpg\" alt=\"\" height=\"403\" width=\"600\" srcset=\"https:\/\/warchildhood.org\/ba\/wp-content\/uploads\/2023\/10\/DearDiaryDearFriend_PERC-900x604.jpg 900w, https:\/\/warchildhood.org\/ba\/wp-content\/uploads\/2023\/10\/DearDiaryDearFriend_PERC-600x403.jpg 600w, https:\/\/warchildhood.org\/ba\/wp-content\/uploads\/2023\/10\/DearDiaryDearFriend_PERC-400x269.jpg 400w\" sizes=\"(min-width: 1000px) 25vw, (min-width: 690px) 50vw, 100vw\" \/>\t\t\t\t\t\t\t\t\t\t\n\t\t\t\t\t\t\t\t\t\t\n\t\t\t\t\t\t\t\t\t\t<div class=\"work-info\"> \n\t\t\t\t\t\t\t\t\t\t\t\n\t\t\t\t\t\t\t\t\t\t\t\n\t\t\t\t\t\t\t\t\t\t\t\t\t\t\t\t\t\t\t\t\t\t\t\n\t\t\t\t\t\t\t\t\t\t\t\t<a href=\"https:\/\/warchildhood.org\/ba\/planovi-aktivnosti\/dragi-dnevnice-dragi-prijatelju-samodovoljnost-kao-vid-otpora\/\"><\/a>\n\t\t\t\t\t\t\t\t\t\t\t\t\n\t\t\t\t\t\t\t\t\t\t\t\t\t\t\t\t\t\t\t\t\t\t\n\t\t\t\t\t\t\t\t\t\t\t\n\t\t\t\t\t\t\t\t\t\t<\/div>\n\t\t\t\t\t\t\t\t\t\t\n\t\t\t\t\t\t\t\t\t<\/div><!--work-item-->\n\t\t\t\t\t\t\t\t\t\n\t\t\t\t\t\t\t\t\t<div class=\"work-meta\">\n\t\t\t\t\t\t\t\t\t\t<h4 class=\"title\">Dragi dnevni\u010de, dragi prijatelju \u2013 Samodovoljnost kao vid otpora<\/h4>\n\t\t\t\t\t\t\t\t\t\t\n\t\t\t\t\t\t\t\t\t\t<p><b>Glavna starosna grupa: 13-16 <\/b><p><\/p>Sa\u017eetak: Ovaj plan aktivnosti ima za cilj kroz upotrebu dnevni\u010dkih isje\u010daka dvoje mladih ljudi istra\u017eiti misli i osje\u0107anja, kao i na\u010dine na koje dnevnike mo\u017eemo koristiti za razvoj otpornosti\/rezilijentnosti. U\u010denici i u\u010denice \u010ditat \u0107e dnevnike djece koja su odrasla u ratu i potom sagledavati na\u010dine na koje pisanje dnevnika mo\u017ee i njima pomo\u0107i u \u017eivotu.<\/p>\t\t\t\t\t\t\t\t\t\t\n\t\t\t\t\t\t\t\t\t<\/div>\n\t\t\t\t\t\t\t\t\t\n\t\t\t\t\t\t\t\t\t\n\t\t\t\t\t\t\t\t\t\t\t\t\t\t\t\t\n\t\t\t\t\t\t\t\t\n\t\t\t\t\t\t\t<\/div><!--\/inner-wrap-->\n\t\t\t\t\t\t<\/div><!--\/col-->\n\t\t\t\t\t\t\n\t\t\t\t\t\t\t\t\t\t\t\n\t\t\t\t\t\t\t\t\t\t\t\t\n\t\t\t\t\t\t<div class=\"col span_3  element 10-14 15-18 2-45 edukatori-za-edukatore-2 \"  data-project-cat=\"10-14 15-18 2-45 edukatori-za-edukatore-2 \" data-default-color=\"true\" data-title-color=\"\" data-subtitle-color=\"\">\n\t\t\t\t\t\t\t\n\t\t\t\t\t\t\t<div class=\"inner-wrap animated\" data-animation=\"none\">\n\t\t\t\t\t\t\t\t\n\t\t\t\t\t\t\t\t\t\t\t\t\t\t\t\t\t\n\t\t\t\t\t\t\t\t\t<div class=\"work-item style-1\" data-custom-content=\"off\">\n\t\t\t\t\t\t\t\t\t\t\n\t\t\t\t\t\t\t\t\t\t<img decoding=\"async\" class=\"size- skip-lazy\" src=\"https:\/\/warchildhood.org\/ba\/wp-content\/uploads\/2023\/10\/YouthJournals_PERC-600x403.jpg\" alt=\"\" height=\"403\" width=\"600\" srcset=\"https:\/\/warchildhood.org\/ba\/wp-content\/uploads\/2023\/10\/YouthJournals_PERC-900x604.jpg 900w, https:\/\/warchildhood.org\/ba\/wp-content\/uploads\/2023\/10\/YouthJournals_PERC-600x403.jpg 600w, https:\/\/warchildhood.org\/ba\/wp-content\/uploads\/2023\/10\/YouthJournals_PERC-400x269.jpg 400w\" sizes=\"(min-width: 1000px) 25vw, (min-width: 690px) 50vw, 100vw\" \/>\t\t\t\t\t\t\t\t\t\t\n\t\t\t\t\t\t\t\t\t\t\n\t\t\t\t\t\t\t\t\t\t<div class=\"work-info\"> \n\t\t\t\t\t\t\t\t\t\t\t\n\t\t\t\t\t\t\t\t\t\t\t\n\t\t\t\t\t\t\t\t\t\t\t\t\t\t\t\t\t\t\t\t\t\t\t\n\t\t\t\t\t\t\t\t\t\t\t\t<a href=\"https:\/\/warchildhood.org\/ba\/planovi-aktivnosti\/tinejdzerski-dnevnici-konflikt-iz-njihove-perspektive\/\"><\/a>\n\t\t\t\t\t\t\t\t\t\t\t\t\n\t\t\t\t\t\t\t\t\t\t\t\t\t\t\t\t\t\t\t\t\t\t\n\t\t\t\t\t\t\t\t\t\t\t\n\t\t\t\t\t\t\t\t\t\t<\/div>\n\t\t\t\t\t\t\t\t\t\t\n\t\t\t\t\t\t\t\t\t<\/div><!--work-item-->\n\t\t\t\t\t\t\t\t\t\n\t\t\t\t\t\t\t\t\t<div class=\"work-meta\">\n\t\t\t\t\t\t\t\t\t\t<h4 class=\"title\">Tinejd\u017eerski dnevnici: Konflikt iz njihove perspektive<\/h4>\n\t\t\t\t\t\t\t\t\t\t\n\t\t\t\t\t\t\t\t\t\t<p><b>Glavna starosna grupa: 13-18 <\/b><p><\/p> U\u010denici i u\u010denice promi\u0161ljaju o djeci u ratu koriste\u0107i se dnevni\u010dkim zapisima iz rata u BiH i Siriji. U\u010denici analiziraju dnevni\u010dke zapise, a potom i sami vo\u0111enje dnevnika koriste kao sredstvo za samorefleksiju.<\/p>\t\t\t\t\t\t\t\t\t\t\n\t\t\t\t\t\t\t\t\t<\/div>\n\t\t\t\t\t\t\t\t\t\n\t\t\t\t\t\t\t\t\t\n\t\t\t\t\t\t\t\t\t\t\t\t\t\t\t\t\n\t\t\t\t\t\t\t\t\n\t\t\t\t\t\t\t<\/div><!--\/inner-wrap-->\n\t\t\t\t\t\t<\/div><!--\/col-->\n\t\t\t\t\t\t\n\t\t\t\t\t\t\t\t\t\t\n\t\t\t\t<\/div><!--\/portfolio-->\n\t\t\t<\/div><!--\/portfolio wrap-->\n\t\t\t\n\t\t\t[\/vc_column][\/vc_row][vc_row type=&#8221;in_container&#8221; full_screen_row_position=&#8221;middle&#8221; column_margin=&#8221;default&#8221; column_direction=&#8221;default&#8221; column_direction_tablet=&#8221;default&#8221; column_direction_phone=&#8221;default&#8221; scene_position=&#8221;center&#8221; text_color=&#8221;dark&#8221; text_align=&#8221;left&#8221; row_border_radius=&#8221;none&#8221; row_border_radius_applies=&#8221;bg&#8221; overlay_strength=&#8221;0.3&#8243; gradient_direction=&#8221;left_to_right&#8221; shape_divider_position=&#8221;bottom&#8221; bg_image_animation=&#8221;none&#8221;][vc_column column_padding=&#8221;no-extra-padding&#8221; column_padding_tablet=&#8221;inherit&#8221; column_padding_phone=&#8221;inherit&#8221; column_padding_position=&#8221;all&#8221; column_element_spacing=&#8221;default&#8221; background_color_opacity=&#8221;1&#8243; background_hover_color_opacity=&#8221;1&#8243; column_shadow=&#8221;none&#8221; column_border_radius=&#8221;none&#8221; column_link_target=&#8221;_self&#8221; gradient_direction=&#8221;left_to_right&#8221; overlay_strength=&#8221;0.3&#8243; width=&#8221;1\/1&#8243; tablet_width_inherit=&#8221;default&#8221; tablet_text_alignment=&#8221;default&#8221; phone_text_alignment=&#8221;default&#8221; bg_image_animation=&#8221;none&#8221; border_type=&#8221;simple&#8221; column_border_width=&#8221;none&#8221; column_border_style=&#8221;solid&#8221;][heading]KORISNI SADR\u017dAJI[\/heading][\/vc_column][\/vc_row][vc_row type=&#8221;full_width_background&#8221; full_screen_row_position=&#8221;middle&#8221; column_margin=&#8221;20px&#8221; equal_height=&#8221;yes&#8221; content_placement=&#8221;middle&#8221; column_direction=&#8221;default&#8221; column_direction_tablet=&#8221;default&#8221; column_direction_phone=&#8221;default&#8221; bg_color=&#8221;#ffffff&#8221; bg_image=&#8221;3530&#8243; bg_position=&#8221;left top&#8221; background_image_loading=&#8221;default&#8221; bg_repeat=&#8221;no-repeat&#8221; scene_position=&#8221;center&#8221; top_padding=&#8221;2%&#8221; bottom_padding=&#8221;2%&#8221; text_color=&#8221;dark&#8221; text_align=&#8221;left&#8221; row_border_radius=&#8221;none&#8221; row_border_radius_applies=&#8221;bg&#8221; color_overlay=&#8221;#707070&#8243; overlay_strength=&#8221;0.5&#8243; gradient_direction=&#8221;left_b_to_right_t&#8221; shape_divider_position=&#8221;bottom&#8221; bg_image_animation=&#8221;none&#8221; shape_type=&#8221;&#8221;][vc_column column_padding=&#8221;no-extra-padding&#8221; column_padding_tablet=&#8221;inherit&#8221; column_padding_phone=&#8221;inherit&#8221; column_padding_position=&#8221;all&#8221; column_element_spacing=&#8221;default&#8221; background_color_opacity=&#8221;1&#8243; background_hover_color_opacity=&#8221;1&#8243; font_color=&#8221;#ffffff&#8221; column_shadow=&#8221;none&#8221; column_border_radius=&#8221;none&#8221; column_link_target=&#8221;_self&#8221; enable_gradient=&#8221;true&#8221; gradient_direction=&#8221;left_to_right&#8221; overlay_strength=&#8221;0.95&#8243; width=&#8221;1\/2&#8243; tablet_width_inherit=&#8221;default&#8221; tablet_text_alignment=&#8221;center&#8221; phone_text_alignment=&#8221;center&#8221; bg_image_animation=&#8221;none&#8221; enable_animation=&#8221;true&#8221; animation=&#8221;fade-in-from-bottom&#8221; border_type=&#8221;simple&#8221; column_border_width=&#8221;none&#8221; column_border_style=&#8221;solid&#8221;][vc_row_inner column_margin=&#8221;default&#8221; column_direction=&#8221;default&#8221; column_direction_tablet=&#8221;default&#8221; column_direction_phone=&#8221;default&#8221; text_align=&#8221;left&#8221;][vc_column_inner column_padding=&#8221;padding-12-percent&#8221; column_padding_tablet=&#8221;inherit&#8221; column_padding_phone=&#8221;inherit&#8221; column_padding_position=&#8221;all&#8221; column_element_spacing=&#8221;default&#8221; centered_text=&#8221;true&#8221; background_color_opacity=&#8221;1&#8243; background_hover_color_opacity=&#8221;1&#8243; font_color=&#8221;#ffffff&#8221; column_shadow=&#8221;none&#8221; column_border_radius=&#8221;none&#8221; column_link_target=&#8221;_self&#8221; gradient_direction=&#8221;left_to_right&#8221; overlay_strength=&#8221;0.3&#8243; width=&#8221;1\/1&#8243; tablet_width_inherit=&#8221;default&#8221; bg_image_animation=&#8221;none&#8221; border_type=&#8221;simple&#8221; column_border_width=&#8221;none&#8221; column_border_style=&#8221;solid&#8221;][vc_column_text css=&#8221;.vc_custom_1696673107259{margin-bottom: 50px !important;}&#8221; max_width=&#8221;280&#8243;]\n<h4><strong>Dodatni materijali<\/strong><\/h4>\n<p>Eksponati, pri\u010de, fotografije, video snimci i drugi materijali koje mo\u017eete koristiti da obogatite ili prilagodite na\u0161e planove aktivnosti.[\/vc_column_text][nectar_cta btn_style=&#8221;arrow-animation&#8221; heading_tag=&#8221;h5&#8243; text_color=&#8221;#000000&#8243; button_color=&#8221;white&#8221; link_type=&#8221;regular&#8221; alignment=&#8221;center&#8221; alignment_tablet=&#8221;default&#8221; alignment_phone=&#8221;default&#8221; display=&#8221;block&#8221; link_text=&#8221;Uskoro&#8221; url=&#8221;#&#8221; padding_top=&#8221;15&#8243; padding_right=&#8221;30&#8243; padding_bottom=&#8221;15&#8243; padding_left=&#8221;25&#8243;][\/vc_column_inner][\/vc_row_inner][\/vc_column][vc_column column_padding=&#8221;no-extra-padding&#8221; column_padding_tablet=&#8221;inherit&#8221; column_padding_phone=&#8221;inherit&#8221; column_padding_position=&#8221;all&#8221; column_element_spacing=&#8221;default&#8221; background_color_opacity=&#8221;1&#8243; background_hover_color_opacity=&#8221;1&#8243; column_shadow=&#8221;none&#8221; column_border_radius=&#8221;none&#8221; column_link_target=&#8221;_self&#8221; gradient_direction=&#8221;left_to_right&#8221; overlay_strength=&#8221;0.95&#8243; width=&#8221;1\/2&#8243; tablet_width_inherit=&#8221;default&#8221; tablet_text_alignment=&#8221;default&#8221; phone_text_alignment=&#8221;default&#8221; bg_image_animation=&#8221;none&#8221; enable_animation=&#8221;true&#8221; animation=&#8221;fade-in-from-bottom&#8221; border_type=&#8221;simple&#8221; column_border_width=&#8221;none&#8221; column_border_style=&#8221;solid&#8221;][vc_row_inner column_margin=&#8221;default&#8221; column_direction=&#8221;default&#8221; column_direction_tablet=&#8221;default&#8221; column_direction_phone=&#8221;default&#8221; text_align=&#8221;left&#8221;][vc_column_inner column_padding=&#8221;padding-12-percent&#8221; column_padding_tablet=&#8221;inherit&#8221; column_padding_phone=&#8221;inherit&#8221; column_padding_position=&#8221;all&#8221; column_element_spacing=&#8221;default&#8221; centered_text=&#8221;true&#8221; background_color_opacity=&#8221;1&#8243; background_hover_color_opacity=&#8221;1&#8243; font_color=&#8221;#ffffff&#8221; column_shadow=&#8221;none&#8221; column_border_radius=&#8221;none&#8221; column_link_target=&#8221;_self&#8221; gradient_direction=&#8221;left_to_right&#8221; overlay_strength=&#8221;0.3&#8243; width=&#8221;1\/1&#8243; tablet_width_inherit=&#8221;default&#8221; bg_image_animation=&#8221;none&#8221; border_type=&#8221;simple&#8221; column_border_width=&#8221;none&#8221; column_border_style=&#8221;solid&#8221;][vc_column_text css=&#8221;.vc_custom_1696673118587{margin-bottom: 50px !important;}&#8221; max_width=&#8221;280&#8243;]\n<h4><strong>Sigurnost i blagostanje<\/strong><\/h4>\n<p>Kada radimo sa djecom, njihova sigurnost i blagostanje su na\u0161 prioritet. Pogledajte i iskoristite na\u0161u sveobuhvatnu Politiku za\u0161tite djece.[\/vc_column_text][nectar_cta btn_style=&#8221;arrow-animation&#8221; heading_tag=&#8221;h5&#8243; text_color=&#8221;#000000&#8243; button_color=&#8221;white&#8221; link_type=&#8221;regular&#8221; alignment=&#8221;center&#8221; alignment_tablet=&#8221;default&#8221; alignment_phone=&#8221;default&#8221; display=&#8221;block&#8221; link_text=&#8221;Uskoro&#8221; url=&#8221;#&#8221; padding_top=&#8221;15&#8243; padding_right=&#8221;30&#8243; padding_bottom=&#8221;15&#8243; padding_left=&#8221;25&#8243;][\/vc_column_inner][\/vc_row_inner][\/vc_column][\/vc_row][vc_row type=&#8221;full_width_background&#8221; full_screen_row_position=&#8221;middle&#8221; column_margin=&#8221;20px&#8221; equal_height=&#8221;yes&#8221; content_placement=&#8221;middle&#8221; column_direction=&#8221;default&#8221; column_direction_tablet=&#8221;default&#8221; column_direction_phone=&#8221;default&#8221; bg_color=&#8221;#ffffff&#8221; scene_position=&#8221;center&#8221; top_padding=&#8221;2%&#8221; bottom_padding=&#8221;2%&#8221; text_color=&#8221;dark&#8221; text_align=&#8221;left&#8221; row_border_radius=&#8221;none&#8221; row_border_radius_applies=&#8221;bg&#8221; overlay_strength=&#8221;0.5&#8243; gradient_direction=&#8221;left_t_to_right_b&#8221; shape_divider_position=&#8221;bottom&#8221; bg_image_animation=&#8221;none&#8221; shape_type=&#8221;&#8221;][vc_column column_padding=&#8221;no-extra-padding&#8221; column_padding_tablet=&#8221;inherit&#8221; column_padding_phone=&#8221;inherit&#8221; column_padding_position=&#8221;all&#8221; column_element_spacing=&#8221;default&#8221; background_color_opacity=&#8221;1&#8243; background_hover_color_opacity=&#8221;1&#8243; background_image=&#8221;3443&#8243; background_image_position=&#8221;center center&#8221; enable_bg_scale=&#8221;true&#8221; background_image_loading=&#8221;default&#8221; column_shadow=&#8221;none&#8221; column_border_radius=&#8221;none&#8221; column_link_target=&#8221;_self&#8221; color_overlay=&#8221;rgba(255,255,255,0.7)&#8221; gradient_direction=&#8221;left_to_right&#8221; overlay_strength=&#8221;0.95&#8243; width=&#8221;1\/2&#8243; tablet_width_inherit=&#8221;default&#8221; tablet_text_alignment=&#8221;default&#8221; phone_text_alignment=&#8221;default&#8221; bg_image_animation=&#8221;none&#8221; enable_animation=&#8221;true&#8221; animation=&#8221;fade-in-from-bottom&#8221; border_type=&#8221;simple&#8221; column_border_width=&#8221;none&#8221; column_border_style=&#8221;solid&#8221;][vc_row_inner column_margin=&#8221;default&#8221; column_direction=&#8221;default&#8221; column_direction_tablet=&#8221;default&#8221; column_direction_phone=&#8221;default&#8221; text_align=&#8221;left&#8221;][vc_column_inner column_padding=&#8221;padding-12-percent&#8221; column_padding_tablet=&#8221;inherit&#8221; column_padding_phone=&#8221;inherit&#8221; column_padding_position=&#8221;all&#8221; column_element_spacing=&#8221;default&#8221; centered_text=&#8221;true&#8221; background_color_opacity=&#8221;1&#8243; background_hover_color_opacity=&#8221;1&#8243; font_color=&#8221;#0c0c0c&#8221; column_shadow=&#8221;none&#8221; column_border_radius=&#8221;none&#8221; column_link_target=&#8221;_self&#8221; gradient_direction=&#8221;left_to_right&#8221; overlay_strength=&#8221;0.3&#8243; width=&#8221;1\/1&#8243; tablet_width_inherit=&#8221;default&#8221; bg_image_animation=&#8221;none&#8221; border_type=&#8221;simple&#8221; column_border_width=&#8221;none&#8221; column_border_style=&#8221;solid&#8221;][vc_column_text css=&#8221;.vc_custom_1696673140853{margin-bottom: 50px !important;}&#8221; max_width=&#8221;280&#8243;]\n<h4><strong>Odr\u017eane aktivnosti<\/strong><\/h4>\n<p>Pogledajte \u0161ta su kolegice i kolege, edukatorice i edukatori iz cijelog svijeta, radili u svojim u\u010dionicama ili u drugim okru\u017eenjima gdje su mogli koristiti na\u0161e planove aktivnosti.[\/vc_column_text][nectar_cta btn_style=&#8221;arrow-animation&#8221; heading_tag=&#8221;h5&#8243; text_color=&#8221;#000000&#8243; button_color=&#8221;white&#8221; link_type=&#8221;regular&#8221; alignment=&#8221;center&#8221; alignment_tablet=&#8221;default&#8221; alignment_phone=&#8221;default&#8221; display=&#8221;block&#8221; link_text=&#8221;Uskoro&#8221; url=&#8221;#&#8221; padding_top=&#8221;15&#8243; padding_right=&#8221;30&#8243; padding_bottom=&#8221;15&#8243; padding_left=&#8221;25&#8243;][\/vc_column_inner][\/vc_row_inner][\/vc_column][\/vc_row]\n","protected":false},"excerpt":{"rendered":"<p>[vc_row type=&#8221;full_width_content&#8221; full_screen_row_position=&#8221;middle&#8221; column_margin=&#8221;default&#8221; equal_height=&#8221;yes&#8221; content_placement=&#8221;middle&#8221; column_direction=&#8221;default&#8221; column_direction_tablet=&#8221;default&#8221; column_direction_phone=&#8221;default&#8221; scene_position=&#8221;center&#8221; text_color=&#8221;dark&#8221; text_align=&#8221;left&#8221; row_border_radius=&#8221;none&#8221; row_border_radius_applies=&#8221;bg&#8221; overlay_strength=&#8221;0.3&#8243; gradient_direction=&#8221;left_to_right&#8221; shape_divider_position=&#8221;bottom&#8221; bg_image_animation=&#8221;none&#8221; shape_type=&#8221;&#8221;][vc_column column_padding=&#8221;no-extra-padding&#8221; column_padding_tablet=&#8221;inherit&#8221; column_padding_phone=&#8221;inherit&#8221; column_padding_position=&#8221;all&#8221; column_element_spacing=&#8221;default&#8221; background_color_opacity=&#8221;1&#8243; background_hover_color_opacity=&#8221;1&#8243; column_shadow=&#8221;none&#8221; column_border_radius=&#8221;none&#8221; column_link_target=&#8221;_self&#8221; zindex=&#8221;100&#8243;&#8230;<\/p>\n","protected":false},"author":1,"featured_media":3535,"parent":0,"menu_order":0,"comment_status":"closed","ping_status":"closed","template":"","meta":{"give_campaign_id":0,"_seopress_robots_primary_cat":"","_seopress_titles_title":"Edukativni resursni centar MRD-a | Muzej ratnog djetinjstva","_seopress_titles_desc":"Dobro do\u0161li u Edukativni resursni centar Muzeja ratnog djetinjstva. Centar je namjenjen nastavnicima\/nicama i edukatorima\/icama u osnovnim i srednjim \u0161kolama.","_seopress_robots_index":"","footnotes":""},"class_list":["post-3524","page","type-page","status-publish","has-post-thumbnail"],"campaignId":"","_links":{"self":[{"href":"https:\/\/warchildhood.org\/ba\/wp-json\/wp\/v2\/pages\/3524","targetHints":{"allow":["GET"]}}],"collection":[{"href":"https:\/\/warchildhood.org\/ba\/wp-json\/wp\/v2\/pages"}],"about":[{"href":"https:\/\/warchildhood.org\/ba\/wp-json\/wp\/v2\/types\/page"}],"author":[{"embeddable":true,"href":"https:\/\/warchildhood.org\/ba\/wp-json\/wp\/v2\/users\/1"}],"replies":[{"embeddable":true,"href":"https:\/\/warchildhood.org\/ba\/wp-json\/wp\/v2\/comments?post=3524"}],"version-history":[{"count":58,"href":"https:\/\/warchildhood.org\/ba\/wp-json\/wp\/v2\/pages\/3524\/revisions"}],"predecessor-version":[{"id":5264,"href":"https:\/\/warchildhood.org\/ba\/wp-json\/wp\/v2\/pages\/3524\/revisions\/5264"}],"wp:featuredmedia":[{"embeddable":true,"href":"https:\/\/warchildhood.org\/ba\/wp-json\/wp\/v2\/media\/3535"}],"wp:attachment":[{"href":"https:\/\/warchildhood.org\/ba\/wp-json\/wp\/v2\/media?parent=3524"}],"curies":[{"name":"wp","href":"https:\/\/api.w.org\/{rel}","templated":true}]}}