{"id":53,"date":"2015-07-18T13:52:37","date_gmt":"2015-07-18T13:52:37","guid":{"rendered":"https:\/\/ba.warchildhood.org\/?page_id=53"},"modified":"2026-04-01T09:40:14","modified_gmt":"2026-04-01T07:40:14","slug":"tim-muzeja","status":"publish","type":"page","link":"https:\/\/warchildhood.org\/ba\/tim-muzeja\/","title":{"rendered":"Tim Muzeja"},"content":{"rendered":"[vc_row type=&#8221;in_container&#8221; full_screen_row_position=&#8221;middle&#8221; column_margin=&#8221;default&#8221; column_direction=&#8221;default&#8221; column_direction_tablet=&#8221;default&#8221; column_direction_phone=&#8221;default&#8221; scene_position=&#8221;center&#8221; text_color=&#8221;dark&#8221; text_align=&#8221;left&#8221; row_border_radius=&#8221;none&#8221; row_border_radius_applies=&#8221;bg&#8221; overlay_strength=&#8221;0.3&#8243; gradient_direction=&#8221;left_to_right&#8221; shape_divider_position=&#8221;bottom&#8221; bg_image_animation=&#8221;none&#8221;][vc_column column_padding=&#8221;no-extra-padding&#8221; column_padding_tablet=&#8221;inherit&#8221; column_padding_phone=&#8221;inherit&#8221; column_padding_position=&#8221;all&#8221; column_element_spacing=&#8221;default&#8221; background_color_opacity=&#8221;1&#8243; background_hover_color_opacity=&#8221;1&#8243; column_shadow=&#8221;none&#8221; column_border_radius=&#8221;none&#8221; column_link_target=&#8221;_self&#8221; gradient_direction=&#8221;left_to_right&#8221; overlay_strength=&#8221;0.3&#8243; width=&#8221;1\/1&#8243; tablet_width_inherit=&#8221;default&#8221; tablet_text_alignment=&#8221;default&#8221; phone_text_alignment=&#8221;default&#8221; bg_image_animation=&#8221;none&#8221; border_type=&#8221;simple&#8221; column_border_width=&#8221;none&#8221; column_border_style=&#8221;solid&#8221;][divider line_type=&#8221;No Line&#8221; custom_height=&#8221;60&#8243;][\/vc_column][\/vc_row][vc_row type=&#8221;grid&#8221; full_screen_row_position=&#8221;middle&#8221; column_margin=&#8221;default&#8221; column_direction=&#8221;default&#8221; column_direction_tablet=&#8221;default&#8221; column_direction_phone=&#8221;default&#8221; scene_position=&#8221;center&#8221; text_color=&#8221;dark&#8221; text_align=&#8221;left&#8221; row_border_radius=&#8221;none&#8221; row_border_radius_applies=&#8221;bg&#8221; overlay_strength=&#8221;0.3&#8243; gradient_direction=&#8221;left_to_right&#8221; shape_divider_position=&#8221;bottom&#8221; bg_image_animation=&#8221;none&#8221; is_fss_bg=&#8221;no&#8221; css=&#8221;.vc_custom_1615754065056{padding-top: 20px !important;}&#8221;][vc_column column_padding=&#8221;no-extra-padding&#8221; column_padding_tablet=&#8221;inherit&#8221; column_padding_phone=&#8221;inherit&#8221; column_padding_position=&#8221;all&#8221; column_element_spacing=&#8221;default&#8221; background_color_opacity=&#8221;1&#8243; background_hover_color_opacity=&#8221;1&#8243; column_shadow=&#8221;none&#8221; column_border_radius=&#8221;none&#8221; column_link_target=&#8221;_self&#8221; gradient_direction=&#8221;left_to_right&#8221; overlay_strength=&#8221;0.3&#8243; width=&#8221;1\/4&#8243; tablet_width_inherit=&#8221;default&#8221; tablet_text_alignment=&#8221;default&#8221; phone_text_alignment=&#8221;default&#8221; bg_image_animation=&#8221;none&#8221; border_type=&#8221;simple&#8221; column_border_width=&#8221;none&#8221; column_border_style=&#8221;solid&#8221; dp_animation=&#8221;&#8221;][team_member image_url=&#8221;3143&#8243; bio_alt_image_url=&#8221;3141&#8243; team_memeber_style=&#8221;bio_fullscreen_alt&#8221; image_loading=&#8221;default&#8221; team_member_bio_full_html=&#8221;simple&#8221; name=&#8221;Jasminko Halilovi\u0107&#8221; job_position=&#8221;Osniva\u010d i Generalni direktor&#8221; team_member_bio=&#8221;Osniva\u010d i generalni direktor Muzeja ratnog djetinjstva. Nakon vi\u0161egodi\u0161njeg rada na knjizi &#8216;Djetinjstvo u ratu&#8217;, Halilovi\u0107 je pristupio osnivanju Muzeja ratnog djetinjstva. Od male lokalne inicijative razvio je Muzej u nagra\u0111ivanu me\u0111unarodnu organizaciju s uredima u \u010detiri dr\u017eave. Jasminko je autor ili urednik nekoliko knjiga prevedenih na \u0161est jezika. Magistar je finansijskog menad\u017ementa i doktorski kandidat u oblasti muzejskog menad\u017ementa. Bio je gost predava\u010d na vode\u0107im univerzitetima i konferencijama u vi\u0161e od petnaest dr\u017eava. Objavljivao je u akademskim \u017eurnalima i vode\u0107im medijima poput The Huffington Posta i Asahi Shimbuna. Prvi je Bosanac kojeg je magazin Forbes uvrstio na svoju presti\u017enu listu \u2019Forbes 30 ispod 30\u2032. Godine 2023. odabran je me\u0111u 40 evropskih lidera ispod 40 godina (EYL40). Prije Muzeja ratnog djetinjstva osnovao je nekoliko organizacija i privatnih kompanija. Hobi su mu putovanja: od 18. godine putuje s ciljem da posjeti sve dr\u017eave svijeta. Do sada je posjetio 90 dr\u017eava.&#8221; social_icon_1=&#8221;fa fa-facebook&#8221; social_link_1=&#8221;https:\/\/facebook.com\/Halilovic&#8221; social_icon_2=&#8221;fa fa-linkedin-square&#8221; social_link_2=&#8221;https:\/\/www.linkedin.com\/in\/jasminko-halilovic-9a2b7585\/&#8221; social_icon_3=&#8221;fa fa-twitter&#8221; social_link_3=&#8221;https:\/\/twitter.com\/hjasminko&#8221;][\/team_member][\/vc_column][vc_column column_padding=&#8221;no-extra-padding&#8221; column_padding_tablet=&#8221;inherit&#8221; column_padding_phone=&#8221;inherit&#8221; column_padding_position=&#8221;all&#8221; column_element_spacing=&#8221;default&#8221; background_color_opacity=&#8221;1&#8243; background_hover_color_opacity=&#8221;1&#8243; column_shadow=&#8221;none&#8221; column_border_radius=&#8221;none&#8221; column_link_target=&#8221;_self&#8221; gradient_direction=&#8221;left_to_right&#8221; overlay_strength=&#8221;0.3&#8243; width=&#8221;1\/4&#8243; tablet_width_inherit=&#8221;default&#8221; tablet_text_alignment=&#8221;default&#8221; phone_text_alignment=&#8221;default&#8221; bg_image_animation=&#8221;none&#8221; border_type=&#8221;simple&#8221; column_border_width=&#8221;none&#8221; column_border_style=&#8221;solid&#8221;][team_member image_url=&#8221;504&#8243; bio_alt_image_url=&#8221;504&#8243; team_memeber_style=&#8221;bio_fullscreen_alt&#8221; image_loading=&#8221;default&#8221; team_member_bio_full_html=&#8221;simple&#8221; name=&#8221;Amina Krvavac&#8221; job_position=&#8221;Direktorica Muzeja ratnog djetinjstva BiH&#8221; team_member_bio=&#8221;Amina Krvavac bila je \u010dlanica malog inicijalnog tima koji je vodio dvogodi\u0161nju inicijativu proiza\u0161lu iz lokalne zajednice, a koja je rezultirala otvaranjem Muzeja 2017. godine.<br \/>\nAmina je studirala me\u0111unarodne odnose na Internacionalnom univerzitetu u Sarajevu, te dje\u010dija prava na Univerzitetu u \u017denevi. Posve\u0107ena je razvoju izlo\u017ebi i radionica koje podsti\u010du otvoren i promi\u0161ljen dijalog, istovremeno ja\u010daju\u0107i ulogu muzeja kao prostora za dru\u0161tveno iscjeljenje i pomirenje.<br \/>\nAmina je \u010dlanica Upravnog odbora evropske mre\u017ee International Coalition of Sites of Conscience, koja okuplja muzeje, historijska mjesta i inicijative sje\u0107anja te povezuje pro\u0161la iskustva sa savremenim pokretima za ljudska prava. Tako\u0111er je \u010dlanica Upravnog odbora European Museum Forum, koji promovi\u0161e izvrsnost i inovacije u evropskom muzejskom sektoru te upravlja nagradom European Museum of the Year Award (EMYA), gdje obavlja funkciju predsjedavaju\u0107e Upravnog odbora.&#8221;][\/team_member][\/vc_column][vc_column column_padding=&#8221;no-extra-padding&#8221; column_padding_tablet=&#8221;inherit&#8221; column_padding_phone=&#8221;inherit&#8221; column_padding_position=&#8221;all&#8221; column_element_spacing=&#8221;default&#8221; background_color_opacity=&#8221;1&#8243; background_hover_color_opacity=&#8221;1&#8243; column_shadow=&#8221;none&#8221; column_border_radius=&#8221;none&#8221; column_link_target=&#8221;_self&#8221; gradient_direction=&#8221;left_to_right&#8221; overlay_strength=&#8221;0.3&#8243; width=&#8221;1\/4&#8243; tablet_width_inherit=&#8221;default&#8221; tablet_text_alignment=&#8221;default&#8221; phone_text_alignment=&#8221;default&#8221; bg_image_animation=&#8221;none&#8221; border_type=&#8221;simple&#8221; column_border_width=&#8221;none&#8221; column_border_style=&#8221;solid&#8221;][team_member image_url=&#8221;5508&#8243; bio_alt_image_url=&#8221;5509&#8243; team_memeber_style=&#8221;bio_fullscreen_alt&#8221; image_loading=&#8221;default&#8221; team_member_bio_full_html=&#8221;simple&#8221; name=&#8221;Svitlana Osipchuk&#8221; job_position=&#8221;Programska direktorica Muzeja ratnog djetinjstva Ukrajina&#8221; team_member_bio=&#8221;Svitlana Osipchuk podu\u010dava historijske discipline na Odsjeku za historiju Politehni\u010dkog instituta u Kijevu od 2013. godine. Od 2016. godine po\u010dinje raditi u nevladinom sektoru i to u oblasti neformalnog obrazovanja, odnosno ljudskih prava i podu\u010davanja o historiji Holokausta, a potom u organizaciji \u010diji je cilj izgradnja novinarske zajednice u Isto\u010dnoj Ukrajini. U\u010desnica je projekta AMCHA-Njema\u010dka za 2019 i 2020 godinu organizovanog za profesionalce koji rade sa skupinama koje su bile izlo\u017eene kolektivnoj traumi i nasilju u Ukrajini. Svitlana se zala\u017ee za va\u017enost brige za mentalno zdravlje, te brige u relaciji sa traumati\u010dnom pro\u0161lo\u0161\u0107u. U slobodno vrijeme voli putovati po Ukrajini i provoditi vrijeme s prijateljima.&#8221;][\/team_member][\/vc_column][vc_column column_padding=&#8221;no-extra-padding&#8221; column_padding_tablet=&#8221;inherit&#8221; column_padding_phone=&#8221;inherit&#8221; column_padding_position=&#8221;all&#8221; column_element_spacing=&#8221;default&#8221; background_color_opacity=&#8221;1&#8243; background_hover_color_opacity=&#8221;1&#8243; column_shadow=&#8221;none&#8221; column_border_radius=&#8221;none&#8221; column_link_target=&#8221;_self&#8221; gradient_direction=&#8221;left_to_right&#8221; overlay_strength=&#8221;0.3&#8243; width=&#8221;1\/4&#8243; tablet_width_inherit=&#8221;default&#8221; tablet_text_alignment=&#8221;default&#8221; phone_text_alignment=&#8221;default&#8221; bg_image_animation=&#8221;none&#8221; border_type=&#8221;simple&#8221; column_border_width=&#8221;none&#8221; column_border_style=&#8221;solid&#8221;][team_member image_url=&#8221;2701&#8243; bio_alt_image_url=&#8221;2702&#8243; team_memeber_style=&#8221;bio_fullscreen_alt&#8221; image_loading=&#8221;default&#8221; team_member_bio_full_html=&#8221;simple&#8221; name=&#8221;Barry van Driel&#8221; job_position=&#8221;Koordinator edukativnih programa&#8221; team_member_bio=&#8221;Nakon 28 godina rada u Ku\u0107i Anne Frank u Amsterdamu, gdje je bio vodio programe treninga nastavnika i razvoj kurikuluma, Barry sada radi s Muzejom ratnog djetinjstva s ciljem unapre\u0111enja i daljeg razvoja edukativnih programa Muzeja. Od 2020. je glavni urednik me\u0111unarodnog akademskog \u017eurnala Interkulturalna Edukacija, predsjednik je Me\u0111unarodne Asocijacije za interkulturalnu edukaciju (IAIE), i \u010dlan upravnog odbora SIRIUS mre\u017ee. Radio je kao vi\u0161i konsultant za ODIHR, FRA i Evropsku komisiju. Bio je vode\u0107i autor izvje\u0161taja NESET II iz 2015. godine pod nazivom &#8220;Edukativne politike i prakse za podsticanje tolerancije, po\u0161tovanja za razli\u010ditosti i gra\u0111anske odgovornosti za djecu i mlade u Evropskoj uniji&#8220;. Bio je tim lider za projekt Evropske komisije koji je mapirao kako institucije inicijalne edukacije nastavnika pripremaju budu\u0107e nastavnike za rad u raznolikim u\u010dionicama. Od 2010. godine je \u010dlan \u017eirija za presti\u017enu UNAOC-BMW interkulturalnu nagradu za inovaciju, a od 2013. i predsjedavaju\u0107i \u017eirija.&#8221; social_icon_1=&#8221;fa fa-facebook&#8221; social_icon_2=&#8221;fa fa-linkedin-square&#8221; social_icon_3=&#8221;fa fa-twitter&#8221;][\/team_member][\/vc_column][\/vc_row][vc_row type=&#8221;grid&#8221; full_screen_row_position=&#8221;middle&#8221; column_margin=&#8221;default&#8221; column_direction=&#8221;default&#8221; column_direction_tablet=&#8221;default&#8221; column_direction_phone=&#8221;default&#8221; scene_position=&#8221;center&#8221; text_color=&#8221;dark&#8221; text_align=&#8221;left&#8221; row_border_radius=&#8221;none&#8221; row_border_radius_applies=&#8221;bg&#8221; overlay_strength=&#8221;0.3&#8243; gradient_direction=&#8221;left_to_right&#8221; shape_divider_position=&#8221;bottom&#8221; bg_image_animation=&#8221;none&#8221; is_fss_bg=&#8221;no&#8221; css=&#8221;.vc_custom_1615754065056{padding-top: 20px !important;}&#8221;][vc_column column_padding=&#8221;no-extra-padding&#8221; column_padding_tablet=&#8221;inherit&#8221; column_padding_phone=&#8221;inherit&#8221; column_padding_position=&#8221;all&#8221; column_element_spacing=&#8221;default&#8221; background_color_opacity=&#8221;1&#8243; background_hover_color_opacity=&#8221;1&#8243; column_shadow=&#8221;none&#8221; column_border_radius=&#8221;none&#8221; column_link_target=&#8221;_self&#8221; gradient_direction=&#8221;left_to_right&#8221; overlay_strength=&#8221;0.3&#8243; width=&#8221;1\/4&#8243; tablet_width_inherit=&#8221;default&#8221; tablet_text_alignment=&#8221;default&#8221; phone_text_alignment=&#8221;default&#8221; bg_image_animation=&#8221;none&#8221; border_type=&#8221;simple&#8221; column_border_width=&#8221;none&#8221; column_border_style=&#8221;solid&#8221; dp_animation=&#8221;&#8221;][team_member image_url=&#8221;4327&#8243; bio_alt_image_url=&#8221;4328&#8243; team_memeber_style=&#8221;bio_fullscreen_alt&#8221; image_loading=&#8221;default&#8221; team_member_bio_full_html=&#8221;simple&#8221; name=&#8221;Ajnura Akba\u0161&#8221; job_position=&#8221;Koordinatorica istra\u017eivanja&#8221; team_member_bio=&#8221;Nakon zavr\u0161enog studija iz oblasti politi\u010dkih nauka i sociologije, Ajnura je zavr\u0161ila istra\u017eiva\u010dki master studij iz historije na Royal Holloway, Univerzitetu u Londonu. Tamo se bavila istra\u017eivanjem i dokumentiranjem usmene povijesti 1992-1995 rata u BIH, sa fokusom na propitivanje politike identiteta. Njeni istra\u017eiva\u010dki interesi le\u017ee u presjeku historije, roda, i mirovnih i konfliktnih studija. Rad u Muzeju joj omogu\u0107ava da svoje akademske i istra\u017eiva\u010dke interese dovede u dodir sa stvarnim ljudima i njihovim \u017eivotima.&#8221;][\/team_member][\/vc_column][vc_column column_padding=&#8221;no-extra-padding&#8221; column_padding_tablet=&#8221;inherit&#8221; column_padding_phone=&#8221;inherit&#8221; column_padding_position=&#8221;all&#8221; column_element_spacing=&#8221;default&#8221; background_color_opacity=&#8221;1&#8243; background_hover_color_opacity=&#8221;1&#8243; column_shadow=&#8221;none&#8221; column_border_radius=&#8221;none&#8221; column_link_target=&#8221;_self&#8221; gradient_direction=&#8221;left_to_right&#8221; overlay_strength=&#8221;0.3&#8243; width=&#8221;1\/4&#8243; tablet_width_inherit=&#8221;default&#8221; tablet_text_alignment=&#8221;default&#8221; phone_text_alignment=&#8221;default&#8221; bg_image_animation=&#8221;none&#8221; border_type=&#8221;simple&#8221; column_border_width=&#8221;none&#8221; column_border_style=&#8221;solid&#8221;][team_member image_url=&#8221;2711&#8243; bio_alt_image_url=&#8221;2711&#8243; team_memeber_style=&#8221;bio_fullscreen_alt&#8221; image_loading=&#8221;default&#8221; team_member_bio_full_html=&#8221;simple&#8221; name=&#8221;Ivana Roso&#8221; job_position=&#8221;Istra\u017eiva\u010dica i Koordinatorica izlo\u017ebi&#8221; team_member_bio=&#8221;Po zavr\u0161etku studija Historije umjetnosti na Univerzitetu u Zadru Ivana seli u \u0160vedsku i po\u010dinje raditi u Vandalorumu, muzeju savremene umjetnosti i dizajna. Na Univerzitetu u Gothenburgu upisuje master program Konzervacije kulturnog naslije\u0111a koji zavr\u0161ava 2020. godine. Tokom studija Ivana je uklju\u010dena u nekoliko istra\u017eiva\u010dkih projekata pri Univerzitetu u Gothenburgu, kao i Fondaciji \u201cKulturno naslije\u0111e bez granica BiH\u201d, te se posve\u0107uje istra\u017eivanju uloge kulturnog naslije\u0111a, kao i njegove konzervacije i za\u0161tite u konfliktnim i post-konfliktnim zonama.<br \/>\nIvana je uklju\u010dena u istra\u017eiva\u010dke aktivnosti Muzeja, te radu s kolekcijom. Ivana svoje slobodno vrijeme obi\u010dno posve\u0107uje jelu. :)&#8221; social_icon_1=&#8221;fa fa-facebook&#8221; social_icon_2=&#8221;fa fa-linkedin-square&#8221; social_icon_3=&#8221;fa fa-twitter&#8221;][\/team_member][\/vc_column][vc_column column_padding=&#8221;no-extra-padding&#8221; column_padding_tablet=&#8221;inherit&#8221; column_padding_phone=&#8221;inherit&#8221; column_padding_position=&#8221;all&#8221; column_element_spacing=&#8221;default&#8221; background_color_opacity=&#8221;1&#8243; background_hover_color_opacity=&#8221;1&#8243; column_shadow=&#8221;none&#8221; column_border_radius=&#8221;none&#8221; column_link_target=&#8221;_self&#8221; gradient_direction=&#8221;left_to_right&#8221; overlay_strength=&#8221;0.3&#8243; width=&#8221;1\/4&#8243; tablet_width_inherit=&#8221;default&#8221; tablet_text_alignment=&#8221;default&#8221; phone_text_alignment=&#8221;default&#8221; bg_image_animation=&#8221;none&#8221; border_type=&#8221;simple&#8221; column_border_width=&#8221;none&#8221; column_border_style=&#8221;solid&#8221;][team_member image_url=&#8221;5400&#8243; bio_alt_image_url=&#8221;5398&#8243; team_memeber_style=&#8221;bio_fullscreen_alt&#8221; image_loading=&#8221;default&#8221; team_member_bio_full_html=&#8221;simple&#8221; name=&#8221;Merima Ra\u017eanica&#8221; job_position=&#8221;Koordinatorica edukativnih programa&#8221; team_member_bio=&#8221;Merima je zavr\u0161ila dodiplomski i master studij iz jezika i knji\u017eevnosti, a obrazovanjem se po\u010dela baviti kroz novinarski rad za \u010dasopis \u0160kolegijum i Fondaciju kreativni razvoj pi\u0161u\u0107i i izvje\u0161tavaju\u0107i o temama vezanim za politike obrazovanja. U osmi\u0161ljavanju edukativnih materijala za podu\u010davanje o izgradnji mira vidi svoj doprinos izgradnji i o\u010duvanju mira u BiH. Ispunjava je \u010ditanje i porodica.&#8221;][\/team_member][\/vc_column][vc_column column_padding=&#8221;no-extra-padding&#8221; column_padding_tablet=&#8221;inherit&#8221; column_padding_phone=&#8221;inherit&#8221; column_padding_position=&#8221;all&#8221; column_element_spacing=&#8221;default&#8221; background_color_opacity=&#8221;1&#8243; background_hover_color_opacity=&#8221;1&#8243; column_shadow=&#8221;none&#8221; column_border_radius=&#8221;none&#8221; column_link_target=&#8221;_self&#8221; gradient_direction=&#8221;left_to_right&#8221; overlay_strength=&#8221;0.3&#8243; width=&#8221;1\/4&#8243; tablet_width_inherit=&#8221;default&#8221; tablet_text_alignment=&#8221;default&#8221; phone_text_alignment=&#8221;default&#8221; bg_image_animation=&#8221;none&#8221; border_type=&#8221;simple&#8221; column_border_width=&#8221;none&#8221; column_border_style=&#8221;solid&#8221;][team_member image_url=&#8221;5507&#8243; bio_alt_image_url=&#8221;2884&#8243; team_memeber_style=&#8221;bio_fullscreen_alt&#8221; image_loading=&#8221;default&#8221; team_member_bio_full_html=&#8221;simple&#8221; name=&#8221;Mersiha Began&#8221; job_position=&#8221;Koordinatorica \u0161kolskih posjeta&#8221; team_member_bio=&#8221;Mersiha je profesorica knji\u017eevnosti naroda Bosne i Hercegovine. Studij je zavr\u0161ila na Filozofskom fakultetu u Sarajevu. Ima bogato iskustvo u radu s djecom, koje s velikim entuzijazmom primjenjuje kroz edukativne aktivnosti Muzeja ratnog djetinjstva. U\u017eiva u \u010ditanju i dru\u017eenju sa najmla\u0111im posjetiocima Muzeja. Opu\u0161taju je boravak u prirodi, kuhanje i recikla\u017ea.&#8221;][\/team_member][\/vc_column][\/vc_row][vc_row type=&#8221;grid&#8221; full_screen_row_position=&#8221;middle&#8221; column_margin=&#8221;default&#8221; column_direction=&#8221;default&#8221; column_direction_tablet=&#8221;default&#8221; column_direction_phone=&#8221;default&#8221; scene_position=&#8221;center&#8221; text_color=&#8221;dark&#8221; text_align=&#8221;left&#8221; row_border_radius=&#8221;none&#8221; row_border_radius_applies=&#8221;bg&#8221; overlay_strength=&#8221;0.3&#8243; gradient_direction=&#8221;left_to_right&#8221; shape_divider_position=&#8221;bottom&#8221; bg_image_animation=&#8221;none&#8221; is_fss_bg=&#8221;no&#8221; css=&#8221;.vc_custom_1615754065056{padding-top: 20px !important;}&#8221;][vc_column column_padding=&#8221;no-extra-padding&#8221; column_padding_tablet=&#8221;inherit&#8221; column_padding_phone=&#8221;inherit&#8221; column_padding_position=&#8221;all&#8221; column_element_spacing=&#8221;default&#8221; background_color_opacity=&#8221;1&#8243; background_hover_color_opacity=&#8221;1&#8243; column_shadow=&#8221;none&#8221; column_border_radius=&#8221;none&#8221; column_link_target=&#8221;_self&#8221; gradient_direction=&#8221;left_to_right&#8221; overlay_strength=&#8221;0.3&#8243; width=&#8221;1\/4&#8243; tablet_width_inherit=&#8221;default&#8221; tablet_text_alignment=&#8221;default&#8221; phone_text_alignment=&#8221;default&#8221; bg_image_animation=&#8221;none&#8221; border_type=&#8221;simple&#8221; column_border_width=&#8221;none&#8221; column_border_style=&#8221;solid&#8221; dp_animation=&#8221;&#8221;][team_member image_url=&#8221;5551&#8243; bio_alt_image_url=&#8221;5551&#8243; team_memeber_style=&#8221;bio_fullscreen_alt&#8221; image_loading=&#8221;default&#8221; team_member_bio_full_html=&#8221;simple&#8221; name=&#8221;\u0160ejla Krivo\u0161ija&#8221; job_position=&#8221;Koordinatorica administracije i finansija&#8221; team_member_bio=&#8221;\u0160ejla je zavr\u0161ila studij engleskog jezika i knji\u017eevnosti, \u0161to je rezultat njene ljubavi prema stranim jezicima. Njena karijera je krenula u drugom pravcu. i sada je iza nje skoro osamnaest godina rada u polju finansija i administracije. \u0160ejla obo\u017eava sve \u0161to je vezano za turizam i voli da putuje. Sada, kao koordinatorica administracije i finasija Muzeja ratnog djetinjstva dobila je \u0161ansu da kombinuje sve \u0161to voli. Engleski jezik koristi aktivno i na taj na\u010din usavr\u0161ava svoje znanje. Razvija svoje vje\u0161tine u polju administracije i finansija i ima priliku da doprinese razvoju turizma i kulture u svojoj zemlji. Priroda i fotografija su njena velika strast. Zaljubljena je u svoje dvije k\u0107erke i u\u017eiva provode\u0107i vrijeme s njima.&#8221;][\/team_member][\/vc_column][vc_column column_padding=&#8221;no-extra-padding&#8221; column_padding_tablet=&#8221;inherit&#8221; column_padding_phone=&#8221;inherit&#8221; column_padding_position=&#8221;all&#8221; column_element_spacing=&#8221;default&#8221; background_color_opacity=&#8221;1&#8243; background_hover_color_opacity=&#8221;1&#8243; column_shadow=&#8221;none&#8221; column_border_radius=&#8221;none&#8221; column_link_target=&#8221;_self&#8221; gradient_direction=&#8221;left_to_right&#8221; overlay_strength=&#8221;0.3&#8243; width=&#8221;1\/4&#8243; tablet_width_inherit=&#8221;default&#8221; tablet_text_alignment=&#8221;default&#8221; phone_text_alignment=&#8221;default&#8221; bg_image_animation=&#8221;none&#8221; border_type=&#8221;simple&#8221; column_border_width=&#8221;none&#8221; column_border_style=&#8221;solid&#8221;][team_member image_url=&#8221;5553&#8243; bio_alt_image_url=&#8221;5553&#8243; team_memeber_style=&#8221;bio_fullscreen_alt&#8221; image_loading=&#8221;default&#8221; team_member_bio_full_html=&#8221;simple&#8221; name=&#8221;Amina \u0160urkovi\u0107&#8221; job_position=&#8221;Koordinatorica arhiva&#8221; team_member_bio=&#8221;Amina je zavr\u0161ila dodiplomski i master studij Kriminologije, na Fakultetu za kriminalistiku, kriminologiju i sigurnosne studije u Sarajevu. Timu Muzeja prvi put se pridru\u017euje u julu 2018. godine kao volonterka, a nakon toga se usmjerava na rad s ljudima u pokretu u migrantskim kampovima u Bosni i Hercegovini. Zavr\u0161ila je master studij \u201cConflict Management and Humanitarian Action\u201d na Univerzitetu u Sieni u okviru projekta \u201cMediterranean Frontier of Peace, Education and Reconciliation\u201d. Ovaj projekat, koji organizuju nevladina organizacija Rondine Citadella della Pace i Italijanska biskupska konferencija (CEI), u fokus stavlja kreativnu transformaciju konflikta, a dio svog projektnog istra\u017eivanja Amina je realizirala upravo u Muzeju ratnog djetinjstva.<\/p>\n<p>Amina u\u010destvuje u edukativnim aktivnostima Muzeja, a uklju\u010dena je i u rad sa kolekcijom. U slobodno vrijeme voli \u010ditati i \u0161etati, a uvjerena je da punk jo\u0161 uvijek nije mrtav.&#8221;][\/team_member][\/vc_column][vc_column column_padding=&#8221;no-extra-padding&#8221; column_padding_tablet=&#8221;inherit&#8221; column_padding_phone=&#8221;inherit&#8221; column_padding_position=&#8221;all&#8221; column_element_spacing=&#8221;default&#8221; background_color_opacity=&#8221;1&#8243; background_hover_color_opacity=&#8221;1&#8243; column_shadow=&#8221;none&#8221; column_border_radius=&#8221;none&#8221; column_link_target=&#8221;_self&#8221; gradient_direction=&#8221;left_to_right&#8221; overlay_strength=&#8221;0.3&#8243; width=&#8221;1\/4&#8243; tablet_width_inherit=&#8221;default&#8221; tablet_text_alignment=&#8221;default&#8221; phone_text_alignment=&#8221;default&#8221; bg_image_animation=&#8221;none&#8221; border_type=&#8221;simple&#8221; column_border_width=&#8221;none&#8221; column_border_style=&#8221;solid&#8221;][team_member image_url=&#8221;5499&#8243; bio_alt_image_url=&#8221;5498&#8243; team_memeber_style=&#8221;bio_fullscreen_alt&#8221; image_loading=&#8221;default&#8221; team_member_bio_full_html=&#8221;simple&#8221; name=&#8221;Justyna G\u00f3rniak&#8221; job_position=&#8221;Koordinatorica digitalnih inicijativa&#8221; team_member_bio=&#8221;Justyna G\u00f3rniak upravlja digitalnim aspektom rada Muzeja ratnog djetinjstva. Diplomirala je novinarstvo, a magistrirala na Evropskom regionalnom masteru Demokratije i ljudskih prava u Jugoisto\u010dnoj Evropi (ERMA). Prevela je knjigu \u201cDjetinjstvo u ratu\u201d na poljski jezik 2012. godine. Ima vi\u0161egodi\u0161nje iskustvo u novinarstvu, kao i u nevladinom, marketin\u0161kom, te tehnolo\u0161kom sektoru. U slobodno vrijeme u\u017eiva u planinarenju i prirodi.&#8221;][\/team_member][\/vc_column][vc_column column_padding=&#8221;no-extra-padding&#8221; column_padding_tablet=&#8221;inherit&#8221; column_padding_phone=&#8221;inherit&#8221; column_padding_position=&#8221;all&#8221; column_element_spacing=&#8221;default&#8221; background_color_opacity=&#8221;1&#8243; background_hover_color_opacity=&#8221;1&#8243; column_shadow=&#8221;none&#8221; column_border_radius=&#8221;none&#8221; column_link_target=&#8221;_self&#8221; gradient_direction=&#8221;left_to_right&#8221; overlay_strength=&#8221;0.3&#8243; width=&#8221;1\/4&#8243; tablet_width_inherit=&#8221;default&#8221; tablet_text_alignment=&#8221;default&#8221; phone_text_alignment=&#8221;default&#8221; bg_image_animation=&#8221;none&#8221; border_type=&#8221;simple&#8221; column_border_width=&#8221;none&#8221; column_border_style=&#8221;solid&#8221;][team_member image_url=&#8221;5640&#8243; bio_alt_image_url=&#8221;5640&#8243; team_memeber_style=&#8221;bio_fullscreen_alt&#8221; image_loading=&#8221;default&#8221; team_member_bio_full_html=&#8221;simple&#8221; name=&#8221;Katarina Vu\u010dkovi\u0107&#8221; job_position=&#8221;Menad\u017eerica programa&#8221; team_member_bio=&#8221;Katarina je menad\u017eerica programa u Muzeju. Vodi razvoj i implementaciju programskih aktivnosti, gradi partnerstva i radi na dugoro\u010dnom planiranju programa i odnosima s donatorima. Sa vi\u0161e od 20 godina iskustva u sektoru civilnog dru\u0161tva, intenzivno je radila na pitanjima mladih, razvoju organizacija i osna\u017eivanju mladih Zapadnog Balkana i \u0161ire. Kao strastvena trenerica i posve\u0107ena omladinska radnica, u svoj rad unosi jedinstven spoj strate\u0161kog promi\u0161ljanja i iskustva s terena. Duboko je posve\u0107ena priznavanju omladinskog rada u Bosni i Hercegovini, vjeruju\u0107i da je on sna\u017ean alat za promjene i razvoj.<\/p>\n<p>Katarina ima obrazovanje iz omladinskog rada i liderstva, a trenutno studira socijalni rad. Kada ne vodi projekte ili inspirira mlade, vjerovatno je iza kamere, na koncertu, ili negdje na planinarskoj stazi, uvjeravaju\u0107i sebe da je to bila dobra ideja.&#8221;][\/team_member][\/vc_column][\/vc_row][vc_row type=&#8221;grid&#8221; full_screen_row_position=&#8221;middle&#8221; column_margin=&#8221;default&#8221; column_direction=&#8221;default&#8221; column_direction_tablet=&#8221;default&#8221; column_direction_phone=&#8221;default&#8221; scene_position=&#8221;center&#8221; text_color=&#8221;dark&#8221; text_align=&#8221;left&#8221; row_border_radius=&#8221;none&#8221; row_border_radius_applies=&#8221;bg&#8221; overlay_strength=&#8221;0.3&#8243; gradient_direction=&#8221;left_to_right&#8221; shape_divider_position=&#8221;bottom&#8221; bg_image_animation=&#8221;none&#8221; is_fss_bg=&#8221;no&#8221; css=&#8221;.vc_custom_1615754065056{padding-top: 20px !important;}&#8221;][vc_column column_padding=&#8221;no-extra-padding&#8221; column_padding_tablet=&#8221;inherit&#8221; column_padding_phone=&#8221;inherit&#8221; column_padding_position=&#8221;all&#8221; column_element_spacing=&#8221;default&#8221; background_color_opacity=&#8221;1&#8243; background_hover_color_opacity=&#8221;1&#8243; column_shadow=&#8221;none&#8221; column_border_radius=&#8221;none&#8221; column_link_target=&#8221;_self&#8221; gradient_direction=&#8221;left_to_right&#8221; overlay_strength=&#8221;0.3&#8243; width=&#8221;1\/4&#8243; tablet_width_inherit=&#8221;default&#8221; tablet_text_alignment=&#8221;default&#8221; phone_text_alignment=&#8221;default&#8221; bg_image_animation=&#8221;none&#8221; border_type=&#8221;simple&#8221; column_border_width=&#8221;none&#8221; column_border_style=&#8221;solid&#8221;][team_member image_url=&#8221;5393&#8243; bio_alt_image_url=&#8221;5390&#8243; team_memeber_style=&#8221;bio_fullscreen_alt&#8221; image_loading=&#8221;default&#8221; team_member_bio_full_html=&#8221;simple&#8221; name=&#8221;Dino Aganovi\u0107&#8221; job_position=&#8221;Grafi\u010dki dizajner&#8221;][\/team_member][\/vc_column][vc_column column_padding=&#8221;no-extra-padding&#8221; column_padding_tablet=&#8221;inherit&#8221; column_padding_phone=&#8221;inherit&#8221; column_padding_position=&#8221;all&#8221; column_element_spacing=&#8221;default&#8221; background_color_opacity=&#8221;1&#8243; background_hover_color_opacity=&#8221;1&#8243; column_shadow=&#8221;none&#8221; column_border_radius=&#8221;none&#8221; column_link_target=&#8221;_self&#8221; gradient_direction=&#8221;left_to_right&#8221; overlay_strength=&#8221;0.3&#8243; width=&#8221;1\/4&#8243; tablet_width_inherit=&#8221;default&#8221; tablet_text_alignment=&#8221;default&#8221; phone_text_alignment=&#8221;default&#8221; bg_image_animation=&#8221;none&#8221; border_type=&#8221;simple&#8221; column_border_width=&#8221;none&#8221; column_border_style=&#8221;solid&#8221;][team_member image_url=&#8221;3410&#8243; bio_alt_image_url=&#8221;3410&#8243; team_memeber_style=&#8221;bio_fullscreen_alt&#8221; image_loading=&#8221;default&#8221; team_member_bio_full_html=&#8221;simple&#8221; name=&#8221;Teuta Bicaj&#8221; job_position=&#8221;Istra\u017eiva\u010dica&#8221; team_member_bio=&#8221;Teuta je stekla zvanje bachelora na Ma\u0161inskom i na Filozofskom fakultetu Univerziteta u Sarajevu, i trenutno zavr\u0161ava master studij \u201cConflict Management and Humanitarian Action\u201d na Univerzitetu u Sieni. Prije nego se pridru\u017eila timu MRD-a, Teuta je devet mjeseci boravila u gradi\u0107u Rondine u Italiji kao u\u010desnica programa \u201cMediteran: granica mira, u\u010denja i pomirenja\u201d koji implementira Rondine Citadella della Pace. Njeno istra\u017eivanje pri MRD-u stavlja u fokus dokumentovanje ratnih iskustava nacionalnih manjina u BiH.<\/p>\n<p>U domeni li\u010dnog Teuta isti\u010de da se do sada susrela sa vi\u0161e od 1.000 ma\u010daka, te se raduje jo\u0161 mnogim takvim poznanstvima u budu\u0107nosti. Tako\u0111er, Teuta za sebe ka\u017ee da je Hallyu fan, jer prati korejsku kulturu ve\u0107 vi\u0161e od decenije.&#8221;][\/team_member][\/vc_column][vc_column column_padding=&#8221;no-extra-padding&#8221; column_padding_tablet=&#8221;inherit&#8221; column_padding_phone=&#8221;inherit&#8221; column_padding_position=&#8221;all&#8221; column_element_spacing=&#8221;default&#8221; background_color_opacity=&#8221;1&#8243; background_hover_color_opacity=&#8221;1&#8243; column_shadow=&#8221;none&#8221; column_border_radius=&#8221;none&#8221; column_link_target=&#8221;_self&#8221; gradient_direction=&#8221;left_to_right&#8221; overlay_strength=&#8221;0.3&#8243; width=&#8221;1\/4&#8243; tablet_width_inherit=&#8221;default&#8221; tablet_text_alignment=&#8221;default&#8221; phone_text_alignment=&#8221;default&#8221; bg_image_animation=&#8221;none&#8221; border_type=&#8221;simple&#8221; column_border_width=&#8221;none&#8221; column_border_style=&#8221;solid&#8221;][team_member image_url=&#8221;66&#8243; bio_alt_image_url=&#8221;66&#8243; team_memeber_style=&#8221;bio_fullscreen_alt&#8221; image_loading=&#8221;default&#8221; team_member_bio_full_html=&#8221;simple&#8221; name=&#8221;Skender Hatibovi\u0107&#8221; job_position=&#8221;Istra\u017eivanje i razvoj tr\u017ei\u0161ta&#8221; social_icon_1=&#8221;fa fa-facebook&#8221; social_icon_2=&#8221;fa fa-linkedin-square&#8221; social_icon_3=&#8221;fa fa-twitter&#8221;][\/team_member][\/vc_column][vc_column column_padding=&#8221;no-extra-padding&#8221; column_padding_tablet=&#8221;inherit&#8221; column_padding_phone=&#8221;inherit&#8221; column_padding_position=&#8221;all&#8221; column_element_spacing=&#8221;default&#8221; background_color_opacity=&#8221;1&#8243; background_hover_color_opacity=&#8221;1&#8243; column_shadow=&#8221;none&#8221; column_border_radius=&#8221;none&#8221; column_link_target=&#8221;_self&#8221; gradient_direction=&#8221;left_to_right&#8221; overlay_strength=&#8221;0.3&#8243; width=&#8221;1\/4&#8243; tablet_width_inherit=&#8221;default&#8221; tablet_text_alignment=&#8221;default&#8221; phone_text_alignment=&#8221;default&#8221; bg_image_animation=&#8221;none&#8221; border_type=&#8221;simple&#8221; column_border_width=&#8221;none&#8221; column_border_style=&#8221;solid&#8221;][team_member image_url=&#8221;1816&#8243; bio_alt_image_url=&#8221;1816&#8243; team_memeber_style=&#8221;bio_fullscreen_alt&#8221; image_loading=&#8221;default&#8221; team_member_bio_full_html=&#8221;simple&#8221; name=&#8221;Dan Sheehan&#8221; job_position=&#8221;Lektor za engleski jezik&#8221; team_member_bio=&#8221;Dan je irski spisatelj, novinar i urednik. Stekao je diplomu na Trinity College-u, na Univerzitetu u Dublinu, a njegovi tekstovi objavljivani su na nekoliko stranica i portala, uklju\u010duju\u0107i The Irish Times, Oprah.com, GQ, The Los Angeles Review, te Guernica. Urednik je stranice Literary Hub i autor romana Restless Souls kojeg je Entertainment Weekly uvrstio na listu 10 izvrsnih romana prvijenaca u 2018. godini, a \u010dija se radnja odvija u Sarajevu. Izvorno iz Dublina, Dan sada provodi vrijeme na relaciji Jackson, Wyoming \u2013 Austin, Texas, zajedno sa svojom \u017eenom T\u00e9om i njihovim psom Gullyjem.&#8221;][\/team_member][\/vc_column][\/vc_row][vc_row type=&#8221;grid&#8221; full_screen_row_position=&#8221;middle&#8221; column_margin=&#8221;default&#8221; column_direction=&#8221;default&#8221; column_direction_tablet=&#8221;default&#8221; column_direction_phone=&#8221;default&#8221; scene_position=&#8221;center&#8221; text_color=&#8221;dark&#8221; text_align=&#8221;left&#8221; row_border_radius=&#8221;none&#8221; row_border_radius_applies=&#8221;bg&#8221; overlay_strength=&#8221;0.3&#8243; gradient_direction=&#8221;left_to_right&#8221; shape_divider_position=&#8221;bottom&#8221; bg_image_animation=&#8221;none&#8221; is_fss_bg=&#8221;no&#8221; css=&#8221;.vc_custom_1615754065056{padding-top: 20px !important;}&#8221;][vc_column column_padding=&#8221;no-extra-padding&#8221; column_padding_tablet=&#8221;inherit&#8221; column_padding_phone=&#8221;inherit&#8221; column_padding_position=&#8221;all&#8221; column_element_spacing=&#8221;default&#8221; background_color_opacity=&#8221;1&#8243; background_hover_color_opacity=&#8221;1&#8243; column_shadow=&#8221;none&#8221; column_border_radius=&#8221;none&#8221; column_link_target=&#8221;_self&#8221; gradient_direction=&#8221;left_to_right&#8221; overlay_strength=&#8221;0.3&#8243; width=&#8221;1\/4&#8243; tablet_width_inherit=&#8221;default&#8221; tablet_text_alignment=&#8221;default&#8221; phone_text_alignment=&#8221;default&#8221; bg_image_animation=&#8221;none&#8221; border_type=&#8221;simple&#8221; column_border_width=&#8221;none&#8221; column_border_style=&#8221;solid&#8221;][team_member image_url=&#8221;5495&#8243; bio_alt_image_url=&#8221;5494&#8243; team_memeber_style=&#8221;bio_fullscreen_alt&#8221; image_loading=&#8221;default&#8221; team_member_bio_full_html=&#8221;simple&#8221; name=&#8221;Nadira \u0106urulija&#8221; job_position=&#8221;Edukatorica&#8221; team_member_bio=&#8221;Nadira \u0106urulija je eksterna edukatorica i u\u010destvuje u implementaciji radionica izgradnje mira sa mladim ljudima i djecom u sklopu grupnih i \u0161kolskih posjeta Muzeju. Diplomirala je me\u0111unarodne odnose i diplomatiju, te ima preko 8 godina iskustva u radu sa nevladinim i me\u0111uvladinim organizacijama koje su specijalizovane za mirovno obrazovanje, izgradnju mira, pomirenje, interkulturalno u\u010denje i dijalog. U slobodno vrijeme voli da \u010dita knjige, ide u teretanu i juri ma\u010dke.&#8221;][\/team_member][\/vc_column][vc_column column_padding=&#8221;no-extra-padding&#8221; column_padding_tablet=&#8221;inherit&#8221; column_padding_phone=&#8221;inherit&#8221; column_padding_position=&#8221;all&#8221; column_element_spacing=&#8221;default&#8221; background_color_opacity=&#8221;1&#8243; background_hover_color_opacity=&#8221;1&#8243; column_shadow=&#8221;none&#8221; column_border_radius=&#8221;none&#8221; column_link_target=&#8221;_self&#8221; gradient_direction=&#8221;left_to_right&#8221; overlay_strength=&#8221;0.3&#8243; width=&#8221;1\/4&#8243; tablet_width_inherit=&#8221;default&#8221; tablet_text_alignment=&#8221;default&#8221; phone_text_alignment=&#8221;default&#8221; bg_image_animation=&#8221;none&#8221; border_type=&#8221;simple&#8221; column_border_width=&#8221;none&#8221; column_border_style=&#8221;solid&#8221;][team_member image_url=&#8221;5497&#8243; bio_alt_image_url=&#8221;5496&#8243; team_memeber_style=&#8221;bio_fullscreen_alt&#8221; image_loading=&#8221;default&#8221; team_member_bio_full_html=&#8221;simple&#8221; name=&#8221;Amar Hamzi\u0107&#8221; job_position=&#8221;Edukator&#8221; team_member_bio=&#8221;Amar Hamzi\u0107 je eksterni edukator odgovoran za implementaciju edukativnih radionica izgradnje mira sa mladima i djecom. Amar ima vi\u0161e od 9 godina iskustva u radu s mladima i radi na razvoju i implementaciji obrazovnih programa za mlade, zasnovanih na neformalnom i iskustvenom u\u010denju, sa posebnim naglaskom na teme izgradnje mira i pomirenja. U slobodno vrijeme Amar voli da igra tenis, planinari i putuje.&#8221;][\/team_member][\/vc_column][vc_column column_padding=&#8221;no-extra-padding&#8221; column_padding_tablet=&#8221;inherit&#8221; column_padding_phone=&#8221;inherit&#8221; column_padding_position=&#8221;all&#8221; column_element_spacing=&#8221;default&#8221; background_color_opacity=&#8221;1&#8243; background_hover_color_opacity=&#8221;1&#8243; column_shadow=&#8221;none&#8221; column_border_radius=&#8221;none&#8221; column_link_target=&#8221;_self&#8221; gradient_direction=&#8221;left_to_right&#8221; overlay_strength=&#8221;0.3&#8243; width=&#8221;1\/4&#8243; tablet_width_inherit=&#8221;default&#8221; tablet_text_alignment=&#8221;default&#8221; phone_text_alignment=&#8221;default&#8221; bg_image_animation=&#8221;none&#8221; border_type=&#8221;simple&#8221; column_border_width=&#8221;none&#8221; column_border_style=&#8221;solid&#8221;][team_member image_url=&#8221;5501&#8243; bio_alt_image_url=&#8221;5500&#8243; team_memeber_style=&#8221;bio_fullscreen_alt&#8221; image_loading=&#8221;default&#8221; team_member_bio_full_html=&#8221;simple&#8221; name=&#8221;Lejla Pleh&#8221; job_position=&#8221;Edukatorica&#8221; social_icon_1=&#8221;fa fa-facebook&#8221; social_icon_2=&#8221;fa fa-linkedin-square&#8221; social_icon_3=&#8221;fa fa-twitter&#8221; team_member_bio=&#8221;Kao eksterna edukatorica u muzeju, Lejla Pleh provodi radionice i aktivnosti koje podsti\u010du mlade ljude na aktivno u\u010de\u0161\u0107e u izgradnji mira. Diplomirala je filozofiju i izgradila karijeru na poljima novinarstva i komunikacija, s primarnim fokusom na tranzicijsku pravdu u kontekstu kulturolo\u0161kih fenomena. Vjeruje da je kriti\u010dko promi\u0161ljanje klju\u010d do zasnivanja dru\u0161tvene odgovornosti, principa kojim se vodi i u novinarstvu i u izgradnji mira. Lejla je licencirana radio-amaterka i u\u017eiva u stvaranju kola\u017ea od starih novina i \u010dasopisa.&#8221;][\/team_member][\/vc_column][vc_column column_padding=&#8221;no-extra-padding&#8221; column_padding_tablet=&#8221;inherit&#8221; column_padding_phone=&#8221;inherit&#8221; column_padding_position=&#8221;all&#8221; column_element_spacing=&#8221;default&#8221; background_color_opacity=&#8221;1&#8243; background_hover_color_opacity=&#8221;1&#8243; column_shadow=&#8221;none&#8221; column_border_radius=&#8221;none&#8221; column_link_target=&#8221;_self&#8221; gradient_direction=&#8221;left_to_right&#8221; overlay_strength=&#8221;0.3&#8243; width=&#8221;1\/4&#8243; tablet_width_inherit=&#8221;default&#8221; tablet_text_alignment=&#8221;default&#8221; phone_text_alignment=&#8221;default&#8221; bg_image_animation=&#8221;none&#8221; border_type=&#8221;simple&#8221; column_border_width=&#8221;none&#8221; column_border_style=&#8221;solid&#8221;][team_member image_url=&#8221;5502&#8243; bio_alt_image_url=&#8221;5503&#8243; team_memeber_style=&#8221;bio_fullscreen_alt&#8221; image_loading=&#8221;default&#8221; team_member_bio_full_html=&#8221;simple&#8221; name=&#8221;Aida Sejdi\u0107-Melezovi\u0107&#8221; job_position=&#8221;Edukatorica&#8221; social_icon_1=&#8221;fa fa-facebook&#8221; social_icon_2=&#8221;fa fa-linkedin-square&#8221; social_icon_3=&#8221;fa fa-twitter&#8221; team_member_bio=&#8221;Aida Sejdi\u0107-Melezovi\u0107 radi kao profesorica u Drugoj gimnaziji Sarajevo. Aktivna je u\u010desnica i organizatorica brojnih programa i projekata za djecu i mlade, posebno u oblastima dru\u0161tveno-korisnog i humanitarnog rada, kulture i ekologije. Volonterski organizuje i koordinira pomo\u0107 djeci s uro\u0111enim sr\u010danim manama iz Bosne i Hercegovine, a u saradnji s ljekarima iz BiH i Italije omogu\u0107ava besplatne operativne zahvate i lije\u010denje za djecu iz na\u0161e zemlje.<br \/>\nZa svoj izuzetni anga\u017eman na organizaciji lije\u010denja te\u0161ko oboljele djece i spa\u0161avanju 72 mali\u0161ana iz BiH, Aida je u septembru 2023. godine dobila priznanje &#8220;Zahvalnica Grada Sarajeva&#8220;.<br \/>\nFondacija tuzlanske zajednice uvrstila ju je me\u0111u istaknute pojedince u okviru kampanje &#8220;Ljudi filantropskog srca&#8220; za 2024. godinu.<br \/>\nU januaru 2024. godine, Ambasada Sjedinjenih Ameri\u010dkih Dr\u017eava u Bosni i Hercegovini imenovala ju je Heroinom mjeseca, istaknuv\u0161i da je \u201comiljena srednjo\u0161kolska profesorica i istinska aktivistkinja u svakom smislu te rije\u010di\u201d.&#8221;][\/team_member][\/vc_column][\/vc_row][vc_row type=&#8221;grid&#8221; full_screen_row_position=&#8221;middle&#8221; column_margin=&#8221;default&#8221; column_direction=&#8221;default&#8221; column_direction_tablet=&#8221;default&#8221; column_direction_phone=&#8221;default&#8221; scene_position=&#8221;center&#8221; text_color=&#8221;dark&#8221; text_align=&#8221;left&#8221; row_border_radius=&#8221;none&#8221; row_border_radius_applies=&#8221;bg&#8221; overlay_strength=&#8221;0.3&#8243; gradient_direction=&#8221;left_to_right&#8221; shape_divider_position=&#8221;bottom&#8221; bg_image_animation=&#8221;none&#8221; is_fss_bg=&#8221;no&#8221; css=&#8221;.vc_custom_1615754065056{padding-top: 20px !important;}&#8221;][vc_column column_padding=&#8221;no-extra-padding&#8221; column_padding_tablet=&#8221;inherit&#8221; column_padding_phone=&#8221;inherit&#8221; column_padding_position=&#8221;all&#8221; column_element_spacing=&#8221;default&#8221; background_color_opacity=&#8221;1&#8243; background_hover_color_opacity=&#8221;1&#8243; column_shadow=&#8221;none&#8221; column_border_radius=&#8221;none&#8221; column_link_target=&#8221;_self&#8221; gradient_direction=&#8221;left_to_right&#8221; overlay_strength=&#8221;0.3&#8243; width=&#8221;1\/4&#8243; tablet_width_inherit=&#8221;default&#8221; tablet_text_alignment=&#8221;default&#8221; phone_text_alignment=&#8221;default&#8221; bg_image_animation=&#8221;none&#8221; border_type=&#8221;simple&#8221; column_border_width=&#8221;none&#8221; column_border_style=&#8221;solid&#8221;][team_member image_url=&#8221;2911&#8243; bio_alt_image_url=&#8221;2911&#8243; team_memeber_style=&#8221;bio_fullscreen_alt&#8221; image_loading=&#8221;default&#8221; team_member_bio_full_html=&#8221;simple&#8221; name=&#8221;Ajla Fazli\u0107&#8221; job_position=&#8221;Slu\u017ebenica za monitoring i evaluaciju&#8221; team_member_bio=&#8221;Ajla je ro\u0111ena u Zenici 1996. godine. Zavr\u0161ila je Srednju \u0161kolu primijenjenih umjetnosti na odsjeku za primijenjeno slikarstvo u Sarajevu i tokom srednjo\u0161kolskih dana je radila kao trener sportske gimnastike za djecu. Diplomirala je na Interdisciplinarnom studiju konzervacije i restauracije na Akademiji likovnih umjetnosti, Prirodno matemati\u010dkom fakultetu i Arhitektonskom fakultetu Univerziteta u Sarajevu. Imala je priliku raditi na konzervatorsko-restaruratorskim programima u Rimu i Firenci. Magistrirala je Konzervaciju i restauraciju 2022. godine. Radila je u Laboratoriju za konzervaciju i restauraciju arhivske gra\u0111e u Arhivu Bosne i Hercegovine i volontirala je na razli\u010ditim projektima koji uklju\u010duju za\u0161titu kulturno-historijskog naslije\u0111a BiH. Ajla voli umjetnost, historiju, djecu i Plavi Orkestar.&#8221;][\/team_member][\/vc_column][vc_column column_padding=&#8221;no-extra-padding&#8221; column_padding_tablet=&#8221;inherit&#8221; column_padding_phone=&#8221;inherit&#8221; column_padding_position=&#8221;all&#8221; column_element_spacing=&#8221;default&#8221; background_color_opacity=&#8221;1&#8243; background_hover_color_opacity=&#8221;1&#8243; column_shadow=&#8221;none&#8221; column_border_radius=&#8221;none&#8221; column_link_target=&#8221;_self&#8221; gradient_direction=&#8221;left_to_right&#8221; overlay_strength=&#8221;0.3&#8243; width=&#8221;1\/4&#8243; tablet_width_inherit=&#8221;default&#8221; tablet_text_alignment=&#8221;default&#8221; phone_text_alignment=&#8221;default&#8221; bg_image_animation=&#8221;none&#8221; border_type=&#8221;simple&#8221; column_border_width=&#8221;none&#8221; column_border_style=&#8221;solid&#8221;][team_member image_url=&#8221;5505&#8243; bio_alt_image_url=&#8221;5504&#8243; team_memeber_style=&#8221;bio_fullscreen_alt&#8221; image_loading=&#8221;default&#8221; team_member_bio_full_html=&#8221;simple&#8221; name=&#8221;Ajna Tucak&#8221; job_position=&#8221;Muzejska vodi\u010dica&#8221; team_member_bio=&#8221;Ajna Tucak radi kao muzejska vodi\u010dica u Muzeju ratnoAjna Tucak radi kao muzejski vodi\u010d u Muzeju ratnog djetinjstva. Ajna je posve\u0107ena stvaranju prostora u kojem se posjetitelji muzeja osje\u0107aju dobrodo\u0161lim, te u kojem imaju priliku povezati se sa iskustvima djece \u010dije je djetinjstvo pogo\u0111eno ratnim dejstvima. Diplomirala je na Odsjeku za psihologiju, a u skladu sa izra\u017eenim interesom za prou\u010davanje traume i psihoterapije, Ajna se trudi stvoriti prostor za u\u010denje ispunjen empatijom. Tako\u0111er, ima iskustva u volontiranju sa djecom. U slobodno vrijeme Ajna voli da crta, pi\u0161e, \u010dita i provodi vrijeme u prirodi.g djetinjstva. Ajna je posve\u0107ena stvaranju prostora u kojem se posjetitelji muzeja osje\u0107aju dobrodo\u0161lim, te u kojem imaju priliku povezati se sa iskustvima djece \u010dije je djetinjstvo pogo\u0111eno ratnim dejstvima. Diplomirala je na Odsjeku za psihologiju, a u skladu sa izra\u017eenim interesom za prou\u010davanje traume i psihoterapije, Ajna se trudi stvoriti prostor za u\u010denje ispunjen empatijom. Tako\u0111er, ima iskustva u volontiranju sa djecom. U slobodno vrijeme Ajna voli da crta, pi\u0161e, \u010dita i provodi vrijeme u prirodi.&#8221;][\/team_member][\/vc_column][vc_column column_padding=&#8221;no-extra-padding&#8221; column_padding_tablet=&#8221;inherit&#8221; column_padding_phone=&#8221;inherit&#8221; column_padding_position=&#8221;all&#8221; column_element_spacing=&#8221;default&#8221; background_color_opacity=&#8221;1&#8243; background_hover_color_opacity=&#8221;1&#8243; column_shadow=&#8221;none&#8221; column_border_radius=&#8221;none&#8221; column_link_target=&#8221;_self&#8221; gradient_direction=&#8221;left_to_right&#8221; overlay_strength=&#8221;0.3&#8243; width=&#8221;1\/4&#8243; tablet_width_inherit=&#8221;default&#8221; tablet_text_alignment=&#8221;default&#8221; phone_text_alignment=&#8221;default&#8221; bg_image_animation=&#8221;none&#8221; border_type=&#8221;simple&#8221; column_border_width=&#8221;none&#8221; column_border_style=&#8221;solid&#8221;][team_member image_url=&#8221;5493&#8243; bio_alt_image_url=&#8221;5492&#8243; team_memeber_style=&#8221;bio_fullscreen_alt&#8221; image_loading=&#8221;default&#8221; team_member_bio_full_html=&#8221;simple&#8221; name=&#8221;Hanan Ali\u0107&#8221; job_position=&#8221;Muzejski vodi\u010d&#8221; team_member_bio=&#8221;Hanan Ali\u0107 radi kao muzejski vodi\u010d u Muzeju ratnog djetinjstva. Kao dio tima koji radi direktno sa posjetiteljima, Hanan do\u010dekuje posjetitelje, pru\u017ea vo\u0111ene ture i poma\u017ee u tuma\u010denju li\u010dnih pri\u010da i izlo\u017eaka u \u010dijem su fokusu iskustva djece pogo\u0111ena ratnim dejstvima. Sa iskustvom iz polja psihologije i izra\u017eenim interesom za traumu i razvijanje otpornosti, Hanan unosi empatiju i razumijevanje u svaku interakciju sa posjetiteljima. Pored akademskih aktivnosti, u\u017eiva u planinarenju, prirodi, i povezivanju sa ljudima kroz zajedni\u010dke pri\u010de i iskustva.&#8221;][\/team_member][\/vc_column][vc_column column_padding=&#8221;no-extra-padding&#8221; column_padding_tablet=&#8221;inherit&#8221; column_padding_phone=&#8221;inherit&#8221; column_padding_position=&#8221;all&#8221; column_element_spacing=&#8221;default&#8221; background_color_opacity=&#8221;1&#8243; background_hover_color_opacity=&#8221;1&#8243; column_shadow=&#8221;none&#8221; column_border_radius=&#8221;none&#8221; column_link_target=&#8221;_self&#8221; gradient_direction=&#8221;left_to_right&#8221; overlay_strength=&#8221;0.3&#8243; width=&#8221;1\/4&#8243; tablet_width_inherit=&#8221;default&#8221; tablet_text_alignment=&#8221;default&#8221; phone_text_alignment=&#8221;default&#8221; bg_image_animation=&#8221;none&#8221; border_type=&#8221;simple&#8221; column_border_width=&#8221;none&#8221; column_border_style=&#8221;solid&#8221;][\/vc_column][\/vc_row]\n","protected":false},"excerpt":{"rendered":"<p>[vc_row type=&#8221;in_container&#8221; full_screen_row_position=&#8221;middle&#8221; column_margin=&#8221;default&#8221; column_direction=&#8221;default&#8221; column_direction_tablet=&#8221;default&#8221; column_direction_phone=&#8221;default&#8221; scene_position=&#8221;center&#8221; text_color=&#8221;dark&#8221; text_align=&#8221;left&#8221; row_border_radius=&#8221;none&#8221; row_border_radius_applies=&#8221;bg&#8221; overlay_strength=&#8221;0.3&#8243; gradient_direction=&#8221;left_to_right&#8221; shape_divider_position=&#8221;bottom&#8221; bg_image_animation=&#8221;none&#8221;][vc_column column_padding=&#8221;no-extra-padding&#8221; column_padding_tablet=&#8221;inherit&#8221; column_padding_phone=&#8221;inherit&#8221; column_padding_position=&#8221;all&#8221; column_element_spacing=&#8221;default&#8221; background_color_opacity=&#8221;1&#8243; background_hover_color_opacity=&#8221;1&#8243; column_shadow=&#8221;none&#8221; column_border_radius=&#8221;none&#8221; column_link_target=&#8221;_self&#8221; gradient_direction=&#8221;left_to_right&#8221; overlay_strength=&#8221;0.3&#8243; width=&#8221;1\/1&#8243; tablet_width_inherit=&#8221;default&#8221;&#8230;<\/p>\n","protected":false},"author":1,"featured_media":0,"parent":0,"menu_order":0,"comment_status":"closed","ping_status":"closed","template":"","meta":{"give_campaign_id":0,"_seopress_robots_primary_cat":"","_seopress_titles_title":"Tim Muzeja - Muzej ratnog djetinjstva","_seopress_titles_desc":"Pregled \u010dlanica i \u010dlanova tima Muzeja ratnog djetinjstva.","_seopress_robots_index":"","footnotes":""},"class_list":["post-53","page","type-page","status-publish"],"campaignId":"","_links":{"self":[{"href":"https:\/\/warchildhood.org\/ba\/wp-json\/wp\/v2\/pages\/53","targetHints":{"allow":["GET"]}}],"collection":[{"href":"https:\/\/warchildhood.org\/ba\/wp-json\/wp\/v2\/pages"}],"about":[{"href":"https:\/\/warchildhood.org\/ba\/wp-json\/wp\/v2\/types\/page"}],"author":[{"embeddable":true,"href":"https:\/\/warchildhood.org\/ba\/wp-json\/wp\/v2\/users\/1"}],"replies":[{"embeddable":true,"href":"https:\/\/warchildhood.org\/ba\/wp-json\/wp\/v2\/comments?post=53"}],"version-history":[{"count":70,"href":"https:\/\/warchildhood.org\/ba\/wp-json\/wp\/v2\/pages\/53\/revisions"}],"predecessor-version":[{"id":6256,"href":"https:\/\/warchildhood.org\/ba\/wp-json\/wp\/v2\/pages\/53\/revisions\/6256"}],"wp:attachment":[{"href":"https:\/\/warchildhood.org\/ba\/wp-json\/wp\/v2\/media?parent=53"}],"curies":[{"name":"wp","href":"https:\/\/api.w.org\/{rel}","templated":true}]}}