{"id":531,"date":"2017-11-17T19:50:59","date_gmt":"2017-11-17T19:50:59","guid":{"rendered":"https:\/\/ba.warchildhood.org\/?page_id=531"},"modified":"2024-10-04T10:50:35","modified_gmt":"2024-10-04T08:50:35","slug":"djetinjstva-koja-je-obiljezio-rat-u-ukrajini","status":"publish","type":"page","link":"https:\/\/warchildhood.org\/ba\/djetinjstva-koja-je-obiljezio-rat-u-ukrajini\/","title":{"rendered":"Djetinjstva koja je obilje\u017eio rat u Ukrajini"},"content":{"rendered":"[vc_row type=&#8221;grid&#8221; full_screen_row_position=&#8221;middle&#8221; column_margin=&#8221;default&#8221; column_direction=&#8221;default&#8221; column_direction_tablet=&#8221;default&#8221; column_direction_phone=&#8221;default&#8221; scene_position=&#8221;center&#8221; text_color=&#8221;dark&#8221; text_align=&#8221;left&#8221; row_border_radius=&#8221;none&#8221; row_border_radius_applies=&#8221;bg&#8221; overlay_strength=&#8221;0.3&#8243; gradient_direction=&#8221;left_to_right&#8221; shape_divider_position=&#8221;bottom&#8221; bg_image_animation=&#8221;none&#8221; is_fss_bg=&#8221;no&#8221; css=&#8221;.vc_custom_1437771994025{border-bottom-width: 30px !important;background-color: #ffffff !important;border-bottom-color: #ffffff !important;}&#8221;][vc_column column_padding=&#8221;no-extra-padding&#8221; column_padding_tablet=&#8221;inherit&#8221; column_padding_phone=&#8221;inherit&#8221; column_padding_position=&#8221;all&#8221; column_element_spacing=&#8221;default&#8221; background_color_opacity=&#8221;1&#8243; background_hover_color_opacity=&#8221;1&#8243; column_shadow=&#8221;none&#8221; column_border_radius=&#8221;none&#8221; column_link_target=&#8221;_self&#8221; gradient_direction=&#8221;left_to_right&#8221; overlay_strength=&#8221;0.3&#8243; width=&#8221;1\/1&#8243; tablet_width_inherit=&#8221;default&#8221; tablet_text_alignment=&#8221;default&#8221; phone_text_alignment=&#8221;default&#8221; bg_image_animation=&#8221;none&#8221; border_type=&#8221;simple&#8221; column_border_width=&#8221;none&#8221; column_border_style=&#8221;solid&#8221; dp_animation=&#8221;&#8221;][divider line_type=&#8221;No Line&#8221; custom_height=&#8221;30&#8243;][\/vc_column][\/vc_row][vc_row type=&#8221;in_container&#8221; full_screen_row_position=&#8221;middle&#8221; column_margin=&#8221;default&#8221; column_direction=&#8221;default&#8221; column_direction_tablet=&#8221;default&#8221; column_direction_phone=&#8221;default&#8221; scene_position=&#8221;center&#8221; text_color=&#8221;dark&#8221; text_align=&#8221;left&#8221; row_border_radius=&#8221;none&#8221; row_border_radius_applies=&#8221;bg&#8221; overlay_strength=&#8221;0.3&#8243; gradient_direction=&#8221;left_to_right&#8221; shape_divider_position=&#8221;bottom&#8221; bg_image_animation=&#8221;none&#8221;][vc_column column_padding=&#8221;no-extra-padding&#8221; column_padding_tablet=&#8221;inherit&#8221; column_padding_phone=&#8221;inherit&#8221; column_padding_position=&#8221;all&#8221; column_element_spacing=&#8221;default&#8221; background_color_opacity=&#8221;1&#8243; background_hover_color_opacity=&#8221;1&#8243; column_shadow=&#8221;none&#8221; column_border_radius=&#8221;none&#8221; column_link_target=&#8221;_self&#8221; gradient_direction=&#8221;left_to_right&#8221; overlay_strength=&#8221;0.3&#8243; width=&#8221;1\/2&#8243; tablet_width_inherit=&#8221;default&#8221; tablet_text_alignment=&#8221;default&#8221; phone_text_alignment=&#8221;default&#8221; bg_image_animation=&#8221;none&#8221; border_type=&#8221;simple&#8221; column_border_width=&#8221;none&#8221; column_border_style=&#8221;solid&#8221;][vc_column_text]<span style=\"font-weight: 400;\">Muzej ratnog djetinjstva (MRD) otvorio je svoj prvi me\u0111unarodni ured u Kijevu u junu 2020. godine. Osoblje se u po\u010detku fokusiralo na dokumentovanje iskustava djece i mladih pogo\u0111enih ratom na istoku Ukrajine i privremenom okupacijom Krima koja je po\u010dela 2014. godine.<\/span><\/p>\n<p><span style=\"font-weight: 400;\">Uprkos punoj invaziji koja je zapo\u010dela 24. 2. 2022. godine, osoblje muzeja nastavilo je svoje istra\u017eiva\u010dke i dokumentacijske aktivnosti. Tim MRD-a, na \u010delu sa direktoricom projekta Svitlanom Osipchuk, i dalje je posve\u0107en prikupljanju svjedo\u010danstava iz svih regija Ukrajine, kao i od ukrajinskih izbjeglica.<\/span><\/p>\n<p><span style=\"font-weight: 400;\">Prva velika izlo\u017eba odr\u017eana je u Kijevu 2021. godine. Privukla je preko 1.100 posjetitelja i posjetiteljki\u00a0 i dobila zna\u010dajnu pa\u017enju kako ukrajinskih, tako i me\u0111unarodnih medija. Poznati ratni novinar Anthony Loyd, pi\u0161u\u0107i za The Times, komentarisao je da \u201eovo me\u0111unarodno pro\u0161irenje stavlja Muzej ratnog djetinjstva u sam vrh projekata koji istra\u017euju uticaj rata na djecu.\u201c<\/span><\/p>\n<p><span style=\"font-weight: 400;\">U januaru 2022. godine postavljena je privremena izlo\u017eba u Khersonu, s planovima da se do kraja godine obi\u0111e ukupno \u0161est ukrajinskih regija. Me\u0111utim, ovi planovi su poreme\u0107eni izbijanjem invazije velikih razmjera.<\/span><\/p>\n<p><span style=\"font-weight: 400;\">Uredi Muzeja ratnog djetinjstva u Sarajevu i Kijevu zajedni\u010dki su kreirali izlo\u017ebu \u201eLISTEN\u201c (\u201eSLU\u0160AJ\u201c), koja je od tada posjetila \u0161est evropskih gradova. Izlo\u017eba je prikazana u Vije\u0107u Evrope u Strasbourgu i na konferenciji Me\u0111unarodnog savjeta muzeja (ICOM) u Pragu. Cilj izlo\u017ebe je ispri\u010dati li\u010dne pri\u010de ukrajinske djece i mladih pogo\u0111enih trenutnim ratom.<\/span><\/p>\n<p>Najnovija velika izlo\u017eba \u201eOut of Shadow\u201c (\u201eIzvan sjene\u201c) odr\u017eana je ovog ljeta u Kijevu, u Muzeju Tarasa \u0160ev\u010denka.<\/p>\n<p><span style=\"font-weight: 400;\">Osim \u0161to pru\u017ea platformu djeci i mladima pogo\u0111enim ratom da podijele svoje pri\u010de, Muzej tako\u0111er organizuje raznovrsne edukativne aktivnosti, kako online, tako i u\u017eivo.<\/span>[\/vc_column_text][\/vc_column][vc_column column_padding=&#8221;no-extra-padding&#8221; column_padding_tablet=&#8221;inherit&#8221; column_padding_phone=&#8221;inherit&#8221; column_padding_position=&#8221;all&#8221; column_element_spacing=&#8221;default&#8221; background_color_opacity=&#8221;1&#8243; background_hover_color_opacity=&#8221;1&#8243; column_shadow=&#8221;none&#8221; column_border_radius=&#8221;none&#8221; column_link_target=&#8221;_self&#8221; gradient_direction=&#8221;left_to_right&#8221; overlay_strength=&#8221;0.3&#8243; width=&#8221;1\/2&#8243; tablet_width_inherit=&#8221;default&#8221; tablet_text_alignment=&#8221;default&#8221; phone_text_alignment=&#8221;default&#8221; bg_image_animation=&#8221;none&#8221; border_type=&#8221;simple&#8221; column_border_width=&#8221;none&#8221; column_border_style=&#8221;solid&#8221;][vc_column_text]\n<h2><b>Kolekcija MRD-a u Ukrajini<\/b><\/h2>\n<p><span style=\"font-weight: 400;\">Rastu\u0107a kolekcija Muzeja ratnog djetinjstva u Ukrajini jedna je od rijetkih, ako ne i jedina, koja je u potpunosti posve\u0107ena iskustvima djece tokom rata u Ukrajini.<\/span><\/p>\n<p><span style=\"font-weight: 400;\">Kolekcija trenutno obuhvata:<\/span><\/p>\n[\/vc_column_text][milestone heading_inherit=&#8221;default&#8221; symbol_position=&#8221;after&#8221; subject_padding=&#8221;0&#8243; color=&#8221;Accent-Color&#8221; effect=&#8221;count&#8221; symbol_alignment=&#8221;Default&#8221; milestone_alignment=&#8221;default&#8221; number=&#8221;400&#8243; symbol=&#8221;+&#8221; subject=&#8221;intervjua&#8221;][milestone heading_inherit=&#8221;default&#8221; symbol_position=&#8221;after&#8221; subject_padding=&#8221;0&#8243; color=&#8221;Accent-Color&#8221; effect=&#8221;count&#8221; symbol_alignment=&#8221;Default&#8221; milestone_alignment=&#8221;default&#8221; number=&#8221;600&#8243; symbol=&#8221;+&#8221; subject=&#8221;predmeta&#8221;][vc_column_text]\n<h2><b>Budu\u0107i planovi MRD-a u Ukrajini<\/b><\/h2>\n<p><span style=\"font-weight: 400;\">Nakon nekoliko uspje\u0161nih privremenih izlo\u017ebi koje su pokazale kapacitet MRD-a da privu\u010de raznoliku publiku i pru\u017ei vidljivost i va\u017enost mladima i njihovim pri\u010dama, Muzej ratnog djetinjstva sada radi na osiguravanju prostora za stalni muzej u Kijevu. Stalni Muzej ratnog djetinjstva u Kijevu poslu\u017eit \u0107e kao klju\u010dno mjesto za dijalog i sje\u0107anje, poma\u017eu\u0107i procesima ozdravljenja pojedinaca, porodica i zajednica.<\/span><\/p>\n<p><span style=\"font-weight: 400;\">Osna\u017eivanjem mladih, Muzej ratnog djetinjstva poma\u017ee u suo\u010davanju s traumom, izgradnji me\u0111usobnog razumijevanja i sprje\u010davanju \u0161irenja traume unutar zajednica. U \u010dlanku New York Timesa o privremenoj izlo\u017ebi MRD-a u Kijevu, jedna od u\u010desnica, koja je imala 16 godina kada je 2014. izbjegla iz Stanytsia Luhanske, izjavila je: \u201eIzlo\u017eba [MRD-a] u Kijevu bila je jedan od prvih trenutaka kada su moje iskustvo vidjeli i razumjeli.\u201d Upravo to \u2014 pru\u017eiti platformu djeci i mladima da budu saslu\u0161ani i vi\u0111eni, te omogu\u0107iti zajednici da se lije\u010di \u2014 predstavlja sr\u017e misije Muzeja ratnog djetinjstva.<\/span>[\/vc_column_text][\/vc_column][\/vc_row][vc_row type=&#8221;in_container&#8221; full_screen_row_position=&#8221;middle&#8221; column_margin=&#8221;default&#8221; column_direction=&#8221;default&#8221; column_direction_tablet=&#8221;default&#8221; column_direction_phone=&#8221;default&#8221; scene_position=&#8221;center&#8221; text_color=&#8221;dark&#8221; text_align=&#8221;left&#8221; row_border_radius=&#8221;none&#8221; row_border_radius_applies=&#8221;bg&#8221; overlay_strength=&#8221;0.3&#8243; gradient_direction=&#8221;left_to_right&#8221; shape_divider_position=&#8221;bottom&#8221; bg_image_animation=&#8221;none&#8221;][vc_column column_padding=&#8221;no-extra-padding&#8221; column_padding_tablet=&#8221;inherit&#8221; column_padding_phone=&#8221;inherit&#8221; column_padding_position=&#8221;all&#8221; column_element_spacing=&#8221;default&#8221; background_color_opacity=&#8221;1&#8243; background_hover_color_opacity=&#8221;1&#8243; column_shadow=&#8221;none&#8221; column_border_radius=&#8221;none&#8221; column_link_target=&#8221;_self&#8221; gradient_direction=&#8221;left_to_right&#8221; overlay_strength=&#8221;0.3&#8243; width=&#8221;1\/2&#8243; tablet_width_inherit=&#8221;default&#8221; tablet_text_alignment=&#8221;default&#8221; phone_text_alignment=&#8221;default&#8221; bg_image_animation=&#8221;none&#8221; border_type=&#8221;simple&#8221; column_border_width=&#8221;none&#8221; column_border_style=&#8221;solid&#8221;][image_with_animation image_url=&#8221;4806&#8243; animation=&#8221;Fade In&#8221; hover_animation=&#8221;none&#8221; alignment=&#8221;&#8221; border_radius=&#8221;none&#8221; box_shadow=&#8221;none&#8221; image_loading=&#8221;default&#8221; max_width=&#8221;100%&#8221; max_width_mobile=&#8221;default&#8221;][vc_column_text]\n<h3><strong>O\u010deve rukavice<\/strong><\/h3>\n<p>O\u010deve rukavice. Nosio sam ih uz njegovu vojnu uniformu, pancir i \u0161ljem (radnu kacigu sa slu\u0161alicama). Donio mi ih je na po\u010detku rata.<\/p>\n<p>Mnogo mi zna\u010de. U njima vidim dio svog oca. On ima 53 godine. Mogao je ostati kod ku\u0107e, jer je u rezervnom sastavu. Ali odlu\u010dio je da je \u010clan 54 Ustava \u2014 o svetoj du\u017enosti svakog gra\u0111anina da \u0161titi suverenitet i nezavisnost na\u0161e dr\u017eave \u2014 poziv koji treba slijediti. Kao gra\u0111anin, oti\u0161ao je, neustra\u0161ivo; nije pobjegao u inostranstvo, nije davao mito. Pokazao mi je primjerom da, \u010dak i u te\u0161kim trenucima, svi imamo izbor. Ponosan sam na njega.<\/p>\n<p><em>Lorents, 2008, Kijev<\/em>[\/vc_column_text][\/vc_column][vc_column column_padding=&#8221;no-extra-padding&#8221; column_padding_tablet=&#8221;inherit&#8221; column_padding_phone=&#8221;inherit&#8221; column_padding_position=&#8221;all&#8221; column_element_spacing=&#8221;default&#8221; background_color_opacity=&#8221;1&#8243; background_hover_color_opacity=&#8221;1&#8243; column_shadow=&#8221;none&#8221; column_border_radius=&#8221;none&#8221; column_link_target=&#8221;_self&#8221; gradient_direction=&#8221;left_to_right&#8221; overlay_strength=&#8221;0.3&#8243; width=&#8221;1\/2&#8243; tablet_width_inherit=&#8221;default&#8221; tablet_text_alignment=&#8221;default&#8221; phone_text_alignment=&#8221;default&#8221; bg_image_animation=&#8221;none&#8221; border_type=&#8221;simple&#8221; column_border_width=&#8221;none&#8221; column_border_style=&#8221;solid&#8221;][image_with_animation image_url=&#8221;4807&#8243; animation=&#8221;Fade In&#8221; hover_animation=&#8221;none&#8221; alignment=&#8221;&#8221; border_radius=&#8221;none&#8221; box_shadow=&#8221;none&#8221; image_loading=&#8221;default&#8221; max_width=&#8221;100%&#8221; max_width_mobile=&#8221;default&#8221;][vc_column_text]\n<h3><strong>Prvi dani rata<\/strong><\/h3>\n<p><span style=\"font-weight: 400;\">Naslikala sam ovu sliku sedmicu nakon \u0161to smo stigli u Poljsku. Umjetnik Waldek je okupio grupu ljudi koji su \u017eeljeli izraziti svoje emocije kroz slikanje. Odlu\u010dila sam obojiti pozadinu u crno, jer za mene ta boja simbolizuje nepoznato\u2014ono \u0161to ne mo\u017eemo vidjeti i ono \u0161to \u0107e se desiti. Ovo je te\u0161ka boja. Ekseri i \u0161arafi predstavljaju stra\u0161ne sile iznad nas koje nas u svakom trenutku mogu ubiti. Ovo je moj utisak o prvim danima rata\u2014osje\u0107aj da nema tla pod na\u0161im nogama i da nas ni\u0161ta ne mo\u017ee za\u0161tititi.<\/span><\/p>\n<p><em>Valerija, 2004, Harkiv<\/em>[\/vc_column_text][\/vc_column][\/vc_row][vc_row type=&#8221;in_container&#8221; full_screen_row_position=&#8221;middle&#8221; column_margin=&#8221;default&#8221; column_direction=&#8221;default&#8221; column_direction_tablet=&#8221;default&#8221; column_direction_phone=&#8221;default&#8221; scene_position=&#8221;center&#8221; text_color=&#8221;dark&#8221; text_align=&#8221;left&#8221; row_border_radius=&#8221;none&#8221; row_border_radius_applies=&#8221;bg&#8221; overlay_strength=&#8221;0.3&#8243; gradient_direction=&#8221;left_to_right&#8221; shape_divider_position=&#8221;bottom&#8221; bg_image_animation=&#8221;none&#8221;][vc_column column_padding=&#8221;no-extra-padding&#8221; column_padding_tablet=&#8221;inherit&#8221; column_padding_phone=&#8221;inherit&#8221; column_padding_position=&#8221;all&#8221; column_element_spacing=&#8221;default&#8221; background_color_opacity=&#8221;1&#8243; background_hover_color_opacity=&#8221;1&#8243; column_shadow=&#8221;none&#8221; column_border_radius=&#8221;none&#8221; column_link_target=&#8221;_self&#8221; gradient_direction=&#8221;left_to_right&#8221; overlay_strength=&#8221;0.3&#8243; width=&#8221;1\/1&#8243; tablet_width_inherit=&#8221;default&#8221; tablet_text_alignment=&#8221;default&#8221; phone_text_alignment=&#8221;default&#8221; bg_image_animation=&#8221;none&#8221; border_type=&#8221;simple&#8221; column_border_width=&#8221;none&#8221; column_border_style=&#8221;solid&#8221;][divider line_type=&#8221;Small Line&#8221; line_alignment=&#8221;center&#8221; line_thickness=&#8221;1&#8243; divider_color=&#8221;default&#8221;][\/vc_column][\/vc_row][vc_row type=&#8221;in_container&#8221; full_screen_row_position=&#8221;middle&#8221; column_margin=&#8221;default&#8221; column_direction=&#8221;default&#8221; column_direction_tablet=&#8221;default&#8221; column_direction_phone=&#8221;default&#8221; scene_position=&#8221;center&#8221; text_color=&#8221;dark&#8221; text_align=&#8221;left&#8221; row_border_radius=&#8221;none&#8221; row_border_radius_applies=&#8221;bg&#8221; overlay_strength=&#8221;0.3&#8243; gradient_direction=&#8221;left_to_right&#8221; shape_divider_position=&#8221;bottom&#8221; bg_image_animation=&#8221;none&#8221;][vc_column column_padding=&#8221;no-extra-padding&#8221; column_padding_tablet=&#8221;inherit&#8221; column_padding_phone=&#8221;inherit&#8221; column_padding_position=&#8221;all&#8221; column_element_spacing=&#8221;default&#8221; background_color_opacity=&#8221;1&#8243; background_hover_color_opacity=&#8221;1&#8243; column_shadow=&#8221;none&#8221; column_border_radius=&#8221;none&#8221; column_link_target=&#8221;_self&#8221; gradient_direction=&#8221;left_to_right&#8221; overlay_strength=&#8221;0.3&#8243; width=&#8221;1\/1&#8243; tablet_width_inherit=&#8221;default&#8221; tablet_text_alignment=&#8221;default&#8221; phone_text_alignment=&#8221;default&#8221; bg_image_animation=&#8221;none&#8221; border_type=&#8221;simple&#8221; column_border_width=&#8221;none&#8221; column_border_style=&#8221;solid&#8221;][vc_column_text]\n<h2><b>Edukativne aktivnosti Muzeja ratnog djetinjstva u Ukrajini<\/b><\/h2>\n[\/vc_column_text][toggles style=&#8221;minimal&#8221;][toggle color=&#8221;Default&#8221; title=&#8221;Online radionice za roditelje i nastavnike\/nastavnice&#8221;][vc_column_text]<span style=\"font-weight: 400;\">Od po\u010detka invazije velikih razmjera, muzej je pokrenuo seriju online radionica koje pokrivaju razli\u010dite teme vezane za ratno djetinjstvo.<\/span><\/p>\n<p><b>Online radionice o tome kako razgovarati o ratu<\/b><span style=\"font-weight: 400;\">. Vo\u0111ene od strane profesionalnih psihologa za kognitivno-bihevioralnu terapiju (KBT), obu\u010denih prema evropskim EABCT standardima, ove radionice su namijenjene manjim grupama do 15 u\u010desnika. Klju\u010dne teme uklju\u010duju odnos roditelj-dijete, anksiozne poreme\u0107aje, depresiju, samopouzdanje i regulaciju bijesa.<\/span><\/p>\n<p><b>Online radionice za roditelje<\/b><span style=\"font-weight: 400;\">. Muzej organizuje prilago\u0111ene online radionice za roditelje, podijeljene u tri starosne grupe: roditelji djece do 4 godine, 4 do 9 godina, te tinejd\u017eera.<\/span><\/p>\n<p><b>Otvorene online radionice<\/b><span style=\"font-weight: 400;\">. Muzej tako\u0111er organizuje otvorene online radionice za osobe koje rade s djecom, poput novinara i volontera.<\/span>[\/vc_column_text][vc_column_text][\/vc_column_text][\/toggle][toggle color=&#8221;Default&#8221; title=&#8221;Radionice za istra\u017eiva\u010de\/istra\u017eiva\u010dice&#8221;][vc_column_text]<span style=\"font-weight: 400;\">Muzej ratnog djetinjstva u Ukrajini posve\u0107en je dijeljenju svog znanja, stru\u010dnosti i metodologija u dokumentovanju rata s drugim istra\u017eiva\u010dima. Organizujemo radionice s ciljem unapre\u0111enja razumijevanja rada s dje\u010dijim pri\u010dama, uz prevenciju retraumatizacije kako djece tako i istra\u017eiva\u010da. Ove radionice tako\u0111er imaju za cilj stvaranje mre\u017ee istra\u017eiva\u010da koji dijele na\u0161e vrijednosti.<\/span><\/p>\n<p><span style=\"font-weight: 400;\">Na radionicama okupljamo muzejske radnike iz razli\u010ditih regija, predstavnike civilnog dru\u0161tva i \u010dlanove akademske zajednice \u2014 od studenata do profesora, iz Ukrajine i inostranstva. Zajedno razgovaramo o klju\u010dnim temama u istra\u017eivanju usmene historije i arhiviranju u uslovima aktuelnog rata, uz vodstvo stru\u010dnjaka iz ove oblasti.<\/span>[\/vc_column_text][vc_column_text][\/vc_column_text][\/toggle][toggle color=&#8221;Default&#8221; title=&#8221;Radionice art-terapije&#8221;][vc_column_text]<span style=\"font-weight: 400;\">Muzej ratnog djetinjstva u Ukrajini organizuje radionice (art-terapija, javna \u010ditanja s istaknutim ukrajinskim autorima dje\u010dijih knjiga) u Ukrajini i za ukrajinske izbjeglice u drugim zemljama (Poljska\/Rumunija).<\/span><\/p>\n<p><span style=\"font-weight: 400;\">Cilj ovih aktivnosti je pru\u017eiti djeci zajednicu vr\u0161njaka sa sli\u010dnim iskustvima, daju\u0107i im mogu\u0107nost da promi\u0161ljaju o svojim iskustvima, osje\u0107aj kontrole nad svojim \u017eivotom, i povitivan uticaj na njihovu otpornost.<\/span><\/p>\n<p><span style=\"font-weight: 400;\">Djeca tako\u0111er mogu donirati radove koje naprave tokom radionica zbirci Muzeja ratnog djetinjstva.<\/span>[\/vc_column_text][\/toggle][toggle color=&#8221;Default&#8221; title=&#8221;Radionice u \u0161kolama i tokom izlo\u017ebi&#8221;][vc_column_text]<span style=\"font-weight: 400;\">Muzej ratnog djetinjstva u Ukrajini organizuje edukativne radionice u \u0161kolama \u0161irom Ukrajine. Tokom ovih radionica, djeca u\u010de o usmenoj historiji, metodologiji muzeja i \u010ditaju pri\u010de iz muzejske zbirke. Nakon toga, odr\u017eava se otvorena diskusija s u\u010denicima.<\/span><\/p>\n<p><span style=\"font-weight: 400;\">Pored toga, muzejski tim realizuje edukativne radionice za razli\u010dite uzraste tokom izlo\u017ebi.<\/span>[\/vc_column_text][\/toggle][toggle color=&#8221;Default&#8221; title=&#8221;Strip \u201e(Nisam) U redu\u201c&#8221;][vc_column_text]<span style=\"font-weight: 400;\">Muzej ratnog djetinjstva u Ukrajini objavio je strip pod nazivom \u201eJa (nisam) OK\u201c, namijenjen djeci i mladima. Glavni cilj je normalizirati tra\u017eenje psiholo\u0161ke pomo\u0107i pri suo\u010davanju s izazovima i dati upute kako izabrati profesionalnog psihologa.<\/span><\/p>\n<p><span style=\"font-weight: 400;\">Strip educira mlade \u010ditatelje kako prepoznati znakove kvalitetne i nekvalitetne terapijske sesije, kao i pona\u0161anje nekvalifikovanog psihologa. Cilj je osna\u017eiti mlade da postavljaju prava pitanja i znaju na \u0161ta trebaju obratiti pa\u017enju prilikom odabira stru\u010dnjaka.<\/span><\/p>\n<p><span style=\"font-weight: 400;\">\u201eJa (nisam) OK\u201c koristi jezik koji je lako razumljiv djeci i tinejd\u017eerima, a istovremeno nudi prakti\u010dne savjete za roditelje\/staratelje.<\/span>[\/vc_column_text][\/toggle][toggle color=&#8221;Default&#8221; title=&#8221;Projekt dokumentarnog teatra&#8221;][vc_column_text]<span style=\"font-weight: 400;\">Dokumentarni teatarski projekat \u201eOzymi\u201c okupio je deset tinejd\u017eera i mladih iz gradova poput Kramatorska, Kijeva, Lutska i drugih mjesta. Tokom vi\u0161e od dva mjeseca, blisko su sura\u0111ivali s mentorima kako bi na sceni kroz umjetnost prenijeli svoja iskustva \u017eivota u ratnim uslovima.<\/span><\/p>\n<p><span style=\"font-weight: 400;\">Format predstave \u201eOzymi\u201c poti\u010de na interakciju i dijalog. Publika ima priliku podijeliti svoje misli i osje\u0107aje nakon predstave, postavljati pitanja i \u010duti utiske glumaca o procesu pripreme i emocijama koje su do\u017eivjeli tokom nastupa.<\/span>[\/vc_column_text][\/toggle][\/toggles][\/vc_column][\/vc_row][vc_row type=&#8221;in_container&#8221; full_screen_row_position=&#8221;middle&#8221; column_margin=&#8221;default&#8221; column_direction=&#8221;default&#8221; column_direction_tablet=&#8221;default&#8221; column_direction_phone=&#8221;default&#8221; scene_position=&#8221;center&#8221; text_color=&#8221;dark&#8221; text_align=&#8221;left&#8221; row_border_radius=&#8221;none&#8221; row_border_radius_applies=&#8221;bg&#8221; overlay_strength=&#8221;0.3&#8243; gradient_direction=&#8221;left_to_right&#8221; shape_divider_position=&#8221;bottom&#8221; bg_image_animation=&#8221;none&#8221;][vc_column column_padding=&#8221;no-extra-padding&#8221; column_padding_tablet=&#8221;inherit&#8221; column_padding_phone=&#8221;inherit&#8221; column_padding_position=&#8221;all&#8221; column_element_spacing=&#8221;default&#8221; background_color_opacity=&#8221;1&#8243; background_hover_color_opacity=&#8221;1&#8243; column_shadow=&#8221;none&#8221; column_border_radius=&#8221;none&#8221; column_link_target=&#8221;_self&#8221; gradient_direction=&#8221;left_to_right&#8221; overlay_strength=&#8221;0.3&#8243; width=&#8221;1\/1&#8243; tablet_width_inherit=&#8221;default&#8221; tablet_text_alignment=&#8221;default&#8221; phone_text_alignment=&#8221;default&#8221; bg_image_animation=&#8221;none&#8221; border_type=&#8221;simple&#8221; column_border_width=&#8221;none&#8221; column_border_style=&#8221;solid&#8221;][vc_gallery type=&#8221;flickity_style&#8221; images=&#8221;4279,4297,4281,4813,4811,4808,4809,4812&#8243; flickity_spacing=&#8221;default&#8221; flickity_controls=&#8221;next_prev_arrows_overlaid&#8221; flickity_overflow=&#8221;hidden&#8221; flickity_wrap_around=&#8221;wrap&#8221; flickity_desktop_columns=&#8221;1&#8243; flickity_small_desktop_columns=&#8221;1&#8243; flickity_tablet_columns=&#8221;1&#8243; flickity_box_shadow=&#8221;none&#8221; image_loading=&#8221;default&#8221; onclick=&#8221;link_no&#8221; img_size=&#8221;700&#215;500&#8243;][\/vc_column][\/vc_row][vc_row type=&#8221;in_container&#8221; full_screen_row_position=&#8221;middle&#8221; column_margin=&#8221;default&#8221; column_direction=&#8221;default&#8221; column_direction_tablet=&#8221;default&#8221; column_direction_phone=&#8221;default&#8221; scene_position=&#8221;center&#8221; text_color=&#8221;dark&#8221; text_align=&#8221;left&#8221; row_border_radius=&#8221;none&#8221; row_border_radius_applies=&#8221;bg&#8221; overlay_strength=&#8221;0.3&#8243; gradient_direction=&#8221;left_to_right&#8221; shape_divider_position=&#8221;bottom&#8221; bg_image_animation=&#8221;none&#8221;][vc_column column_padding=&#8221;no-extra-padding&#8221; column_padding_tablet=&#8221;inherit&#8221; column_padding_phone=&#8221;inherit&#8221; column_padding_position=&#8221;all&#8221; column_element_spacing=&#8221;default&#8221; background_color_opacity=&#8221;1&#8243; background_hover_color_opacity=&#8221;1&#8243; column_shadow=&#8221;none&#8221; column_border_radius=&#8221;none&#8221; column_link_target=&#8221;_self&#8221; gradient_direction=&#8221;left_to_right&#8221; overlay_strength=&#8221;0.3&#8243; width=&#8221;1\/1&#8243; tablet_width_inherit=&#8221;default&#8221; tablet_text_alignment=&#8221;default&#8221; phone_text_alignment=&#8221;default&#8221; bg_image_animation=&#8221;none&#8221; border_type=&#8221;simple&#8221; column_border_width=&#8221;none&#8221; column_border_style=&#8221;solid&#8221;][vc_column_text]\n<h2><b>Partneri i donatori Muzeja ratnog djetinjstva u Ukrajini<\/b><\/h2>\n<p>&nbsp;<\/p>\n<p style=\"text-align: center;\"><span style=\"font-weight: 400;\">Strate\u0161ki partner: forumZFD<\/span><\/p>\n<p style=\"text-align: center;\"><span style=\"font-weight: 400;\">Fond za partnerstvo za otpornu Ukrajinu (PFRU)<\/span><\/p>\n<p style=\"text-align: center;\"><span style=\"font-weight: 400;\">Fondacija Mirna savjest (Peace of Mind Foundation)<\/span><\/p>\n<p style=\"text-align: center;\"><span style=\"font-weight: 400;\">Nacionalni muzej Revolucije dostojanstva<\/span><\/p>\n<p style=\"text-align: center;\"><span style=\"font-weight: 400;\">Gradsko vije\u0107e Irpina<\/span><\/p>\n[\/vc_column_text][\/vc_column][\/vc_row][vc_row type=&#8221;in_container&#8221; full_screen_row_position=&#8221;middle&#8221; column_margin=&#8221;default&#8221; column_direction=&#8221;default&#8221; column_direction_tablet=&#8221;default&#8221; column_direction_phone=&#8221;default&#8221; bg_color=&#8221;#efefef&#8221; bg_image=&#8221;2116&#8243; bg_position=&#8221;left top&#8221; background_image_loading=&#8221;default&#8221; bg_repeat=&#8221;no-repeat&#8221; scene_position=&#8221;center&#8221; text_color=&#8221;dark&#8221; text_align=&#8221;left&#8221; row_border_radius=&#8221;none&#8221; row_border_radius_applies=&#8221;bg&#8221; overlay_strength=&#8221;0.3&#8243; gradient_direction=&#8221;left_to_right&#8221; shape_divider_position=&#8221;bottom&#8221; bg_image_animation=&#8221;none&#8221; is_fss_bg=&#8221;no&#8221; css=&#8221;.vc_custom_1599157178019{margin-top: 0px !important;}&#8221; shape_type=&#8221;&#8221;][vc_column column_padding=&#8221;padding-10-percent&#8221; column_padding_tablet=&#8221;inherit&#8221; column_padding_phone=&#8221;inherit&#8221; column_padding_position=&#8221;all&#8221; column_element_spacing=&#8221;default&#8221; centered_text=&#8221;true&#8221; background_color_opacity=&#8221;1&#8243; background_hover_color_opacity=&#8221;1&#8243; column_shadow=&#8221;none&#8221; column_border_radius=&#8221;none&#8221; column_link_target=&#8221;_self&#8221; gradient_direction=&#8221;left_to_right&#8221; overlay_strength=&#8221;0.3&#8243; width=&#8221;1\/1&#8243; tablet_width_inherit=&#8221;default&#8221; tablet_text_alignment=&#8221;default&#8221; phone_text_alignment=&#8221;default&#8221; bg_image_animation=&#8221;none&#8221; border_type=&#8221;simple&#8221; column_border_width=&#8221;none&#8221; column_border_style=&#8221;solid&#8221; dp_animation=&#8221;&#8221;][nectar_btn size=&#8221;jumbo&#8221; button_style=&#8221;regular&#8221; button_color_2=&#8221;Accent-Color&#8221; icon_family=&#8221;fontawesome&#8221; text=&#8221;Doniraj ve\u0107 danas&#8221; url=&#8221;https:\/\/warchildhood.org\/ba\/doniraj-podrzi\/&#8221; icon_fontawesome=&#8221;fa fa-heart&#8221;][vc_column_text css=&#8221;.vc_custom_1627824343238{padding-top: 20px !important;padding-right: 20px !important;padding-bottom: 20px !important;padding-left: 20px !important;background-color: rgba(239,239,239,0.82) !important;*background-color: rgb(239,239,239) !important;border-radius: 10px !important;}&#8221;]\n<header class=\"vc_cta3-content-header\">\n<h4>Podr\u017eite Muzej ratnog djetinjstva<\/h4>\n<\/header>\n<p><span style=\"font-weight: 400;\">Muzej ratnog djetinjstva nezavisni je i neprofitni muzej kojeg ne finansira dr\u017eava. Pored institucionalnih donatora i partnera, posve\u0107eni pojedinci i prijatelji podr\u017eavaju rad Muzeja jo\u0161 od njegovih po\u010detaka. <\/span>Postanite prijatelj Muzeja i podr\u017eite na\u0161 rad.[\/vc_column_text][\/vc_column][\/vc_row]\n","protected":false},"excerpt":{"rendered":"<p>[vc_row type=&#8221;grid&#8221; full_screen_row_position=&#8221;middle&#8221; column_margin=&#8221;default&#8221; column_direction=&#8221;default&#8221; column_direction_tablet=&#8221;default&#8221; column_direction_phone=&#8221;default&#8221; scene_position=&#8221;center&#8221; text_color=&#8221;dark&#8221; text_align=&#8221;left&#8221; row_border_radius=&#8221;none&#8221; row_border_radius_applies=&#8221;bg&#8221; overlay_strength=&#8221;0.3&#8243; gradient_direction=&#8221;left_to_right&#8221; shape_divider_position=&#8221;bottom&#8221; bg_image_animation=&#8221;none&#8221; is_fss_bg=&#8221;no&#8221; css=&#8221;.vc_custom_1437771994025{border-bottom-width: 30px !important;background-color: #ffffff !important;border-bottom-color: #ffffff !important;}&#8221;][vc_column column_padding=&#8221;no-extra-padding&#8221; column_padding_tablet=&#8221;inherit&#8221; column_padding_phone=&#8221;inherit&#8221; column_padding_position=&#8221;all&#8221; column_element_spacing=&#8221;default&#8221; background_color_opacity=&#8221;1&#8243;&#8230;<\/p>\n","protected":false},"author":1,"featured_media":0,"parent":0,"menu_order":0,"comment_status":"closed","ping_status":"closed","template":"","meta":{"give_campaign_id":0,"_seopress_robots_primary_cat":"","_seopress_titles_title":"","_seopress_titles_desc":"","_seopress_robots_index":"","footnotes":""},"class_list":["post-531","page","type-page","status-publish"],"campaignId":"","_links":{"self":[{"href":"https:\/\/warchildhood.org\/ba\/wp-json\/wp\/v2\/pages\/531","targetHints":{"allow":["GET"]}}],"collection":[{"href":"https:\/\/warchildhood.org\/ba\/wp-json\/wp\/v2\/pages"}],"about":[{"href":"https:\/\/warchildhood.org\/ba\/wp-json\/wp\/v2\/types\/page"}],"author":[{"embeddable":true,"href":"https:\/\/warchildhood.org\/ba\/wp-json\/wp\/v2\/users\/1"}],"replies":[{"embeddable":true,"href":"https:\/\/warchildhood.org\/ba\/wp-json\/wp\/v2\/comments?post=531"}],"version-history":[{"count":14,"href":"https:\/\/warchildhood.org\/ba\/wp-json\/wp\/v2\/pages\/531\/revisions"}],"predecessor-version":[{"id":4821,"href":"https:\/\/warchildhood.org\/ba\/wp-json\/wp\/v2\/pages\/531\/revisions\/4821"}],"wp:attachment":[{"href":"https:\/\/warchildhood.org\/ba\/wp-json\/wp\/v2\/media?parent=531"}],"curies":[{"name":"wp","href":"https:\/\/api.w.org\/{rel}","templated":true}]}}