{"id":5415,"date":"2025-03-20T14:37:34","date_gmt":"2025-03-20T13:37:34","guid":{"rendered":"https:\/\/warchildhood.org\/ba\/?page_id=5415"},"modified":"2025-03-20T14:37:34","modified_gmt":"2025-03-20T13:37:34","slug":"strucna-praksa-u-muzeju-ratnog-djetinjstva","status":"publish","type":"page","link":"https:\/\/warchildhood.org\/ba\/strucna-praksa-u-muzeju-ratnog-djetinjstva\/","title":{"rendered":"Stru\u010dna praksa u Muzeju ratnog djetinjstva"},"content":{"rendered":"[vc_row type=&#8221;in_container&#8221; full_screen_row_position=&#8221;middle&#8221; column_margin=&#8221;default&#8221; column_direction=&#8221;default&#8221; column_direction_tablet=&#8221;default&#8221; column_direction_phone=&#8221;default&#8221; scene_position=&#8221;center&#8221; text_color=&#8221;dark&#8221; text_align=&#8221;left&#8221; row_border_radius=&#8221;none&#8221; row_border_radius_applies=&#8221;bg&#8221; overlay_strength=&#8221;0.3&#8243; gradient_direction=&#8221;left_to_right&#8221; shape_divider_position=&#8221;bottom&#8221; bg_image_animation=&#8221;none&#8221;][vc_column column_padding=&#8221;no-extra-padding&#8221; column_padding_tablet=&#8221;inherit&#8221; column_padding_phone=&#8221;inherit&#8221; column_padding_position=&#8221;all&#8221; column_element_spacing=&#8221;default&#8221; background_color_opacity=&#8221;1&#8243; background_hover_color_opacity=&#8221;1&#8243; column_shadow=&#8221;none&#8221; column_border_radius=&#8221;none&#8221; column_link_target=&#8221;_self&#8221; gradient_direction=&#8221;left_to_right&#8221; overlay_strength=&#8221;0.3&#8243; width=&#8221;1\/1&#8243; tablet_width_inherit=&#8221;default&#8221; tablet_text_alignment=&#8221;default&#8221; phone_text_alignment=&#8221;default&#8221; bg_image_animation=&#8221;none&#8221; border_type=&#8221;simple&#8221; column_border_width=&#8221;none&#8221; column_border_style=&#8221;solid&#8221;][divider line_type=&#8221;No Line&#8221;][\/vc_column][\/vc_row][vc_row type=&#8221;in_container&#8221; full_screen_row_position=&#8221;middle&#8221; column_margin=&#8221;default&#8221; column_direction=&#8221;default&#8221; column_direction_tablet=&#8221;default&#8221; column_direction_phone=&#8221;default&#8221; scene_position=&#8221;center&#8221; text_color=&#8221;dark&#8221; text_align=&#8221;left&#8221; row_border_radius=&#8221;none&#8221; row_border_radius_applies=&#8221;bg&#8221; overlay_strength=&#8221;0.3&#8243; gradient_direction=&#8221;left_to_right&#8221; shape_divider_position=&#8221;bottom&#8221; bg_image_animation=&#8221;none&#8221;][vc_column column_padding=&#8221;no-extra-padding&#8221; column_padding_tablet=&#8221;inherit&#8221; column_padding_phone=&#8221;inherit&#8221; column_padding_position=&#8221;all&#8221; column_element_spacing=&#8221;default&#8221; background_color_opacity=&#8221;1&#8243; background_hover_color_opacity=&#8221;1&#8243; column_shadow=&#8221;none&#8221; column_border_radius=&#8221;none&#8221; column_link_target=&#8221;_self&#8221; gradient_direction=&#8221;left_to_right&#8221; overlay_strength=&#8221;0.3&#8243; width=&#8221;1\/2&#8243; tablet_width_inherit=&#8221;default&#8221; tablet_text_alignment=&#8221;default&#8221; phone_text_alignment=&#8221;default&#8221; bg_image_animation=&#8221;none&#8221; border_type=&#8221;simple&#8221; column_border_width=&#8221;none&#8221; column_border_style=&#8221;solid&#8221;][divider line_type=&#8221;No Line&#8221;][divider line_type=&#8221;No Line&#8221;][vc_column_text]<span style=\"font-weight: 400;\">Muzej ratnog djetinjstva nudi zna\u010dajne prilike za sta\u017eiranje, koje omogu\u0107avaju <strong>sticanje iskustva u muzejskom sektoru i doprinos va\u017enoj misiji o\u010duvanja<\/strong> i dijeljenja pri\u010da o djetinjstvima pogo\u0111enim ratom. <\/span><\/p>\n<p><span style=\"font-weight: 400;\">Program sta\u017eiranja u MRD-u pru\u017ea sta\u017eistima i sta\u017eistkinjama <strong>prakti\u010dno iskustvo, mentorstvo i prilike za u\u010denje<\/strong> u okru\u017eenju koje \u0107e im pru\u017eiti podr\u0161ku.<\/span><\/p>\n<p><span style=\"font-weight: 400;\">Pozivamo <strong>studente\/studentkinje i diplomce razli\u010ditih usmjerenja \u2013 od muzeologije i ljudskih prava do izgradnje mira i srodnih oblasti<\/strong> \u2013 koji \u017eele doprinijeti radu Muzeja i unaprijediti svoje profesionalne vje\u0161tine, da se prijave.<\/span>[\/vc_column_text][\/vc_column][vc_column column_padding=&#8221;no-extra-padding&#8221; column_padding_tablet=&#8221;inherit&#8221; column_padding_phone=&#8221;inherit&#8221; column_padding_position=&#8221;all&#8221; column_element_spacing=&#8221;default&#8221; background_color_opacity=&#8221;1&#8243; background_hover_color_opacity=&#8221;1&#8243; column_shadow=&#8221;none&#8221; column_border_radius=&#8221;none&#8221; column_link_target=&#8221;_self&#8221; gradient_direction=&#8221;left_to_right&#8221; overlay_strength=&#8221;0.3&#8243; width=&#8221;1\/2&#8243; tablet_width_inherit=&#8221;default&#8221; tablet_text_alignment=&#8221;default&#8221; phone_text_alignment=&#8221;default&#8221; bg_image_animation=&#8221;none&#8221; border_type=&#8221;simple&#8221; column_border_width=&#8221;none&#8221; column_border_style=&#8221;solid&#8221;][image_with_animation image_url=&#8221;5416&#8243; animation=&#8221;None&#8221; hover_animation=&#8221;none&#8221; alignment=&#8221;&#8221; border_radius=&#8221;none&#8221; box_shadow=&#8221;none&#8221; image_loading=&#8221;default&#8221; max_width=&#8221;100%&#8221; max_width_mobile=&#8221;default&#8221;][\/vc_column][\/vc_row][vc_row type=&#8221;in_container&#8221; full_screen_row_position=&#8221;middle&#8221; column_margin=&#8221;default&#8221; column_direction=&#8221;default&#8221; column_direction_tablet=&#8221;default&#8221; column_direction_phone=&#8221;default&#8221; scene_position=&#8221;center&#8221; text_color=&#8221;dark&#8221; text_align=&#8221;left&#8221; row_border_radius=&#8221;none&#8221; row_border_radius_applies=&#8221;bg&#8221; overlay_strength=&#8221;0.3&#8243; gradient_direction=&#8221;left_to_right&#8221; shape_divider_position=&#8221;bottom&#8221; bg_image_animation=&#8221;none&#8221;][vc_column column_padding=&#8221;no-extra-padding&#8221; column_padding_tablet=&#8221;inherit&#8221; column_padding_phone=&#8221;inherit&#8221; column_padding_position=&#8221;all&#8221; column_element_spacing=&#8221;default&#8221; background_color_opacity=&#8221;1&#8243; background_hover_color_opacity=&#8221;1&#8243; column_shadow=&#8221;none&#8221; column_border_radius=&#8221;none&#8221; column_link_target=&#8221;_self&#8221; gradient_direction=&#8221;left_to_right&#8221; overlay_strength=&#8221;0.3&#8243; width=&#8221;1\/2&#8243; tablet_width_inherit=&#8221;default&#8221; tablet_text_alignment=&#8221;default&#8221; phone_text_alignment=&#8221;default&#8221; bg_image_animation=&#8221;none&#8221; border_type=&#8221;simple&#8221; column_border_width=&#8221;none&#8221; column_border_style=&#8221;solid&#8221;][vc_column_text]\n<h2><b>Prilike za u\u010denje<\/b><\/h2>\n<p><span style=\"font-weight: 400;\">Tokom sta\u017eiranja u Muzeju, sta\u017eisti\/sta\u017eistkinje razvijaju klju\u010dne vje\u0161tine kroz radne zadatke koji uklju\u010duju:<\/span><\/p>\n<ul>\n<li style=\"font-weight: 400;\" aria-level=\"1\"><b>Dokumentaciju i istra\u017eivanje<\/b><span style=\"font-weight: 400;\"> kroz rad s li\u010dnim predmetima osoba \u010dija su djetinjstva bila pogo\u0111ena ratom, uz sticanje znanja o radu s muzejskom bazom podataka.<\/span><\/li>\n<li style=\"font-weight: 400;\" aria-level=\"1\"><b>Upravljanje projektima<\/b><span style=\"font-weight: 400;\"> kroz u\u010destvovanje u planiranju i realizaciji izlo\u017ebi i doga\u0111aja, ukoliko se odr\u017eavaju tokom trajanja sta\u017eiranja.<\/span><\/li>\n<li style=\"font-weight: 400;\" aria-level=\"1\"><b>Upoznavanje sa svakodnevnim funkcionisanjem kulturne institucije<\/b><span style=\"font-weight: 400;\">, uklju\u010duju\u0107i upravljanje kolekcijom i unapre\u0111enje iskustva posjetitelja i posjetiteljki.<\/span><\/li>\n<\/ul>\n[\/vc_column_text][\/vc_column][vc_column column_padding=&#8221;no-extra-padding&#8221; column_padding_tablet=&#8221;inherit&#8221; column_padding_phone=&#8221;inherit&#8221; column_padding_position=&#8221;all&#8221; column_element_spacing=&#8221;default&#8221; background_color_opacity=&#8221;1&#8243; background_hover_color_opacity=&#8221;1&#8243; column_shadow=&#8221;none&#8221; column_border_radius=&#8221;none&#8221; column_link_target=&#8221;_self&#8221; gradient_direction=&#8221;left_to_right&#8221; overlay_strength=&#8221;0.3&#8243; width=&#8221;1\/2&#8243; tablet_width_inherit=&#8221;default&#8221; tablet_text_alignment=&#8221;default&#8221; phone_text_alignment=&#8221;default&#8221; bg_image_animation=&#8221;none&#8221; border_type=&#8221;simple&#8221; column_border_width=&#8221;none&#8221; column_border_style=&#8221;solid&#8221;][vc_column_text]\n<h2><b>Trajanje stru\u010dne prakse<\/b><\/h2>\n<p><span style=\"font-weight: 400;\">Sta\u017eiranje u Muzeju ratnog djetinjstva obi\u010dno traje od 2 do 6 mjeseci, u zavisnosti od dostupnosti sta\u017eista. Ta\u010dno trajanje sta\u017eiranja dogovara se tokom procesa prijave.\u00a0<\/span><\/p>\n<p><span style=\"font-weight: 400;\">Od sta\u017eista se o\u010dekuje da rade minimalno 20 sati sedmi\u010dno. Ta\u010dan raspored dogovara se s mentorom\/mentoricom i fleksibilan je u skladu s dostupno\u0161\u0107u sta\u017eista. Tako\u0111er, sta\u017eisti su du\u017eni prisustvovati sedmi\u010dnim sastancima s mentorom i mjese\u010dnim timskim sastancima za \u0161ire diskusije i novosti.<\/span>[\/vc_column_text][\/vc_column][\/vc_row][vc_row type=&#8221;in_container&#8221; full_screen_row_position=&#8221;middle&#8221; column_margin=&#8221;default&#8221; column_direction=&#8221;default&#8221; column_direction_tablet=&#8221;default&#8221; column_direction_phone=&#8221;default&#8221; scene_position=&#8221;center&#8221; text_color=&#8221;dark&#8221; text_align=&#8221;left&#8221; row_border_radius=&#8221;none&#8221; row_border_radius_applies=&#8221;bg&#8221; overlay_strength=&#8221;0.3&#8243; gradient_direction=&#8221;left_to_right&#8221; shape_divider_position=&#8221;bottom&#8221; bg_image_animation=&#8221;none&#8221;][vc_column column_padding=&#8221;no-extra-padding&#8221; column_padding_tablet=&#8221;inherit&#8221; column_padding_phone=&#8221;inherit&#8221; column_padding_position=&#8221;all&#8221; column_element_spacing=&#8221;default&#8221; background_color_opacity=&#8221;1&#8243; background_hover_color_opacity=&#8221;1&#8243; column_shadow=&#8221;none&#8221; column_border_radius=&#8221;none&#8221; column_link_target=&#8221;_self&#8221; gradient_direction=&#8221;left_to_right&#8221; overlay_strength=&#8221;0.3&#8243; width=&#8221;1\/1&#8243; tablet_width_inherit=&#8221;default&#8221; tablet_text_alignment=&#8221;default&#8221; phone_text_alignment=&#8221;default&#8221; bg_image_animation=&#8221;none&#8221; border_type=&#8221;simple&#8221; column_border_width=&#8221;none&#8221; column_border_style=&#8221;solid&#8221;][vc_column_text]\n<h2><b>Proces prijave<\/b><\/h2>\n<p><span style=\"font-weight: 400;\">Mladi profesionalci mogu se prijaviti za sta\u017eiranje u Muzeju ratnog djetinjstva tokom cijele godine, uz fleksibilan proces prijave. To zna\u010di da kandidati mogu slati svoje prijave u bilo kojem trenutku.<\/span><\/p>\n<p><span style=\"font-weight: 400;\">Za prijavu na sta\u017eiranje, potrebno je poslati CV i motivaciono pismo na email adresu <\/span><a href=\"mailto:internship@warchildhood.org\"><span style=\"font-weight: 400;\">internship@warchildhood.org<\/span><\/a><span style=\"font-weight: 400;\">.<\/span><\/p>\n<p><span style=\"font-weight: 400;\">Nakon pregleda dostavljenih dokumenata, prijavni proces obuhvata sljede\u0107e korake:<\/span><\/p>\n<ol>\n<li style=\"font-weight: 400;\" aria-level=\"1\"><b>Evaluacija prijave.<\/b><span style=\"font-weight: 400;\"> Tim Muzeja procjenjuje kvalifikacije, iskustvo i uskla\u0111enost kandidata\/kandidatkinje s dostupnim projektima.<\/span><\/li>\n<li style=\"font-weight: 400;\" aria-level=\"1\"><b>Intervju i testiranje.<\/b><span style=\"font-weight: 400;\"> Kandidati\/kandidatkinje koji ispunjavaju potrebne kriterije bit \u0107e pozvani na intervju, uz obavezno testiranje koje mo\u017ee uklju\u010divati pisanje opisa predmeta ili izvje\u0161taja o njihovom stanju.<\/span><\/li>\n<\/ol>\n<p><b>Kona\u010dna odluka.<\/b><span style=\"font-weight: 400;\"> Na osnovu rezultata intervjua i testiranja, mentor donosi kona\u010dnu odluku u saradnji s menad\u017ementom Muzeja.<\/span>[\/vc_column_text][\/vc_column][\/vc_row][vc_row type=&#8221;in_container&#8221; full_screen_row_position=&#8221;middle&#8221; column_margin=&#8221;default&#8221; column_direction=&#8221;default&#8221; column_direction_tablet=&#8221;default&#8221; column_direction_phone=&#8221;default&#8221; scene_position=&#8221;center&#8221; text_color=&#8221;dark&#8221; text_align=&#8221;left&#8221; row_border_radius=&#8221;none&#8221; row_border_radius_applies=&#8221;bg&#8221; overlay_strength=&#8221;0.3&#8243; gradient_direction=&#8221;left_to_right&#8221; shape_divider_position=&#8221;bottom&#8221; bg_image_animation=&#8221;none&#8221;][vc_column column_padding=&#8221;no-extra-padding&#8221; column_padding_tablet=&#8221;inherit&#8221; column_padding_phone=&#8221;inherit&#8221; column_padding_position=&#8221;all&#8221; column_element_spacing=&#8221;default&#8221; background_color_opacity=&#8221;1&#8243; background_hover_color_opacity=&#8221;1&#8243; column_shadow=&#8221;none&#8221; column_border_radius=&#8221;none&#8221; column_link_target=&#8221;_self&#8221; gradient_direction=&#8221;left_to_right&#8221; overlay_strength=&#8221;0.3&#8243; width=&#8221;1\/1&#8243; tablet_width_inherit=&#8221;default&#8221; tablet_text_alignment=&#8221;default&#8221; phone_text_alignment=&#8221;default&#8221; bg_image_animation=&#8221;none&#8221; border_type=&#8221;simple&#8221; column_border_width=&#8221;none&#8221; column_border_style=&#8221;solid&#8221;][divider line_type=&#8221;No Line&#8221;][\/vc_column][\/vc_row][vc_row type=&#8221;in_container&#8221; full_screen_row_position=&#8221;middle&#8221; column_margin=&#8221;default&#8221; column_direction=&#8221;default&#8221; column_direction_tablet=&#8221;default&#8221; column_direction_phone=&#8221;default&#8221; scene_position=&#8221;center&#8221; text_color=&#8221;dark&#8221; text_align=&#8221;left&#8221; row_border_radius=&#8221;none&#8221; row_border_radius_applies=&#8221;bg&#8221; overlay_strength=&#8221;0.3&#8243; gradient_direction=&#8221;left_to_right&#8221; shape_divider_position=&#8221;bottom&#8221; bg_image_animation=&#8221;none&#8221;][vc_column column_padding=&#8221;no-extra-padding&#8221; column_padding_tablet=&#8221;inherit&#8221; column_padding_phone=&#8221;inherit&#8221; column_padding_position=&#8221;all&#8221; column_element_spacing=&#8221;default&#8221; background_color_opacity=&#8221;1&#8243; background_hover_color_opacity=&#8221;1&#8243; column_shadow=&#8221;none&#8221; column_border_radius=&#8221;none&#8221; column_link_target=&#8221;_self&#8221; gradient_direction=&#8221;left_to_right&#8221; overlay_strength=&#8221;0.3&#8243; width=&#8221;1\/1&#8243; tablet_width_inherit=&#8221;default&#8221; tablet_text_alignment=&#8221;default&#8221; phone_text_alignment=&#8221;default&#8221; bg_image_animation=&#8221;none&#8221; border_type=&#8221;simple&#8221; column_border_width=&#8221;none&#8221; column_border_style=&#8221;solid&#8221;][testimonial_slider style=&#8221;default&#8221; star_rating_color=&#8221;accent-color&#8221;][testimonial star_rating=&#8221;none&#8221; title=&#8221;Testimonial&#8221; id=&#8221;1742477665800-10&#8243; tab_id=&#8221;1742477665801-3&#8243; name=&#8221;S\u00fcleyman, Turska&#8221; quote=&#8221;Kompletirao sam tromjese\u010dno sta\u017eiranje u Muzeju ratnog djetinjstva. Prije nego \u0161to sam se prijavio, imao sam priliku posjetiti izlo\u017ebu u Sarajevu i uvjeriti se u njihov izvanredan rad. To me motivisalo da se prijavim \u2013 da budem dio ne\u010dega \u0161to zaista ima zna\u010daj.<\/p>\n<p>Tokom mog sta\u017eiranja, radno okru\u017eenje je bilo izuzetno prijatno. Svi \u010dlanovi i \u010dlanice tima bili su spremni da mi pomognu tokom mog boravka u Sarajevu. Studirao sam politi\u010dke nauke i me\u0111unarodne odnose, ali moj posao u Muzeju bio je vezan za arhivu. Bio sam odgovoran za dokumentiranje novopristiglih predmeta u bazu podataka, kao i za pisanje izvje\u0161taja o stanju predmeta i njihovo fotografisanje. Iako je posao ponekad bio repetitivan, znao je biti i emocionalno zahtjevan. Mnogi predmeti bili su pra\u0107eni pri\u010dama ljudi koji su kao djeca pro\u0161li kroz iskustva rata.<\/p>\n<p>Ipak, ovaj posao mi je donio i odre\u0111eno ispunjenje. Dok sam radio s ne\u010dim naizgled jednostavnim, poput omota \u017evake, osje\u0107ao sam da doprinosim o\u010duvanju historije. Kroz rad koji se obavlja u muzeju, poma\u017eete da se ova kolektivna historija prenese na budu\u0107e generacije i osiguravate da ne bude zaboravljena. Zato mi je drago \u0161to sam sta\u017eirao u Muzeju ratnog djetinjstva.<br \/>\n&#8220;][testimonial star_rating=&#8221;none&#8221; title=&#8221;Testimonial&#8221; id=&#8221;1742477665831-8&#8243; tab_id=&#8221;1742477665832-4&#8243; name=&#8221;Carolin, Njema\u010dka&#8221; quote=&#8221;Provela sam tri mjeseca kao sta\u017eistica u arhivi Muzeja ratnog djetinjstva u Sarajevu. Ovo iskustvo bih zaista preporu\u010dila svima koji su zainteresovani za muzejski rad, historiju sukoba i li\u010dne pri\u010de.<\/p>\n<p>U arhivi sam uglavnom radila na opisima predmeta i izvje\u0161tajima o njihovom stanju. Po\u010dela sam s malim dvodimenzionalnim predmetima, te postepeno prelazila na ve\u0107e trodimenzionalne. Predmeti su mogli biti bilo \u0161ta i dolaziti iz razli\u010ditih dijelova svijeta. Najmanji predmet s kojim sam radila bila je ceduljica s kesice \u010daja, dok su najve\u0107i bile stare kartonske kutije koje su slu\u017eile za skupljanje sli\u010dica i drugih sitnih kolekcionarskih predmeta. Ve\u0107ina predmeta bila je vezana za rat u Bosni i Hercegovini, ali sam radila i s predmetima iz Ukrajine, Gruzije i Sirije.<\/p>\n<p>Tako\u0111er sam u\u010destvovala u testiranju nove edukativne igre &#8220;Odrasli smo u ratu&#8220; i pomagala pri njenom ispitivanju u \u0161kolama. Ovo mi je pru\u017eilo priliku da bolje upoznam jo\u0161 jedan va\u017ean aspekt rada Muzeja \u2013 edukativne aktivnosti.<\/p>\n<p>Tokom mog sta\u017eiranja, cijeli tim me srda\u010dno do\u010dekao i uvijek se trudio da me uklju\u010di u razne aktivnosti, redovno se raspituju\u0107i kako sam i kako napreduje moj rad u arhivi.&#8221;][\/testimonial_slider][\/vc_column][\/vc_row][vc_row type=&#8221;in_container&#8221; full_screen_row_position=&#8221;middle&#8221; column_margin=&#8221;default&#8221; column_direction=&#8221;default&#8221; column_direction_tablet=&#8221;default&#8221; column_direction_phone=&#8221;default&#8221; scene_position=&#8221;center&#8221; text_color=&#8221;dark&#8221; text_align=&#8221;left&#8221; row_border_radius=&#8221;none&#8221; row_border_radius_applies=&#8221;bg&#8221; overlay_strength=&#8221;0.3&#8243; gradient_direction=&#8221;left_to_right&#8221; shape_divider_position=&#8221;bottom&#8221; bg_image_animation=&#8221;none&#8221;][vc_column column_padding=&#8221;no-extra-padding&#8221; column_padding_tablet=&#8221;inherit&#8221; column_padding_phone=&#8221;inherit&#8221; column_padding_position=&#8221;all&#8221; column_element_spacing=&#8221;default&#8221; background_color_opacity=&#8221;1&#8243; background_hover_color_opacity=&#8221;1&#8243; column_shadow=&#8221;none&#8221; column_border_radius=&#8221;none&#8221; column_link_target=&#8221;_self&#8221; gradient_direction=&#8221;left_to_right&#8221; overlay_strength=&#8221;0.3&#8243; width=&#8221;1\/1&#8243; tablet_width_inherit=&#8221;default&#8221; tablet_text_alignment=&#8221;default&#8221; phone_text_alignment=&#8221;default&#8221; bg_image_animation=&#8221;none&#8221; border_type=&#8221;simple&#8221; column_border_width=&#8221;none&#8221; column_border_style=&#8221;solid&#8221;][divider line_type=&#8221;No Line&#8221;][\/vc_column][\/vc_row][vc_row type=&#8221;in_container&#8221; full_screen_row_position=&#8221;middle&#8221; column_margin=&#8221;default&#8221; column_direction=&#8221;default&#8221; column_direction_tablet=&#8221;default&#8221; column_direction_phone=&#8221;default&#8221; scene_position=&#8221;center&#8221; text_color=&#8221;dark&#8221; text_align=&#8221;left&#8221; row_border_radius=&#8221;none&#8221; row_border_radius_applies=&#8221;bg&#8221; overlay_strength=&#8221;0.3&#8243; gradient_direction=&#8221;left_to_right&#8221; shape_divider_position=&#8221;bottom&#8221; bg_image_animation=&#8221;none&#8221;][vc_column column_padding=&#8221;no-extra-padding&#8221; column_padding_tablet=&#8221;inherit&#8221; column_padding_phone=&#8221;inherit&#8221; column_padding_position=&#8221;all&#8221; column_element_spacing=&#8221;default&#8221; background_color_opacity=&#8221;1&#8243; background_hover_color_opacity=&#8221;1&#8243; column_shadow=&#8221;none&#8221; column_border_radius=&#8221;none&#8221; column_link_target=&#8221;_self&#8221; gradient_direction=&#8221;left_to_right&#8221; overlay_strength=&#8221;0.3&#8243; width=&#8221;1\/2&#8243; tablet_width_inherit=&#8221;default&#8221; tablet_text_alignment=&#8221;default&#8221; phone_text_alignment=&#8221;default&#8221; bg_image_animation=&#8221;none&#8221; border_type=&#8221;simple&#8221; column_border_width=&#8221;none&#8221; column_border_style=&#8221;solid&#8221;][vc_column_text]\n<h2><b>Pri\u010da sta\u017eistkinje MRD-a<\/b><\/h2>\n<p><span style=\"font-weight: 400;\">Beatrice Sofia Urso do\u0161la je u Sarajevo i Muzej ratnog djetinjstva po prvi put 2022. godine.<\/span><\/p>\n<p><span style=\"font-weight: 400;\">&#8220;<\/span><span style=\"font-weight: 400;\">Bila sam u Sarajevu nekoliko dana i posjetila Muzej ratnog djetinjstva. Budu\u0107i da se moj diplomski rad fokusira na prava djece u konfliktnim i postkonfliktnim dru\u0161tvima, izlo\u017eba me impresionirala. Vrlo je druga\u010dija od svih drugih mjesta koja obi\u010dno posje\u0107ujem, poput muzeja umjetnosti ili muzeja savremene umjetnosti.<\/span><span style=\"font-weight: 400;\">&#8220;<\/span><span style=\"font-weight: 400;\">\u00a0<\/span><\/p>\n<p><span style=\"font-weight: 400;\">Otkrijte \u0161ta je Beatrice nau\u010dila tokom boravka u muzeju i \u0161ta je iz Sarajeva ponijela sa sobom.<\/span>[\/vc_column_text][nectar_cta btn_style=&#8221;arrow-animation&#8221; heading_tag=&#8221;h3&#8243; text_color=&#8221;#c4af5c&#8221; button_color=&#8221;default&#8221; link_type=&#8221;new_tab&#8221; alignment=&#8221;left&#8221; alignment_tablet=&#8221;default&#8221; alignment_phone=&#8221;default&#8221; display=&#8221;block&#8221; link_text=&#8221;Pro\u010ditajte cijeli intervju s Beatrice&#8221; url=&#8221;https:\/\/warchildhood.org\/ba\/beatrice-iz-italije-opisuje-svoje-iskustvo-prakse-u-muzeju-ratnog-djetinjstva\/&#8221;][\/vc_column][vc_column column_padding=&#8221;no-extra-padding&#8221; column_padding_tablet=&#8221;inherit&#8221; column_padding_phone=&#8221;inherit&#8221; column_padding_position=&#8221;all&#8221; column_element_spacing=&#8221;default&#8221; background_color_opacity=&#8221;1&#8243; background_hover_color_opacity=&#8221;1&#8243; column_shadow=&#8221;none&#8221; column_border_radius=&#8221;none&#8221; column_link_target=&#8221;_self&#8221; gradient_direction=&#8221;left_to_right&#8221; overlay_strength=&#8221;0.3&#8243; width=&#8221;1\/2&#8243; tablet_width_inherit=&#8221;default&#8221; tablet_text_alignment=&#8221;default&#8221; phone_text_alignment=&#8221;default&#8221; bg_image_animation=&#8221;none&#8221; border_type=&#8221;simple&#8221; column_border_width=&#8221;none&#8221; column_border_style=&#8221;solid&#8221;][image_with_animation image_url=&#8221;4659&#8243; animation=&#8221;None&#8221; hover_animation=&#8221;none&#8221; alignment=&#8221;&#8221; border_radius=&#8221;none&#8221; box_shadow=&#8221;none&#8221; image_loading=&#8221;default&#8221; max_width=&#8221;100%&#8221; max_width_mobile=&#8221;default&#8221;][\/vc_column][\/vc_row][vc_row type=&#8221;in_container&#8221; full_screen_row_position=&#8221;middle&#8221; column_margin=&#8221;default&#8221; column_direction=&#8221;default&#8221; column_direction_tablet=&#8221;default&#8221; column_direction_phone=&#8221;default&#8221; scene_position=&#8221;center&#8221; text_color=&#8221;dark&#8221; text_align=&#8221;left&#8221; row_border_radius=&#8221;none&#8221; row_border_radius_applies=&#8221;bg&#8221; overlay_strength=&#8221;0.3&#8243; gradient_direction=&#8221;left_to_right&#8221; shape_divider_position=&#8221;bottom&#8221; bg_image_animation=&#8221;none&#8221;][vc_column column_padding=&#8221;no-extra-padding&#8221; column_padding_tablet=&#8221;inherit&#8221; column_padding_phone=&#8221;inherit&#8221; column_padding_position=&#8221;all&#8221; column_element_spacing=&#8221;default&#8221; background_color_opacity=&#8221;1&#8243; background_hover_color_opacity=&#8221;1&#8243; column_shadow=&#8221;none&#8221; column_border_radius=&#8221;none&#8221; column_link_target=&#8221;_self&#8221; gradient_direction=&#8221;left_to_right&#8221; overlay_strength=&#8221;0.3&#8243; width=&#8221;1\/1&#8243; tablet_width_inherit=&#8221;default&#8221; tablet_text_alignment=&#8221;default&#8221; phone_text_alignment=&#8221;default&#8221; bg_image_animation=&#8221;none&#8221; border_type=&#8221;simple&#8221; column_border_width=&#8221;none&#8221; column_border_style=&#8221;solid&#8221;][divider line_type=&#8221;No Line&#8221;][\/vc_column][\/vc_row][vc_row type=&#8221;in_container&#8221; full_screen_row_position=&#8221;middle&#8221; column_margin=&#8221;default&#8221; column_direction=&#8221;default&#8221; column_direction_tablet=&#8221;default&#8221; column_direction_phone=&#8221;default&#8221; scene_position=&#8221;center&#8221; text_color=&#8221;dark&#8221; text_align=&#8221;left&#8221; row_border_radius=&#8221;none&#8221; row_border_radius_applies=&#8221;bg&#8221; overlay_strength=&#8221;0.3&#8243; gradient_direction=&#8221;left_to_right&#8221; shape_divider_position=&#8221;bottom&#8221; bg_image_animation=&#8221;none&#8221;][vc_column column_padding=&#8221;no-extra-padding&#8221; column_padding_tablet=&#8221;inherit&#8221; column_padding_phone=&#8221;inherit&#8221; column_padding_position=&#8221;all&#8221; column_element_spacing=&#8221;default&#8221; background_color_opacity=&#8221;1&#8243; background_hover_color_opacity=&#8221;1&#8243; column_shadow=&#8221;none&#8221; column_border_radius=&#8221;none&#8221; column_link_target=&#8221;_self&#8221; gradient_direction=&#8221;left_to_right&#8221; overlay_strength=&#8221;0.3&#8243; width=&#8221;1\/2&#8243; tablet_width_inherit=&#8221;default&#8221; tablet_text_alignment=&#8221;default&#8221; phone_text_alignment=&#8221;default&#8221; bg_image_animation=&#8221;none&#8221; border_type=&#8221;simple&#8221; column_border_width=&#8221;none&#8221; column_border_style=&#8221;solid&#8221;][vc_column_text]\n<h2><b>Finansijska podr\u0161ka i smje\u0161taj<\/b><\/h2>\n<p><span style=\"font-weight: 400;\">Sta\u017eiranje u Muzeju ratnog djetinjstva trenutno nije pla\u0107eno; me\u0111utim, Muzej je posve\u0107en podr\u0161ci mladim profesionalcima pri obezbje\u0111ivanju vanjskih izvora finansiranja. Iako nismo direktno uklju\u010deni u pronala\u017eenje sredstava, <strong>rado \u0107emo vas podr\u017eati tokom procesa apliciranja pru\u017eanjem potrebne dokumentacije i informacija<\/strong> za va\u0161e prijave na grantove ili druge izvore finansiranja.<\/span><\/p>\n<p><span style=\"font-weight: 400;\">Iako Muzej ne obezbje\u0111uje smje\u0161taj, sta\u017eistima i sta\u017eistkinjama <strong>pru\u017ea prakti\u010dnu podr\u0161ku u pronala\u017eenju odgovaraju\u0107ih opcija i nudi informativni paket o Sarajevu<\/strong>, koji uklju\u010duje detalje o javnom prevozu, savjete o sigurnosti i preporuke lokalnih atrakcija. Muzej tako\u0111er poma\u017ee u organizaciji viza, zdravstvenog osiguranja i rje\u0161avanju drugih logisti\u010dkih pitanja.<\/span>[\/vc_column_text][\/vc_column][vc_column column_padding=&#8221;no-extra-padding&#8221; column_padding_tablet=&#8221;inherit&#8221; column_padding_phone=&#8221;inherit&#8221; column_padding_position=&#8221;all&#8221; column_element_spacing=&#8221;default&#8221; background_color_opacity=&#8221;1&#8243; background_hover_color_opacity=&#8221;1&#8243; column_shadow=&#8221;none&#8221; column_border_radius=&#8221;none&#8221; column_link_target=&#8221;_self&#8221; gradient_direction=&#8221;left_to_right&#8221; overlay_strength=&#8221;0.3&#8243; width=&#8221;1\/2&#8243; tablet_width_inherit=&#8221;default&#8221; tablet_text_alignment=&#8221;default&#8221; phone_text_alignment=&#8221;default&#8221; bg_image_animation=&#8221;none&#8221; border_type=&#8221;simple&#8221; column_border_width=&#8221;none&#8221; column_border_style=&#8221;solid&#8221;][vc_column_text]\n<h2><b>Mentorska podr\u0161ka<\/b><\/h2>\n<p><span style=\"font-weight: 400;\">Sta\u017eisti i sta\u017eistkinje u Muzeju ratnog djetinjstva <strong>imaju priliku raditi s posve\u0107enom mentoricom ili mentorom<\/strong> \u2013 \u010dlanicom ili \u010dlanom muzejskog tima koji djeluje u oblasti povezanoj s fokusom sta\u017eiranja. Mentor blisko sara\u0111uje sa sta\u017eistom na definisanju zadataka, postavljanju jasnih ciljeva i kreiranju personalizovanog plana rada koji prepoznaje njihove snage i pru\u017ea prilike za dalji razvoj.<\/span><\/p>\n<p><span style=\"font-weight: 400;\">Tokom sta\u017eiranja, <strong>mentori pru\u017eaju kontinuirane i konstruktivne povratne informacije o radu sta\u017eista<\/strong>, poma\u017eu\u0107i im da usavr\u0161e svoje vje\u0161tine te podsti\u010du\u0107i njihov profesionalni razvoj.<\/span>[\/vc_column_text][\/vc_column][\/vc_row]\n","protected":false},"excerpt":{"rendered":"<p>[vc_row type=&#8221;in_container&#8221; full_screen_row_position=&#8221;middle&#8221; column_margin=&#8221;default&#8221; column_direction=&#8221;default&#8221; column_direction_tablet=&#8221;default&#8221; column_direction_phone=&#8221;default&#8221; scene_position=&#8221;center&#8221; text_color=&#8221;dark&#8221; text_align=&#8221;left&#8221; row_border_radius=&#8221;none&#8221; row_border_radius_applies=&#8221;bg&#8221; overlay_strength=&#8221;0.3&#8243; gradient_direction=&#8221;left_to_right&#8221; shape_divider_position=&#8221;bottom&#8221; bg_image_animation=&#8221;none&#8221;][vc_column column_padding=&#8221;no-extra-padding&#8221; column_padding_tablet=&#8221;inherit&#8221; column_padding_phone=&#8221;inherit&#8221; column_padding_position=&#8221;all&#8221; column_element_spacing=&#8221;default&#8221; background_color_opacity=&#8221;1&#8243; background_hover_color_opacity=&#8221;1&#8243; column_shadow=&#8221;none&#8221; column_border_radius=&#8221;none&#8221; column_link_target=&#8221;_self&#8221; gradient_direction=&#8221;left_to_right&#8221; overlay_strength=&#8221;0.3&#8243; width=&#8221;1\/1&#8243; tablet_width_inherit=&#8221;default&#8221;&#8230;<\/p>\n","protected":false},"author":5,"featured_media":0,"parent":0,"menu_order":0,"comment_status":"closed","ping_status":"closed","template":"","meta":{"give_campaign_id":0,"_seopress_robots_primary_cat":"","_seopress_titles_title":"Praksa u Muzeju ratnog djetinjstva | %%sitetitle%%","_seopress_titles_desc":"Muzej ratnog djetinjstva nudi zna\u010dajne prilike za sta\u017eiranje, koje omogu\u0107avaju sticanje iskustva u muzejskom sektoru i doprinos va\u017enoj misiji o\u010duvanja i dijeljenja pri\u010da o djetinjstvima pogo\u0111enim ratom.","_seopress_robots_index":"","footnotes":""},"class_list":["post-5415","page","type-page","status-publish"],"campaignId":"","_links":{"self":[{"href":"https:\/\/warchildhood.org\/ba\/wp-json\/wp\/v2\/pages\/5415","targetHints":{"allow":["GET"]}}],"collection":[{"href":"https:\/\/warchildhood.org\/ba\/wp-json\/wp\/v2\/pages"}],"about":[{"href":"https:\/\/warchildhood.org\/ba\/wp-json\/wp\/v2\/types\/page"}],"author":[{"embeddable":true,"href":"https:\/\/warchildhood.org\/ba\/wp-json\/wp\/v2\/users\/5"}],"replies":[{"embeddable":true,"href":"https:\/\/warchildhood.org\/ba\/wp-json\/wp\/v2\/comments?post=5415"}],"version-history":[{"count":8,"href":"https:\/\/warchildhood.org\/ba\/wp-json\/wp\/v2\/pages\/5415\/revisions"}],"predecessor-version":[{"id":5424,"href":"https:\/\/warchildhood.org\/ba\/wp-json\/wp\/v2\/pages\/5415\/revisions\/5424"}],"wp:attachment":[{"href":"https:\/\/warchildhood.org\/ba\/wp-json\/wp\/v2\/media?parent=5415"}],"curies":[{"name":"wp","href":"https:\/\/api.w.org\/{rel}","templated":true}]}}