{"id":5653,"date":"2025-06-17T10:40:17","date_gmt":"2025-06-17T08:40:17","guid":{"rendered":"https:\/\/warchildhood.org\/ba\/?page_id=5653"},"modified":"2025-06-17T10:45:21","modified_gmt":"2025-06-17T08:45:21","slug":"izlozba-progovarajmo","status":"publish","type":"page","link":"https:\/\/warchildhood.org\/ba\/izlozba-progovarajmo\/","title":{"rendered":"Progovarajmo"},"content":{"rendered":"[vc_row type=&#8221;in_container&#8221; full_screen_row_position=&#8221;middle&#8221; column_margin=&#8221;default&#8221; column_direction=&#8221;default&#8221; column_direction_tablet=&#8221;default&#8221; column_direction_phone=&#8221;default&#8221; scene_position=&#8221;center&#8221; top_padding=&#8221;10&#8243; bottom_padding=&#8221;10&#8243; text_color=&#8221;dark&#8221; text_align=&#8221;left&#8221; row_border_radius=&#8221;none&#8221; row_border_radius_applies=&#8221;bg&#8221; overlay_strength=&#8221;0.3&#8243; gradient_direction=&#8221;left_to_right&#8221; shape_divider_position=&#8221;bottom&#8221; bg_image_animation=&#8221;none&#8221; shape_type=&#8221;&#8221;][vc_column column_padding=&#8221;no-extra-padding&#8221; column_padding_tablet=&#8221;inherit&#8221; column_padding_phone=&#8221;inherit&#8221; column_padding_position=&#8221;all&#8221; top_margin=&#8221;5&#8243; bottom_margin=&#8221;5&#8243; column_element_spacing=&#8221;default&#8221; background_color_opacity=&#8221;1&#8243; background_hover_color_opacity=&#8221;1&#8243; column_shadow=&#8221;none&#8221; column_border_radius=&#8221;none&#8221; column_link_target=&#8221;_self&#8221; gradient_direction=&#8221;left_to_right&#8221; overlay_strength=&#8221;0.3&#8243; width=&#8221;1\/1&#8243; tablet_width_inherit=&#8221;default&#8221; tablet_text_alignment=&#8221;default&#8221; phone_text_alignment=&#8221;default&#8221; bg_image_animation=&#8221;none&#8221; border_type=&#8221;simple&#8221; column_border_width=&#8221;none&#8221; column_border_style=&#8221;solid&#8221;][\/vc_column][\/vc_row][vc_row type=&#8221;in_container&#8221; full_screen_row_position=&#8221;middle&#8221; column_margin=&#8221;default&#8221; column_direction=&#8221;default&#8221; column_direction_tablet=&#8221;default&#8221; column_direction_phone=&#8221;default&#8221; scene_position=&#8221;center&#8221; text_color=&#8221;dark&#8221; text_align=&#8221;left&#8221; row_border_radius=&#8221;none&#8221; row_border_radius_applies=&#8221;bg&#8221; overlay_strength=&#8221;0.3&#8243; gradient_direction=&#8221;left_to_right&#8221; shape_divider_position=&#8221;bottom&#8221; bg_image_animation=&#8221;none&#8221;][vc_column column_padding=&#8221;no-extra-padding&#8221; column_padding_tablet=&#8221;inherit&#8221; column_padding_phone=&#8221;inherit&#8221; column_padding_position=&#8221;all&#8221; column_element_spacing=&#8221;default&#8221; background_color_opacity=&#8221;1&#8243; background_hover_color_opacity=&#8221;1&#8243; column_shadow=&#8221;none&#8221; column_border_radius=&#8221;none&#8221; column_link_target=&#8221;_self&#8221; gradient_direction=&#8221;left_to_right&#8221; overlay_strength=&#8221;0.3&#8243; width=&#8221;1\/1&#8243; tablet_width_inherit=&#8221;default&#8221; tablet_text_alignment=&#8221;default&#8221; phone_text_alignment=&#8221;default&#8221; bg_image_animation=&#8221;none&#8221; border_type=&#8221;simple&#8221; column_border_width=&#8221;none&#8221; column_border_style=&#8221;solid&#8221;][vc_column_text]<span style=\"font-weight: 400;\">Muzej ratnog djetinjstva je 2021. godine otvorio svoju privremenu izlo\u017ebu pod naslovom \u201cProgovara(j)mo\u201d, posve\u0107enu i nastalu u saradnji sa pre\u017eivjelima seksualnog nasilja povezanog sa sukobom i djecom ro\u0111enom zbog rata u BiH. <strong>Kroz pri\u010de, izlo\u017eene predmete i video-svjedo\u010danstva, izlo\u017eba je stvorila platformu za pre\u017eivjele seksualnog nasilja povezanog sa sukobom i djecu ro\u0111enu zbog rata<\/strong> da podijele svoja iskustva, isti\u010du\u0107i i brojne probleme s kojima se suo\u010davaju u svakodnevnom \u017eivotu, kao i njihove nade za budu\u0107nost.\u00a0<\/span><\/p>\n<p><span style=\"font-weight: 400;\">Nakon produkcije izlo\u017ebe i inicijalnih otvorenja u BiH (Sarajevo, Mostar) i Srbiji (Beograd), izlo\u017eba \u201cProgovara(j)mo\u201d nastavlja pozitivno utjecati na razli\u010dite na\u010dine &#8211;\u00a0 <\/span><a href=\"https:\/\/warchildhood.org\/2022\/11\/07\/wcm-in-moldova-creating-a-safe-space-for-trauma-survivors\/\" target=\"_blank\" rel=\"noopener\"><span style=\"font-weight: 400;\">kao primjer dobre prakse za pomo\u0107 Ukrajincima u Moldaviji, pre\u017eivjelima seksualnog nasilja povezanog sa sukobom<\/span><\/a><span style=\"font-weight: 400;\">, te kao mo\u0107an alat za zagovaranje djece ro\u0111ene zbog rata koja <\/span><a href=\"https:\/\/warchildhood.org\/2022\/11\/30\/speaking-out-for-legal-recognition-of-children-born-of-war\/\" target=\"_blank\" rel=\"noopener\"><span style=\"font-weight: 400;\">tra\u017ee pravno priznanje u BiH.<\/span><\/a>[\/vc_column_text][\/vc_column][\/vc_row][vc_row type=&#8221;in_container&#8221; full_screen_row_position=&#8221;middle&#8221; column_margin=&#8221;default&#8221; column_direction=&#8221;default&#8221; column_direction_tablet=&#8221;default&#8221; column_direction_phone=&#8221;default&#8221; scene_position=&#8221;center&#8221; text_color=&#8221;dark&#8221; text_align=&#8221;left&#8221; row_border_radius=&#8221;none&#8221; row_border_radius_applies=&#8221;bg&#8221; overlay_strength=&#8221;0.3&#8243; gradient_direction=&#8221;left_to_right&#8221; shape_divider_position=&#8221;bottom&#8221; bg_image_animation=&#8221;none&#8221;][vc_column column_padding=&#8221;no-extra-padding&#8221; column_padding_tablet=&#8221;inherit&#8221; column_padding_phone=&#8221;inherit&#8221; column_padding_position=&#8221;all&#8221; column_element_spacing=&#8221;default&#8221; centered_text=&#8221;true&#8221; background_color_opacity=&#8221;1&#8243; background_hover_color_opacity=&#8221;1&#8243; column_shadow=&#8221;none&#8221; column_border_radius=&#8221;none&#8221; column_link_target=&#8221;_self&#8221; gradient_direction=&#8221;left_to_right&#8221; overlay_strength=&#8221;0.3&#8243; width=&#8221;1\/1&#8243; tablet_width_inherit=&#8221;default&#8221; tablet_text_alignment=&#8221;default&#8221; phone_text_alignment=&#8221;default&#8221; bg_image_animation=&#8221;none&#8221; border_type=&#8221;simple&#8221; column_border_width=&#8221;none&#8221; column_border_style=&#8221;solid&#8221;][image_with_animation image_url=&#8221;5657&#8243; animation=&#8221;None&#8221; hover_animation=&#8221;none&#8221; alignment=&#8221;&#8221; border_radius=&#8221;none&#8221; box_shadow=&#8221;none&#8221; image_loading=&#8221;default&#8221; max_width=&#8221;100%&#8221; max_width_mobile=&#8221;default&#8221;][\/vc_column][\/vc_row][vc_row type=&#8221;in_container&#8221; full_screen_row_position=&#8221;middle&#8221; column_margin=&#8221;default&#8221; column_direction=&#8221;default&#8221; column_direction_tablet=&#8221;default&#8221; column_direction_phone=&#8221;default&#8221; scene_position=&#8221;center&#8221; text_color=&#8221;dark&#8221; text_align=&#8221;left&#8221; row_border_radius=&#8221;none&#8221; row_border_radius_applies=&#8221;bg&#8221; overlay_strength=&#8221;0.3&#8243; gradient_direction=&#8221;left_to_right&#8221; shape_divider_position=&#8221;bottom&#8221; bg_image_animation=&#8221;none&#8221;][vc_column column_padding=&#8221;no-extra-padding&#8221; column_padding_tablet=&#8221;inherit&#8221; column_padding_phone=&#8221;inherit&#8221; column_padding_position=&#8221;all&#8221; column_element_spacing=&#8221;default&#8221; background_color_opacity=&#8221;1&#8243; background_hover_color_opacity=&#8221;1&#8243; column_shadow=&#8221;none&#8221; column_border_radius=&#8221;none&#8221; column_link_target=&#8221;_self&#8221; gradient_direction=&#8221;left_to_right&#8221; overlay_strength=&#8221;0.3&#8243; width=&#8221;1\/1&#8243; tablet_width_inherit=&#8221;default&#8221; tablet_text_alignment=&#8221;default&#8221; phone_text_alignment=&#8221;default&#8221; bg_image_animation=&#8221;none&#8221; border_type=&#8221;simple&#8221; column_border_width=&#8221;none&#8221; column_border_style=&#8221;solid&#8221;][vc_column_text]\n<h2><strong>Vremenski okvir projekta<\/strong><\/h2>\n[\/vc_column_text][\/vc_column][\/vc_row][vc_row type=&#8221;in_container&#8221; full_screen_row_position=&#8221;middle&#8221; column_margin=&#8221;default&#8221; column_direction=&#8221;default&#8221; column_direction_tablet=&#8221;default&#8221; column_direction_phone=&#8221;default&#8221; scene_position=&#8221;center&#8221; text_color=&#8221;dark&#8221; text_align=&#8221;left&#8221; row_border_radius=&#8221;none&#8221; row_border_radius_applies=&#8221;bg&#8221; overlay_strength=&#8221;0.3&#8243; gradient_direction=&#8221;left_to_right&#8221; shape_divider_position=&#8221;bottom&#8221; bg_image_animation=&#8221;none&#8221;][vc_column column_padding=&#8221;no-extra-padding&#8221; column_padding_tablet=&#8221;inherit&#8221; column_padding_phone=&#8221;inherit&#8221; column_padding_position=&#8221;all&#8221; column_element_spacing=&#8221;default&#8221; background_color_opacity=&#8221;1&#8243; background_hover_color_opacity=&#8221;1&#8243; column_shadow=&#8221;none&#8221; column_border_radius=&#8221;none&#8221; column_link_target=&#8221;_self&#8221; gradient_direction=&#8221;left_to_right&#8221; overlay_strength=&#8221;0.3&#8243; width=&#8221;1\/1&#8243; tablet_width_inherit=&#8221;default&#8221; tablet_text_alignment=&#8221;default&#8221; phone_text_alignment=&#8221;default&#8221; bg_image_animation=&#8221;none&#8221; border_type=&#8221;simple&#8221; column_border_width=&#8221;none&#8221; column_border_style=&#8221;solid&#8221;][nectar_icon_list animate=&#8221;true&#8221; color=&#8221;Accent-Color&#8221; direction=&#8221;vertical&#8221; icon_size=&#8221;small&#8221; icon_style=&#8221;border&#8221;][nectar_icon_list_item icon_type=&#8221;numerical&#8221; text_full_html=&#8221;simple&#8221; title=&#8221;List Item&#8221; id=&#8221;1750149912105-0&#8243; header=&#8221;Novembar 2020. godine&#8221; text=&#8221;MRD zapo\u010dinje istra\u017eivanje i dokumentiranje iskustava pre\u017eivjelih seksualnog nasilja povezanog s sukobima i djece ro\u0111ene iz rata. U po\u010detnoj fazi projekta, procjenjuju se specifi\u010dne potrebe i modificira se metodologija MRD-a u saradnji s projektnim partnerima, Udru\u017eenjem Zaboravljena djeca rata, Fondacijom Krila nade i IOM-om BIH, \u0161to omogu\u0107ava snimanje prvih video-svjedo\u010danstava pre\u017eivjelih nasilja povezanog sa sukobom i djece ro\u0111ene zbog rata.&#8221; tab_id=&#8221;1750149912105-9&#8243;][\/nectar_icon_list_item][nectar_icon_list_item icon_type=&#8221;numerical&#8221; text_full_html=&#8221;simple&#8221; title=&#8221;List Item&#8221; id=&#8221;1750149912123-10&#8243; header=&#8221;Decembar 2020. godine&#8221; text=&#8221;Odre\u0111en je puni obim projekta i faze implementacije, \u0161to signalizira po\u010detak vi\u0161emjese\u010dnog dokumentiranja iskustava pre\u017eivjelih nasilja povezanog sa sukobom i djece ro\u0111ene zbog rata na tri razli\u010dita na\u010dina: snimanjem video-svjedo\u010danstava u kojima sudjeluju i pre\u017eivjele i djeca, prikupljanjem li\u010dnih stvari i dokumentiranjem pri\u010da djece ro\u0111ene iz rata, te facilitacijom stvaranja umjetni\u010dkih djela na radionici &#8220;mapiranja tijela&#8220;, u kojoj sudjeluju pre\u017eivjele nasilja povezanog sa sukobom.&#8221; tab_id=&#8221;1750149912123-7&#8243;][\/nectar_icon_list_item][nectar_icon_list_item icon_type=&#8221;numerical&#8221; text_full_html=&#8221;simple&#8221; title=&#8221;List Item&#8221; id=&#8221;1750149912135-1&#8243; header=&#8221;Februar 2021. godine&#8221; text=&#8221;Projektni tim, koji se sastoji od tima MRD-a i dugogodi\u0161nje saradnice Muzeja, klini\u010dke psihologinje Lejle Smaji\u0107, prolazi obuku o metodologiji mapiranja tijela, obliku art terapije koji pru\u017ea alternativne na\u010dine za pre\u017eivjele da podijele svoja traumati\u010dna iskustva, a koju su obezbijedili stru\u010dnjaci Me\u0111unarodne koalicije za mjesta savjesti (ICSC). Nakon obuke, i pod vodstvom ICSC-a, projektni tim je po prvi put prilagodio ovu posebnu metodologiju za rad sa pre\u017eivjelima seksualnog nasilja povezanog sa sukobima i djecom ro\u0111enom zbog rata, kao i unutar specifi\u010dnog regionalnog konteksta.&#8221; tab_id=&#8221;1750149912136-0&#8243;][\/nectar_icon_list_item][nectar_icon_list_item icon_type=&#8221;numerical&#8221; text_full_html=&#8221;simple&#8221; title=&#8221;List Item&#8221; id=&#8221;1750149912142-1&#8243; header=&#8221;Maj 2021. godine&#8221; text=&#8221;Radionica mapiranja tijela odr\u017eava se tokom \u010detiri dana, a rezultat je da pre\u017eivjele seksualnog nasilja u sukobima kreiraju 12 razli\u010ditih umjetni\u010dkih djela, koja prikazuju njih u prirodnoj veli\u010dini, okru\u017eene natpisima o njihovim iskustvima iz razli\u010ditih \u017eivotnih perioda. Istovremeno, projektni tim finalizira procese dokumentiranja video-svjedo\u010danstava i li\u010dnih pri\u010da, pripremaju\u0107i se za odabir materijala koji \u0107e biti predstavljeni na izlo\u017ebi.&#8221; tab_id=&#8221;1750149912142-6&#8243;][\/nectar_icon_list_item][nectar_icon_list_item icon_type=&#8221;numerical&#8221; text_full_html=&#8221;simple&#8221; title=&#8221;List Item&#8221; id=&#8221;1750149912154-10&#8243; header=&#8221;Juni 2021. godine&#8221; text=&#8221;Izlo\u017eba \u201eProgovara(j)mo\u201c prvi put se otvara za \u0161iru javnost 25. juna u Galeriji Novi Hram u Sarajevu.&#8221; tab_id=&#8221;1750149912154-8&#8243;][\/nectar_icon_list_item][nectar_icon_list_item icon_type=&#8221;numerical&#8221; text_full_html=&#8221;html&#8221; title=&#8221;List Item&#8221; id=&#8221;1750149912178-5&#8243; header=&#8221;Septembar 2021. godine&#8221; tab_id=&#8221;1750149912179-1&#8243;]<span style=\"font-weight: 400;\">Izlo\u017eba <\/span><a href=\"https:\/\/warchildhood.org\/2021\/09\/20\/wcms-speaking-out-exhibition-now-on-view-in-mostar\/\" target=\"_blank\" rel=\"noopener\"><span style=\"font-weight: 400;\">putuje<\/span><\/a><span style=\"font-weight: 400;\"> u Centar za kulturu Mostar 20. septembra. Tokom trajanja izlo\u017ebe, edukatori\/ce MRD-a odr\u017eavaju niz radionica o izgradnji mira za srednjo\u0161kolce i studente iz gotovo desetak obrazovnih institucija u Mostaru.<\/span>[\/nectar_icon_list_item][nectar_icon_list_item icon_type=&#8221;numerical&#8221; text_full_html=&#8221;html&#8221; title=&#8221;List Item&#8221; id=&#8221;1750149912191-0&#8243; header=&#8221;Oktobar 2021. godine&#8221; tab_id=&#8221;1750149912191-10&#8243;]<span style=\"font-weight: 400;\">Izlo\u017eba \u201eProgovara(j)mo\u201c prvi put putuje u inostranstvo 2. oktobra, kao <\/span><a href=\"https:\/\/warchildhood.org\/2021\/10\/03\/speaking-out-exhibition-opens-in-belgrade\/\" target=\"_blank\" rel=\"noopener\"><span style=\"font-weight: 400;\">centralni doga\u0111aj <\/span><\/a><span style=\"font-weight: 400;\">sedmice podizanja svijesti o seksualnosti u ratu koja se obilje\u017eava u End\u017eio HAB-u u Beogradu.<\/span>[\/nectar_icon_list_item][nectar_icon_list_item icon_type=&#8221;numerical&#8221; text_full_html=&#8221;simple&#8221; title=&#8221;List Item&#8221; id=&#8221;1750149912203-2&#8243; header=&#8221;Novembar 2022. godine&#8221; text=&#8221;Izlo\u017eba \u201cProgovara(j)mo\u201c se otvara u Gradskoj vije\u0107nici Sarajeva u znak podr\u0161ke za pravno priznanje djece ro\u0111ene zbog rata.&#8221; tab_id=&#8221;1750149912203-9&#8243;][\/nectar_icon_list_item][nectar_icon_list_item icon_type=&#8221;numerical&#8221; text_full_html=&#8221;simple&#8221; title=&#8221;List Item&#8221; id=&#8221;1750149912216-8&#8243; header=&#8221;Juli 2023. godine&#8221; text=&#8221;Izlo\u017eba \u201eProgovara(j)mo\u201c je prikazana na konferenciji Udru\u017eenja za studije sje\u0107anja (MSA) u Newcastleu.&#8221; tab_id=&#8221;1750149912217-1&#8243;][\/nectar_icon_list_item][nectar_icon_list_item icon_type=&#8221;numerical&#8221; text_full_html=&#8221;simple&#8221; title=&#8221;List Item&#8221; id=&#8221;1750149912229-1&#8243; header=&#8221;Septembar 2024. godine&#8221; text=&#8221;Izlo\u017eba &#8220;Progovara(j)mo\u201d predstavljena je u Estonskom nacionalnom muzeju tokom godi\u0161nje konferencije ICOM Exhibitions 2024 \u2013 Momentum: Izlo\u017ebe i sje\u0107anje.&#8221; tab_id=&#8221;1750149912230-2&#8243;][\/nectar_icon_list_item][nectar_icon_list_item icon_type=&#8221;numerical&#8221; text_full_html=&#8221;simple&#8221; title=&#8221;List Item&#8221; id=&#8221;1750149912166-7&#8243; header=&#8221;Juni 2025. godine&#8221; text=&#8221;MRD u saradnji sa Ujedinjenim nacijama u BiH predstavlja izlo\u017ebu \u201cProgovara(j)mo\u201d u okviru me\u0111unarodne konferencije \u201cOd rodno odgovorne pravde do odr\u017eivog mira: Vizija za narednih 25 godina\u201d.&#8221; tab_id=&#8221;1750149912167-9&#8243;][\/nectar_icon_list_item][\/nectar_icon_list][\/vc_column][\/vc_row][vc_row type=&#8221;in_container&#8221; full_screen_row_position=&#8221;middle&#8221; column_margin=&#8221;default&#8221; column_direction=&#8221;default&#8221; column_direction_tablet=&#8221;default&#8221; column_direction_phone=&#8221;default&#8221; scene_position=&#8221;center&#8221; text_color=&#8221;dark&#8221; text_align=&#8221;left&#8221; row_border_radius=&#8221;none&#8221; row_border_radius_applies=&#8221;bg&#8221; overlay_strength=&#8221;0.3&#8243; gradient_direction=&#8221;left_to_right&#8221; shape_divider_position=&#8221;bottom&#8221; bg_image_animation=&#8221;none&#8221;][vc_column column_padding=&#8221;padding-2-percent&#8221; column_padding_tablet=&#8221;inherit&#8221; column_padding_phone=&#8221;inherit&#8221; column_padding_position=&#8221;all&#8221; column_element_spacing=&#8221;default&#8221; centered_text=&#8221;true&#8221; background_color_opacity=&#8221;1&#8243; background_hover_color_opacity=&#8221;1&#8243; column_shadow=&#8221;none&#8221; column_border_radius=&#8221;none&#8221; column_link_target=&#8221;_self&#8221; gradient_direction=&#8221;left_to_right&#8221; overlay_strength=&#8221;0.3&#8243; width=&#8221;1\/1&#8243; tablet_width_inherit=&#8221;default&#8221; tablet_text_alignment=&#8221;default&#8221; phone_text_alignment=&#8221;default&#8221; bg_image_animation=&#8221;none&#8221; border_type=&#8221;simple&#8221; column_border_width=&#8221;none&#8221; column_border_style=&#8221;solid&#8221;][vc_gallery type=&#8221;nectarslider_style&#8221; images=&#8221;5663,5664,5665,5662&#8243; image_loading=&#8221;default&#8221; bullet_navigation_style=&#8221;see_through&#8221; onclick=&#8221;link_no&#8221; css=&#8221;.vc_custom_1749547989598{background-color: #000000 !important;}&#8221; img_size=&#8221;1200&#215;800&#8243;][\/vc_column][\/vc_row][vc_row type=&#8221;in_container&#8221; full_screen_row_position=&#8221;middle&#8221; column_margin=&#8221;default&#8221; column_direction=&#8221;default&#8221; column_direction_tablet=&#8221;default&#8221; column_direction_phone=&#8221;default&#8221; scene_position=&#8221;center&#8221; text_color=&#8221;dark&#8221; text_align=&#8221;left&#8221; row_border_radius=&#8221;none&#8221; row_border_radius_applies=&#8221;bg&#8221; overlay_strength=&#8221;0.3&#8243; gradient_direction=&#8221;left_to_right&#8221; shape_divider_position=&#8221;bottom&#8221; bg_image_animation=&#8221;none&#8221;][vc_column column_padding=&#8221;no-extra-padding&#8221; column_padding_tablet=&#8221;inherit&#8221; column_padding_phone=&#8221;inherit&#8221; column_padding_position=&#8221;all&#8221; column_element_spacing=&#8221;default&#8221; background_color_opacity=&#8221;1&#8243; background_hover_color_opacity=&#8221;1&#8243; column_shadow=&#8221;none&#8221; column_border_radius=&#8221;none&#8221; column_link_target=&#8221;_self&#8221; gradient_direction=&#8221;left_to_right&#8221; overlay_strength=&#8221;0.3&#8243; width=&#8221;1\/1&#8243; tablet_width_inherit=&#8221;default&#8221; tablet_text_alignment=&#8221;default&#8221; phone_text_alignment=&#8221;default&#8221; bg_image_animation=&#8221;none&#8221; border_type=&#8221;simple&#8221; column_border_width=&#8221;none&#8221; column_border_style=&#8221;solid&#8221;][vc_gallery type=&#8221;image_grid&#8221; images=&#8221;2407,2408,2409,2410&#8243; image_grid_loading=&#8221;default&#8221; layout=&#8221;4&#8243; item_spacing=&#8221;default&#8221; gallery_style=&#8221;7&#8243; load_in_animation=&#8221;none&#8221; img_size=&#8221;Full&#8221;][vc_column_text]\n<h2><strong>Mape tijela\u00a0<\/strong><\/h2>\n[\/vc_column_text][\/vc_column][\/vc_row][vc_row type=&#8221;in_container&#8221; full_screen_row_position=&#8221;middle&#8221; column_margin=&#8221;default&#8221; column_direction=&#8221;default&#8221; column_direction_tablet=&#8221;default&#8221; column_direction_phone=&#8221;default&#8221; scene_position=&#8221;center&#8221; text_color=&#8221;dark&#8221; text_align=&#8221;left&#8221; row_border_radius=&#8221;none&#8221; row_border_radius_applies=&#8221;bg&#8221; overlay_strength=&#8221;0.3&#8243; gradient_direction=&#8221;left_to_right&#8221; shape_divider_position=&#8221;bottom&#8221; bg_image_animation=&#8221;none&#8221;][vc_column column_padding=&#8221;no-extra-padding&#8221; column_padding_tablet=&#8221;inherit&#8221; column_padding_phone=&#8221;inherit&#8221; column_padding_position=&#8221;all&#8221; column_element_spacing=&#8221;default&#8221; background_color_opacity=&#8221;1&#8243; background_hover_color_opacity=&#8221;1&#8243; column_shadow=&#8221;none&#8221; column_border_radius=&#8221;none&#8221; column_link_target=&#8221;_self&#8221; gradient_direction=&#8221;left_to_right&#8221; overlay_strength=&#8221;0.3&#8243; width=&#8221;1\/1&#8243; tablet_width_inherit=&#8221;default&#8221; tablet_text_alignment=&#8221;default&#8221; phone_text_alignment=&#8221;default&#8221; bg_image_animation=&#8221;none&#8221; border_type=&#8221;simple&#8221; column_border_width=&#8221;none&#8221; column_border_style=&#8221;solid&#8221;][vc_column_text]<span style=\"font-weight: 400;\">Mapiranje tijela je oblik <strong>art terapije<\/strong> koji pojedincima pru\u017ea alternativne na\u010dine za procesiranje traumati\u010dnih iskustava. Ukupno 12 \u017eena koje su pre\u017eivjele nasilje u\u010destvovalo je u radionici mapiranja tijela koja je prethodila izlo\u017ebi \u201cProgovara(j)mo\u201d, <strong>kreiraju\u0107i 12 razli\u010ditih mapa tijela koje pri\u010daju njihove \u017eivotne pri\u010de.<\/strong><\/span><\/p>\n<p><span style=\"font-weight: 400;\">Medijatori radionice vodili su u\u010desnice kroz proces dijeljenja njihovih sje\u0107anja i iskustava, stvaraju\u0107i okru\u017eenje u kojem su pre\u017eivjele seksualnog nasilja povezanog sa sukobima mogle vjerovati i projektnom timu i jedna drugoj, stvaraju\u0107i nove i ja\u010daju\u0107i postoje\u0107e veze. <strong>Prisje\u0107aju\u0107i se razli\u010ditih, u nekim slu\u010dajevima vrlo pozitivnih, iskustava, kao i fokusiraju\u0107i se na budu\u0107nost,<\/strong> pre\u017eivjele su mogle vidjeti svoj \u017eivot u cjelini, umjesto da ga identificiraju isklju\u010divo sa svojom pro\u017eivljenom traumom.<\/span>[\/vc_column_text][\/vc_column][\/vc_row][vc_row type=&#8221;in_container&#8221; full_screen_row_position=&#8221;middle&#8221; column_margin=&#8221;default&#8221; column_direction=&#8221;default&#8221; column_direction_tablet=&#8221;default&#8221; column_direction_phone=&#8221;default&#8221; scene_position=&#8221;center&#8221; text_color=&#8221;dark&#8221; text_align=&#8221;left&#8221; row_border_radius=&#8221;none&#8221; row_border_radius_applies=&#8221;bg&#8221; overlay_strength=&#8221;0.3&#8243; gradient_direction=&#8221;left_to_right&#8221; shape_divider_position=&#8221;bottom&#8221; bg_image_animation=&#8221;none&#8221;][vc_column column_padding=&#8221;no-extra-padding&#8221; column_padding_tablet=&#8221;inherit&#8221; column_padding_phone=&#8221;inherit&#8221; column_padding_position=&#8221;all&#8221; column_element_spacing=&#8221;default&#8221; background_color_opacity=&#8221;1&#8243; background_hover_color_opacity=&#8221;1&#8243; column_shadow=&#8221;none&#8221; column_border_radius=&#8221;none&#8221; column_link_target=&#8221;_self&#8221; gradient_direction=&#8221;left_to_right&#8221; overlay_strength=&#8221;0.3&#8243; width=&#8221;1\/1&#8243; tablet_width_inherit=&#8221;default&#8221; tablet_text_alignment=&#8221;default&#8221; phone_text_alignment=&#8221;default&#8221; bg_image_animation=&#8221;none&#8221; border_type=&#8221;simple&#8221; column_border_width=&#8221;none&#8221; column_border_style=&#8221;solid&#8221;][image_with_animation image_url=&#8221;5659&#8243; animation=&#8221;Fade In&#8221; hover_animation=&#8221;none&#8221; alignment=&#8221;&#8221; border_radius=&#8221;none&#8221; box_shadow=&#8221;none&#8221; image_loading=&#8221;default&#8221; max_width=&#8221;100%&#8221; max_width_mobile=&#8221;default&#8221;][\/vc_column][\/vc_row][vc_row type=&#8221;in_container&#8221; full_screen_row_position=&#8221;middle&#8221; column_margin=&#8221;default&#8221; column_direction=&#8221;default&#8221; column_direction_tablet=&#8221;default&#8221; column_direction_phone=&#8221;default&#8221; scene_position=&#8221;center&#8221; text_color=&#8221;dark&#8221; text_align=&#8221;left&#8221; row_border_radius=&#8221;none&#8221; row_border_radius_applies=&#8221;bg&#8221; overlay_strength=&#8221;0.3&#8243; gradient_direction=&#8221;left_to_right&#8221; shape_divider_position=&#8221;bottom&#8221; bg_image_animation=&#8221;none&#8221;][vc_column column_padding=&#8221;no-extra-padding&#8221; column_padding_tablet=&#8221;inherit&#8221; column_padding_phone=&#8221;inherit&#8221; column_padding_position=&#8221;all&#8221; column_element_spacing=&#8221;default&#8221; background_color_opacity=&#8221;1&#8243; background_hover_color_opacity=&#8221;1&#8243; column_shadow=&#8221;none&#8221; column_border_radius=&#8221;none&#8221; column_link_target=&#8221;_self&#8221; gradient_direction=&#8221;left_to_right&#8221; overlay_strength=&#8221;0.3&#8243; width=&#8221;1\/1&#8243; tablet_width_inherit=&#8221;default&#8221; tablet_text_alignment=&#8221;default&#8221; phone_text_alignment=&#8221;default&#8221; bg_image_animation=&#8221;none&#8221; border_type=&#8221;simple&#8221; column_border_width=&#8221;none&#8221; column_border_style=&#8221;solid&#8221;][vc_column_text]\n<h2><strong>Kako \u010ditati mape tijela<\/strong><\/h2>\n[\/vc_column_text][\/vc_column][\/vc_row][vc_row type=&#8221;in_container&#8221; full_screen_row_position=&#8221;middle&#8221; column_margin=&#8221;default&#8221; column_direction=&#8221;default&#8221; column_direction_tablet=&#8221;default&#8221; column_direction_phone=&#8221;default&#8221; scene_position=&#8221;center&#8221; text_color=&#8221;dark&#8221; text_align=&#8221;left&#8221; row_border_radius=&#8221;none&#8221; row_border_radius_applies=&#8221;bg&#8221; overlay_strength=&#8221;0.3&#8243; gradient_direction=&#8221;left_to_right&#8221; shape_divider_position=&#8221;bottom&#8221; bg_image_animation=&#8221;none&#8221;][vc_column column_padding=&#8221;no-extra-padding&#8221; column_padding_tablet=&#8221;inherit&#8221; column_padding_phone=&#8221;inherit&#8221; column_padding_position=&#8221;all&#8221; column_element_spacing=&#8221;default&#8221; background_color_opacity=&#8221;1&#8243; background_hover_color_opacity=&#8221;1&#8243; column_shadow=&#8221;none&#8221; column_border_radius=&#8221;none&#8221; column_link_target=&#8221;_self&#8221; gradient_direction=&#8221;left_to_right&#8221; overlay_strength=&#8221;0.3&#8243; width=&#8221;1\/1&#8243; tablet_width_inherit=&#8221;default&#8221; tablet_text_alignment=&#8221;default&#8221; phone_text_alignment=&#8221;default&#8221; bg_image_animation=&#8221;none&#8221; border_type=&#8221;simple&#8221; column_border_width=&#8221;none&#8221; column_border_style=&#8221;solid&#8221;][vc_column_text]<span style=\"font-weight: 400;\">Svaka mapa tijela sastoji se od nekoliko razli\u010ditih elemenata, koje treba <strong>posmatrati po\u010dev\u0161i od gornjeg lijevog ugla i kre\u0107u\u0107i se suprotno od kazaljke na satu<\/strong>, a to uklju\u010duje: glavnu poruku ili moto pre\u017eivjele osobe, simbol s kojim se najvi\u0161e povezuje, njihova sje\u0107anja predstavljena hronolo\u0161kim redom, njihove nade za budu\u0107nost i simbol koji s njom povezuje.<\/span><\/p>\n<p><span style=\"font-weight: 400;\"><strong>Sredi\u0161nji dio svake mape tijela sastoji se od dva obrisa ili siluete, koji slu\u017ee kao prikaz pre\u017eivjele osobe u prirodnoj veli\u010dini<\/strong> \u2013 glavni obris prikazuje medicinska stanja i posljedice traume na tijelo, dok obris u sjeni uklju\u010duje imena svih ljudi koji \u010dine mre\u017eu podr\u0161ke pre\u017eivjele osobe.<\/span><\/p>\n<p><span style=\"font-weight: 400;\">Neka od najva\u017enijih sje\u0107anja iz <strong>razli\u010ditih perioda \u017eivota<\/strong> \u2013 ranog djetinjstva, adolescencije, perioda traumati\u010dnog doga\u0111aja i \u017eivota danas \u2013 dodaju se oko obrisa, po\u010dev\u0161i od gornjeg lijevog ugla, u obliku pisanja ili crtanja.<\/span><\/p>\n<p><span style=\"font-weight: 400;\">Svih 12 mapa tijela dostupno je u galeriji ispod.<\/span>[\/vc_column_text][\/vc_column][\/vc_row][vc_row type=&#8221;in_container&#8221; full_screen_row_position=&#8221;middle&#8221; column_margin=&#8221;default&#8221; column_direction=&#8221;default&#8221; column_direction_tablet=&#8221;default&#8221; column_direction_phone=&#8221;default&#8221; scene_position=&#8221;center&#8221; text_color=&#8221;dark&#8221; text_align=&#8221;left&#8221; row_border_radius=&#8221;none&#8221; row_border_radius_applies=&#8221;bg&#8221; overlay_strength=&#8221;0.3&#8243; gradient_direction=&#8221;left_to_right&#8221; shape_divider_position=&#8221;bottom&#8221; bg_image_animation=&#8221;none&#8221;][vc_column column_padding=&#8221;padding-10-percent&#8221; column_padding_tablet=&#8221;inherit&#8221; column_padding_phone=&#8221;inherit&#8221; column_padding_position=&#8221;all&#8221; column_element_spacing=&#8221;default&#8221; centered_text=&#8221;true&#8221; background_color=&#8221;#e3afb0&#8243; background_color_opacity=&#8221;1&#8243; background_hover_color_opacity=&#8221;1&#8243; column_shadow=&#8221;none&#8221; column_border_radius=&#8221;none&#8221; column_link_target=&#8221;_self&#8221; gradient_direction=&#8221;left_to_right&#8221; overlay_strength=&#8221;0.3&#8243; width=&#8221;1\/1&#8243; tablet_width_inherit=&#8221;default&#8221; tablet_text_alignment=&#8221;default&#8221; phone_text_alignment=&#8221;default&#8221; bg_image_animation=&#8221;none&#8221; border_type=&#8221;simple&#8221; column_border_width=&#8221;none&#8221; column_border_style=&#8221;solid&#8221;][vc_gallery type=&#8221;flexslider_style&#8221; images=&#8221;5667,5668,5669,5670,5671,5672,5673,5674,5675,5676,5677,5678&#8243; disable_auto_rotate=&#8221;true&#8221; onclick=&#8221;link_no&#8221; img_size=&#8221;1000&#215;1500&#8243;][\/vc_column][\/vc_row][vc_row type=&#8221;in_container&#8221; full_screen_row_position=&#8221;middle&#8221; column_margin=&#8221;default&#8221; column_direction=&#8221;default&#8221; column_direction_tablet=&#8221;default&#8221; column_direction_phone=&#8221;default&#8221; scene_position=&#8221;center&#8221; top_padding=&#8221;10&#8243; text_color=&#8221;dark&#8221; text_align=&#8221;left&#8221; row_border_radius=&#8221;none&#8221; row_border_radius_applies=&#8221;bg&#8221; overlay_strength=&#8221;0.3&#8243; gradient_direction=&#8221;left_to_right&#8221; shape_divider_position=&#8221;bottom&#8221; bg_image_animation=&#8221;none&#8221; shape_type=&#8221;&#8221;][vc_column column_padding=&#8221;no-extra-padding&#8221; column_padding_tablet=&#8221;inherit&#8221; column_padding_phone=&#8221;inherit&#8221; column_padding_position=&#8221;all&#8221; column_element_spacing=&#8221;default&#8221; background_color_opacity=&#8221;1&#8243; background_hover_color_opacity=&#8221;1&#8243; column_shadow=&#8221;none&#8221; column_border_radius=&#8221;none&#8221; column_link_target=&#8221;_self&#8221; gradient_direction=&#8221;left_to_right&#8221; overlay_strength=&#8221;0.3&#8243; width=&#8221;1\/1&#8243; tablet_width_inherit=&#8221;default&#8221; tablet_text_alignment=&#8221;default&#8221; phone_text_alignment=&#8221;default&#8221; bg_image_animation=&#8221;none&#8221; border_type=&#8221;simple&#8221; column_border_width=&#8221;none&#8221; column_border_style=&#8221;solid&#8221;][vc_column_text]\n<h2><strong>Li\u010dne pri\u010de i predmeti<\/strong><\/h2>\n[\/vc_column_text][\/vc_column][\/vc_row][vc_row type=&#8221;in_container&#8221; full_screen_row_position=&#8221;middle&#8221; column_margin=&#8221;default&#8221; column_direction=&#8221;default&#8221; column_direction_tablet=&#8221;default&#8221; column_direction_phone=&#8221;default&#8221; scene_position=&#8221;center&#8221; text_color=&#8221;dark&#8221; text_align=&#8221;left&#8221; row_border_radius=&#8221;none&#8221; row_border_radius_applies=&#8221;bg&#8221; overlay_strength=&#8221;0.3&#8243; gradient_direction=&#8221;left_to_right&#8221; shape_divider_position=&#8221;bottom&#8221; bg_image_animation=&#8221;none&#8221;][vc_column column_padding=&#8221;no-extra-padding&#8221; column_padding_tablet=&#8221;inherit&#8221; column_padding_phone=&#8221;inherit&#8221; column_padding_position=&#8221;all&#8221; column_element_spacing=&#8221;default&#8221; background_color_opacity=&#8221;1&#8243; background_hover_color_opacity=&#8221;1&#8243; column_shadow=&#8221;none&#8221; column_border_radius=&#8221;none&#8221; column_link_target=&#8221;_self&#8221; gradient_direction=&#8221;left_to_right&#8221; overlay_strength=&#8221;0.3&#8243; width=&#8221;1\/1&#8243; tablet_width_inherit=&#8221;default&#8221; tablet_text_alignment=&#8221;default&#8221; phone_text_alignment=&#8221;default&#8221; bg_image_animation=&#8221;none&#8221; border_type=&#8221;simple&#8221; column_border_width=&#8221;none&#8221; column_border_style=&#8221;solid&#8221;][vc_column_text]<span style=\"font-weight: 400;\">Li\u010dne pri\u010de i predmeti dokumentovani tokom ovog projekta <strong>fokusiraju se na iskustva djece ro\u0111ene u ratu.<\/strong> Metodologija istra\u017eivanja MRD-a je modificirana u po\u010detnim fazama projekta, dok je na\u010din na koji su pri\u010de predstavljene u izlo\u017ebi \u201eProgovora(j)mo\u201c podsje\u0107ao na stalnu izlo\u017ebu Muzeja.<\/span>[\/vc_column_text][\/vc_column][\/vc_row][vc_row type=&#8221;in_container&#8221; full_screen_row_position=&#8221;middle&#8221; column_margin=&#8221;default&#8221; column_direction=&#8221;default&#8221; column_direction_tablet=&#8221;default&#8221; column_direction_phone=&#8221;default&#8221; scene_position=&#8221;center&#8221; text_color=&#8221;dark&#8221; text_align=&#8221;left&#8221; row_border_radius=&#8221;none&#8221; row_border_radius_applies=&#8221;bg&#8221; overlay_strength=&#8221;0.3&#8243; gradient_direction=&#8221;left_to_right&#8221; shape_divider_position=&#8221;bottom&#8221; bg_image_animation=&#8221;none&#8221;][vc_column column_padding=&#8221;no-extra-padding&#8221; column_padding_tablet=&#8221;inherit&#8221; column_padding_phone=&#8221;inherit&#8221; column_padding_position=&#8221;all&#8221; column_element_spacing=&#8221;default&#8221; background_color_opacity=&#8221;1&#8243; background_hover_color_opacity=&#8221;1&#8243; column_shadow=&#8221;none&#8221; column_border_radius=&#8221;none&#8221; column_link_target=&#8221;_self&#8221; gradient_direction=&#8221;left_to_right&#8221; overlay_strength=&#8221;0.3&#8243; width=&#8221;1\/1&#8243; tablet_width_inherit=&#8221;default&#8221; tablet_text_alignment=&#8221;default&#8221; phone_text_alignment=&#8221;default&#8221; bg_image_animation=&#8221;none&#8221; border_type=&#8221;simple&#8221; column_border_width=&#8221;none&#8221; column_border_style=&#8221;solid&#8221;][team_member image_url=&#8221;5660&#8243; team_memeber_style=&#8221;meta_below&#8221; link_element=&#8221;none&#8221; color=&#8221;Accent-Color&#8221; name=&#8221;Rodni list&#8221; description=&#8221;Ovo je moj rodni list. Ro\u0111ena sam u bolnici Ko\u0161evo u Sarajevu, gdje sam ostavljena kao beba \u010dija se budu\u0107nost u tom trenutku \u010dinila neizvjesnom. Moji roditelji, britanski par, u to vrijeme zajedno su radili u Bosni i Hercegovini. Prona\u0161li su me kada mi je bilo samo devet dana, i uspjeli su me odvesti na sigurno.<\/p>\n<p>Iako sam kao veoma mala napustila Bosnu i Hercegovinu, moji roditelji su \u017eeljeli biti sigurni da imam i bosanski rodni list, kako bih uvijek imala neku poveznicu i odnos sa ovom zemljom. Tu vezu odr\u017eavam i danas, iako sam jo\u0161 uvijek u procesu sticanja bosanskohercegova\u010dkog dr\u017eavljanstva.<\/p>\n<p>Ja sam Lejla, i ne \u017eelim da budem simbol mr\u017enje, ve\u0107 dio procesa pomirenja u Bosni i Hercegovini. Poznajem, volim i po\u0161tujem \u017eenu koja me je rodila nakon okrutnog i surovog iskustva. Ona, kao i mnogi drugi poput nje, jo\u0161 uvijek \u010deka na pravdu.&#8221; job_position=&#8221;Lejla, 1992.&#8221;][\/team_member][\/vc_column][\/vc_row][vc_row type=&#8221;in_container&#8221; full_screen_row_position=&#8221;middle&#8221; column_margin=&#8221;default&#8221; column_direction=&#8221;default&#8221; column_direction_tablet=&#8221;default&#8221; column_direction_phone=&#8221;default&#8221; scene_position=&#8221;center&#8221; text_color=&#8221;dark&#8221; text_align=&#8221;left&#8221; row_border_radius=&#8221;none&#8221; row_border_radius_applies=&#8221;bg&#8221; overlay_strength=&#8221;0.3&#8243; gradient_direction=&#8221;left_to_right&#8221; shape_divider_position=&#8221;bottom&#8221; bg_image_animation=&#8221;none&#8221;][vc_column column_padding=&#8221;no-extra-padding&#8221; column_padding_tablet=&#8221;inherit&#8221; column_padding_phone=&#8221;inherit&#8221; column_padding_position=&#8221;all&#8221; column_element_spacing=&#8221;default&#8221; background_color_opacity=&#8221;1&#8243; background_hover_color_opacity=&#8221;1&#8243; column_shadow=&#8221;none&#8221; column_border_radius=&#8221;none&#8221; column_link_target=&#8221;_self&#8221; gradient_direction=&#8221;left_to_right&#8221; overlay_strength=&#8221;0.3&#8243; width=&#8221;1\/1&#8243; tablet_width_inherit=&#8221;default&#8221; tablet_text_alignment=&#8221;default&#8221; phone_text_alignment=&#8221;default&#8221; bg_image_animation=&#8221;none&#8221; border_type=&#8221;simple&#8221; column_border_width=&#8221;none&#8221; column_border_style=&#8221;solid&#8221;][vc_column_text]\n<h2><strong>Video-svjedo\u010danstva<\/strong><\/h2>\n[\/vc_column_text][\/vc_column][\/vc_row][vc_row type=&#8221;in_container&#8221; full_screen_row_position=&#8221;middle&#8221; column_margin=&#8221;default&#8221; column_direction=&#8221;default&#8221; column_direction_tablet=&#8221;default&#8221; column_direction_phone=&#8221;default&#8221; scene_position=&#8221;center&#8221; text_color=&#8221;dark&#8221; text_align=&#8221;left&#8221; row_border_radius=&#8221;none&#8221; row_border_radius_applies=&#8221;bg&#8221; overlay_strength=&#8221;0.3&#8243; gradient_direction=&#8221;left_to_right&#8221; shape_divider_position=&#8221;bottom&#8221; bg_image_animation=&#8221;none&#8221;][vc_column column_padding=&#8221;no-extra-padding&#8221; column_padding_tablet=&#8221;inherit&#8221; column_padding_phone=&#8221;inherit&#8221; column_padding_position=&#8221;all&#8221; column_element_spacing=&#8221;default&#8221; background_color_opacity=&#8221;1&#8243; background_hover_color_opacity=&#8221;1&#8243; column_shadow=&#8221;none&#8221; column_border_radius=&#8221;none&#8221; column_link_target=&#8221;_self&#8221; gradient_direction=&#8221;left_to_right&#8221; overlay_strength=&#8221;0.3&#8243; width=&#8221;1\/1&#8243; tablet_width_inherit=&#8221;default&#8221; tablet_text_alignment=&#8221;default&#8221; phone_text_alignment=&#8221;default&#8221; bg_image_animation=&#8221;none&#8221; border_type=&#8221;simple&#8221; column_border_width=&#8221;none&#8221; column_border_style=&#8221;solid&#8221;][vc_column_text]<span style=\"font-weight: 400;\">Usmene pri\u010de \u017eena koje su pre\u017eivjele seksualno nasilje povezano sa sukobima i djece ro\u0111ene u ratu snimane su u obliku video-svjedo\u010danstava tokom nekoliko mjeseci, s tim da su odlomci iz nekoliko svjedo\u010danstava predstavljeni na izlo\u017ebi. Audio i slikovno izobli\u010denje dodano je na zahtjev u\u010desnika.\u00a0<\/span><\/p>\n[\/vc_column_text][\/vc_column][\/vc_row][vc_row type=&#8221;in_container&#8221; full_screen_row_position=&#8221;middle&#8221; column_margin=&#8221;default&#8221; column_direction=&#8221;default&#8221; column_direction_tablet=&#8221;default&#8221; column_direction_phone=&#8221;default&#8221; scene_position=&#8221;center&#8221; text_color=&#8221;dark&#8221; text_align=&#8221;left&#8221; row_border_radius=&#8221;none&#8221; row_border_radius_applies=&#8221;bg&#8221; overlay_strength=&#8221;0.3&#8243; gradient_direction=&#8221;left_to_right&#8221; shape_divider_position=&#8221;bottom&#8221; bg_image_animation=&#8221;none&#8221;][vc_column column_padding=&#8221;padding-5-percent&#8221; column_padding_tablet=&#8221;inherit&#8221; column_padding_phone=&#8221;inherit&#8221; column_padding_position=&#8221;all&#8221; column_element_spacing=&#8221;default&#8221; centered_text=&#8221;true&#8221; background_color=&#8221;#000000&#8243; background_color_opacity=&#8221;1&#8243; background_hover_color_opacity=&#8221;1&#8243; column_shadow=&#8221;none&#8221; column_border_radius=&#8221;none&#8221; column_link_target=&#8221;_self&#8221; gradient_direction=&#8221;left_to_right&#8221; overlay_strength=&#8221;0.3&#8243; width=&#8221;1\/1&#8243; tablet_width_inherit=&#8221;default&#8221; tablet_text_alignment=&#8221;default&#8221; phone_text_alignment=&#8221;default&#8221; bg_image_animation=&#8221;none&#8221; border_type=&#8221;simple&#8221; column_border_width=&#8221;none&#8221; column_border_style=&#8221;solid&#8221;][nectar_video_player_self_hosted video_webm=&#8221;https:\/\/warchildhood.org\/wp-content\/uploads\/2021\/11\/Speaking-out-segment-subtitled.mp4&#8243; video_mp4=&#8221;https:\/\/warchildhood.org\/wp-content\/uploads\/2021\/11\/Speaking-out-segment-subtitled.mp4&#8243; video_image=&#8221;2370&#8243; align=&#8221;center&#8221; loop=&#8221;yes&#8221; autoplay=&#8221;yes&#8221; border_radius=&#8221;none&#8221; box_shadow=&#8221;none&#8221;][\/vc_column][\/vc_row][vc_row type=&#8221;in_container&#8221; full_screen_row_position=&#8221;middle&#8221; column_margin=&#8221;default&#8221; column_direction=&#8221;default&#8221; column_direction_tablet=&#8221;default&#8221; column_direction_phone=&#8221;default&#8221; scene_position=&#8221;center&#8221; text_color=&#8221;dark&#8221; text_align=&#8221;left&#8221; row_border_radius=&#8221;none&#8221; row_border_radius_applies=&#8221;bg&#8221; overlay_strength=&#8221;0.3&#8243; gradient_direction=&#8221;left_to_right&#8221; shape_divider_position=&#8221;bottom&#8221; bg_image_animation=&#8221;none&#8221;][vc_column column_padding=&#8221;no-extra-padding&#8221; column_padding_tablet=&#8221;inherit&#8221; column_padding_phone=&#8221;inherit&#8221; column_padding_position=&#8221;all&#8221; column_element_spacing=&#8221;default&#8221; background_color_opacity=&#8221;1&#8243; background_hover_color_opacity=&#8221;1&#8243; column_shadow=&#8221;none&#8221; column_border_radius=&#8221;none&#8221; column_link_target=&#8221;_self&#8221; gradient_direction=&#8221;left_to_right&#8221; overlay_strength=&#8221;0.3&#8243; width=&#8221;1\/1&#8243; tablet_width_inherit=&#8221;default&#8221; tablet_text_alignment=&#8221;default&#8221; phone_text_alignment=&#8221;default&#8221; bg_image_animation=&#8221;none&#8221; border_type=&#8221;simple&#8221; column_border_width=&#8221;none&#8221; column_border_style=&#8221;solid&#8221;][nectar_single_testimonial testimonial_style=&#8221;small_modern&#8221; color=&#8221;Default&#8221; quote=&#8221;Imala sam lo\u0161e no\u0107ne more i nedostajalo mi je zraka. Tra\u017eila sam pomo\u0107 od svog neuropsihijatra, ali nisam otkrila pravi uzrok svojih no\u0107nih mora, jer nisam znala da je to ne\u0161to o \u010demu se uop\u0107e smije pri\u010dati.&#8221; name=&#8221;M, \u017drtva seksualnog nasilja povezanog sa sukobima&#8221;][\/vc_column][\/vc_row]\n","protected":false},"excerpt":{"rendered":"<p>[vc_row type=&#8221;in_container&#8221; full_screen_row_position=&#8221;middle&#8221; column_margin=&#8221;default&#8221; column_direction=&#8221;default&#8221; column_direction_tablet=&#8221;default&#8221; column_direction_phone=&#8221;default&#8221; scene_position=&#8221;center&#8221; top_padding=&#8221;10&#8243; bottom_padding=&#8221;10&#8243; text_color=&#8221;dark&#8221; text_align=&#8221;left&#8221; row_border_radius=&#8221;none&#8221; row_border_radius_applies=&#8221;bg&#8221; overlay_strength=&#8221;0.3&#8243; gradient_direction=&#8221;left_to_right&#8221; shape_divider_position=&#8221;bottom&#8221; bg_image_animation=&#8221;none&#8221; shape_type=&#8221;&#8221;][vc_column column_padding=&#8221;no-extra-padding&#8221; column_padding_tablet=&#8221;inherit&#8221; column_padding_phone=&#8221;inherit&#8221; column_padding_position=&#8221;all&#8221; top_margin=&#8221;5&#8243; bottom_margin=&#8221;5&#8243; column_element_spacing=&#8221;default&#8221; background_color_opacity=&#8221;1&#8243; background_hover_color_opacity=&#8221;1&#8243; column_shadow=&#8221;none&#8221; column_border_radius=&#8221;none&#8221;&#8230;<\/p>\n","protected":false},"author":5,"featured_media":0,"parent":0,"menu_order":0,"comment_status":"closed","ping_status":"closed","template":"","meta":{"give_campaign_id":0,"_seopress_robots_primary_cat":"","_seopress_titles_title":"","_seopress_titles_desc":"","_seopress_robots_index":"","footnotes":""},"class_list":["post-5653","page","type-page","status-publish"],"campaignId":"","_links":{"self":[{"href":"https:\/\/warchildhood.org\/ba\/wp-json\/wp\/v2\/pages\/5653","targetHints":{"allow":["GET"]}}],"collection":[{"href":"https:\/\/warchildhood.org\/ba\/wp-json\/wp\/v2\/pages"}],"about":[{"href":"https:\/\/warchildhood.org\/ba\/wp-json\/wp\/v2\/types\/page"}],"author":[{"embeddable":true,"href":"https:\/\/warchildhood.org\/ba\/wp-json\/wp\/v2\/users\/5"}],"replies":[{"embeddable":true,"href":"https:\/\/warchildhood.org\/ba\/wp-json\/wp\/v2\/comments?post=5653"}],"version-history":[{"count":13,"href":"https:\/\/warchildhood.org\/ba\/wp-json\/wp\/v2\/pages\/5653\/revisions"}],"predecessor-version":[{"id":5718,"href":"https:\/\/warchildhood.org\/ba\/wp-json\/wp\/v2\/pages\/5653\/revisions\/5718"}],"wp:attachment":[{"href":"https:\/\/warchildhood.org\/ba\/wp-json\/wp\/v2\/media?parent=5653"}],"curies":[{"name":"wp","href":"https:\/\/api.w.org\/{rel}","templated":true}]}}